{"id":783373,"date":"2026-02-26T02:52:53","date_gmt":"2026-02-25T23:52:53","guid":{"rendered":"https:\/\/roveyayinevi.com.tr\/index.php\/urun\/ataturkun-masonlarla-mucadelesi\/"},"modified":"2026-02-27T02:43:27","modified_gmt":"2026-02-26T23:43:27","slug":"ataturkun-masonlarla-mucadelesi","status":"publish","type":"product","link":"https:\/\/roveyayinevi.com.tr\/index.php\/urun\/ataturkun-masonlarla-mucadelesi\/","title":{"rendered":"Atat\u00fcrk&#8217;\u00fcn Masonlarla M\u00fccadelesi"},"content":{"rendered":"<p>Atat\u00fcrk Mason muydu? Gazi Mustafa Kemal Pa\u015fa kime; \u201cSen benim \u015ferefimle oynuyorsun. Hangi Yahudi \u015firketini tetkik edersek kulaklar\u0131n \u015firketin arkas\u0131nda g\u00f6z\u00fck\u00fcyor. Sen Cumhuriyet Gazetesi\u2019ni \u00e7\u0131karacak bir \u015fahsiyet de\u011filsin. Yar\u0131ndan sonra gazeteyi \u00e7\u0131karmayacaks\u0131n. Aksi taktirde seni toprakalt\u0131 ederim.\u201d diyerek \u00e7\u0131k\u0131\u015ft\u0131? Atat\u00fcrk; T\u00fcrkiye\u2019deki Mason derneklerini, \u201cK\u00f6k\u00fc d\u0131\u015far\u0131da Yahudi u\u015faklar\u0131\u201d diyerek kapat\u0131nca D\u00fcnya Masonlar\u0131 Moskova\u2019da ger\u00e7ekle\u015ftirdikleri bir toplant\u0131da, hangi karar\u0131 ald\u0131lar? Mason localar\u0131 1948 y\u0131l\u0131nda kimin emri ve deste\u011fiyle tekrar faaliyete ge\u00e7ti? Ayn\u0131 gece r\u00fcyalar\u0131nda Hz. Muhammed\u2019i g\u00f6ren iki muzaffer kumandan kim? Atat\u00fcrk, \u0130zmir Amerikan Kolejini neden kapatt\u0131rd\u0131? Daha nice ilgin\u00e7 ve \u00f6nemli sorunun cevab\u0131 Hakan Y\u0131lmaz \u00c7ebi\u2019nin bu eserinde\u2026<\/p>\n","protected":false},"excerpt":{"rendered":"<p>Atat\u00fcrk Mason muydu? Gazi Mustafa Kemal Pa\u015fa kime; \u201cSen benim \u015ferefimle oynuyorsun. Hangi Yahudi \u015firketini tetkik edersek kulaklar\u0131n \u015firketin arkas\u0131nda g\u00f6z\u00fck\u00fcyor. Sen Cumhuriyet Gazetesi\u2019ni \u00e7\u0131karacak bir<span class=\"excerpt-hellip\"> [\u2026]<\/span><\/p>\n","protected":false},"featured_media":0,"template":"","meta":{"_monsterinsights_skip_tracking":false,"_monsterinsights_sitenote_active":false,"_monsterinsights_sitenote_note":"","_monsterinsights_sitenote_category":0},"product_brand":[],"product_cat":[12530,12304],"product_tag":[],"class_list":{"0":"post-783373","1":"product","2":"type-product","3":"status-publish","5":"product_cat-mustafa-kemal-ataturk","6":"product_cat-tarih","7":"pa_cilt-ciltsiz","8":"pa_tur-kitap","9":"pa_yayinevi-cinaralti-yayinlari","10":"pa_yazar-hakan-yilmaz-cebi","12":"first","13":"instock","14":"sale","15":"shipping-taxable","16":"purchasable","17":"product-type-simple"},"_links":{"self":[{"href":"https:\/\/roveyayinevi.com.tr\/index.php\/wp-json\/wp\/v2\/product\/783373","targetHints":{"allow":["GET"]}}],"collection":[{"href":"https:\/\/roveyayinevi.com.tr\/index.php\/wp-json\/wp\/v2\/product"}],"about":[{"href":"https:\/\/roveyayinevi.com.tr\/index.php\/wp-json\/wp\/v2\/types\/product"}],"wp:attachment":[{"href":"https:\/\/roveyayinevi.com.tr\/index.php\/wp-json\/wp\/v2\/media?parent=783373"}],"wp:term":[{"taxonomy":"product_brand","embeddable":true,"href":"https:\/\/roveyayinevi.com.tr\/index.php\/wp-json\/wp\/v2\/product_brand?post=783373"},{"taxonomy":"product_cat","embeddable":true,"href":"https:\/\/roveyayinevi.com.tr\/index.php\/wp-json\/wp\/v2\/product_cat?post=783373"},{"taxonomy":"product_tag","embeddable":true,"href":"https:\/\/roveyayinevi.com.tr\/index.php\/wp-json\/wp\/v2\/product_tag?post=783373"}],"curies":[{"name":"wp","href":"https:\/\/api.w.org\/{rel}","templated":true}]}}