{"id":783367,"date":"2026-02-26T02:38:32","date_gmt":"2026-02-25T23:38:32","guid":{"rendered":"https:\/\/roveyayinevi.com.tr\/index.php\/urun\/eskisehir-izmit-konusmalari-1923\/"},"modified":"2026-02-27T02:32:10","modified_gmt":"2026-02-26T23:32:10","slug":"eskisehir-izmit-konusmalari-1923","status":"publish","type":"product","link":"https:\/\/roveyayinevi.com.tr\/index.php\/urun\/eskisehir-izmit-konusmalari-1923\/","title":{"rendered":"Eski\u015fehir &#8211; \u0130zmit Konu\u015fmalar\u0131 1923"},"content":{"rendered":"<p>\u201cEfendiler, yaln\u0131z \u015fahs\u0131m\u0131 d\u00fc\u015f\u00fcnseydim sulh olur olmaz, \u2018Ben tarihi ve milli vazifemi yerine getirdim\u2019 der ve gider, ho\u015fuma giden bir yerde otururdum. Bu tarzda hareket \u015f\u00fcphesiz kendi nam ve hesab\u0131ma en iyi bir hareket olurdu. M\u00fccadeleye devam eden bir insan\u0131n y\u0131pranmas\u0131 muhakkakt\u0131r. Yeniden ve daha esasl\u0131 i\u015fe ba\u015flamak mecburiyetindeyiz ve b\u00fct\u00fcn elde etmeyi arzu etti\u011fimiz neticeleri yeniden i\u015fleyerek teyit etmek gereklidir. Bunun m\u00fccadeleden ka\u00e7\u0131narak sa\u011flanmas\u0131n\u0131n m\u00fcmk\u00fcn olaca\u011f\u0131n\u0131 zannetmiyorum.\u201dGazi Mustafa Kemal Pa\u015fa, 14 Ocak 1923\u2019te bir ay s\u00fcrecek Bat\u0131 Anadolu gezisine \u00e7\u0131kt\u0131. \u0130lk dura\u011f\u0131, Eski\u015fehir oldu. Son dura\u011f\u0131 ise 17 \u015eubat 1923\u2019teki \u0130zmir \u0130ktisat Kongresi\u2026Yurt gezisine \u00e7\u0131kt\u0131\u011f\u0131nda Lozan\u2019da g\u00f6r\u00fc\u015fmeler s\u00fcr\u00fcyordu. Yani sulh hen\u00fcz resmi olarak tesis edilmemi\u015fti. Ankara daha ba\u015fkent olmam\u0131\u015f; yeni devletin idare merkezi, dini, izlenecek yol, i\u00e7 ve d\u0131\u015f kamuoyunda tart\u0131\u015fmalar\u0131n \u00f6n s\u0131ralar\u0131n\u0131 me\u015fgul ediyordu. Mustafa Kemal\u2019in anlatacaklar\u0131 bu nedenle \u00e7ok \u00f6nemliydi. \u00c7\u00fcnk\u00fc konu\u015fmalarda, T\u00fcrkiye\u2019nin o g\u00fcnleri ve gelece\u011finin ipu\u00e7lar\u0131 yer al\u0131yordu.<\/p>\n","protected":false},"excerpt":{"rendered":"<p>\u201cEfendiler, yaln\u0131z \u015fahs\u0131m\u0131 d\u00fc\u015f\u00fcnseydim sulh olur olmaz, \u2018Ben tarihi ve milli vazifemi yerine getirdim\u2019 der ve gider, ho\u015fuma giden bir yerde otururdum. Bu tarzda hareket \u015f\u00fcphesiz<span class=\"excerpt-hellip\"> [\u2026]<\/span><\/p>\n","protected":false},"featured_media":0,"template":"","meta":{"_monsterinsights_skip_tracking":false,"_monsterinsights_sitenote_active":false,"_monsterinsights_sitenote_note":"","_monsterinsights_sitenote_category":0},"product_brand":[],"product_cat":[12530,12304],"product_tag":[],"class_list":{"0":"post-783367","1":"product","2":"type-product","3":"status-publish","5":"product_cat-mustafa-kemal-ataturk","6":"product_cat-tarih","7":"pa_cilt-ciltsiz","8":"pa_tur-kitap","9":"pa_yayinevi-kopernik-kitap","10":"pa_yazar-mustafa-kemal-ataturk","12":"first","13":"instock","14":"sale","15":"shipping-taxable","16":"purchasable","17":"product-type-simple"},"_links":{"self":[{"href":"https:\/\/roveyayinevi.com.tr\/index.php\/wp-json\/wp\/v2\/product\/783367","targetHints":{"allow":["GET"]}}],"collection":[{"href":"https:\/\/roveyayinevi.com.tr\/index.php\/wp-json\/wp\/v2\/product"}],"about":[{"href":"https:\/\/roveyayinevi.com.tr\/index.php\/wp-json\/wp\/v2\/types\/product"}],"wp:attachment":[{"href":"https:\/\/roveyayinevi.com.tr\/index.php\/wp-json\/wp\/v2\/media?parent=783367"}],"wp:term":[{"taxonomy":"product_brand","embeddable":true,"href":"https:\/\/roveyayinevi.com.tr\/index.php\/wp-json\/wp\/v2\/product_brand?post=783367"},{"taxonomy":"product_cat","embeddable":true,"href":"https:\/\/roveyayinevi.com.tr\/index.php\/wp-json\/wp\/v2\/product_cat?post=783367"},{"taxonomy":"product_tag","embeddable":true,"href":"https:\/\/roveyayinevi.com.tr\/index.php\/wp-json\/wp\/v2\/product_tag?post=783367"}],"curies":[{"name":"wp","href":"https:\/\/api.w.org\/{rel}","templated":true}]}}