{"id":783357,"date":"2026-02-26T02:33:10","date_gmt":"2026-02-25T23:33:10","guid":{"rendered":"https:\/\/roveyayinevi.com.tr\/index.php\/urun\/gencler-icin-nutuk-8\/"},"modified":"2026-02-27T02:25:23","modified_gmt":"2026-02-26T23:25:23","slug":"gencler-icin-nutuk-8","status":"publish","type":"product","link":"https:\/\/roveyayinevi.com.tr\/index.php\/urun\/gencler-icin-nutuk-8\/","title":{"rendered":"Gen\u00e7ler \u0130\u00e7in Nutuk"},"content":{"rendered":"<p>&#8220;Muhterem efendiler, uzun ve ayr\u0131nt\u0131l\u0131 Nutuk&#8217;um, mazi olmu\u015f bir devrin hik\u00e2yesidir. Burada, milletim ve gelecek evlatlar\u0131m\u0131z i\u00e7in dikkat ve uyan\u0131kl\u0131\u011f\u0131 sa\u011flayacak a\u00e7\u0131klamalarda bulunduysam kendimi mutlu sayaca\u011f\u0131m. Bu Nutuk&#8217;umda, milli varl\u0131\u011f\u0131 sona ermi\u015f varsay\u0131lan b\u00fcy\u00fck bir milletin, ba\u011f\u0131ms\u0131zl\u0131\u011f\u0131n\u0131 nas\u0131l kazand\u0131\u011f\u0131n\u0131, ilim ve fennin en son esaslar\u0131na dayal\u0131 milli ve \u00e7a\u011fda\u015f bir devleti nas\u0131l kurdu\u011funu ifade etmeye \u00e7al\u0131\u015ft\u0131m. Bug\u00fcn ula\u015ft\u0131\u011f\u0131m\u0131z sonu\u00e7, as\u0131rlardan beri \u00e7ekilen milli s\u0131k\u0131nt\u0131lardan do\u011fan uyan\u0131\u015f\u0131n ve bu aziz vatan\u0131n her k\u00f6\u015fesini sulayan kanlar\u0131n bedelidir. Bu sonucu, T\u00fcrk gen\u00e7li\u011fine emanet ediyorum.&#8221; &#8211; Gazi Mustafa Kemal ATAT\u00dcRK Nutuk, Cumhuriyet Halk F\u0131rkas\u0131&#8217;n\u0131n \u0130kinci B\u00fcy\u00fck Kongresi&#8217;nde, 15-20 Ekim 1927 tarihleri aras\u0131nda Atat\u00fcrk taraf\u0131ndan s\u00f6ylenmi\u015ftir. Gen\u00e7ler i\u00e7in \u00f6zel olarak haz\u0131rland\u0131.  \u00d6zel foto\u011fraf ve \u00e7izimlerle zenginle\u015ftirilen Gen\u00e7ler \u0130\u00e7in Nutuk okunmas\u0131 keyifli ve anla\u015f\u0131lmas\u0131 daha kolay bir Nutuk sunuyor.<\/p>\n","protected":false},"excerpt":{"rendered":"<p>&#8220;Muhterem efendiler, uzun ve ayr\u0131nt\u0131l\u0131 Nutuk&#8217;um, mazi olmu\u015f bir devrin hik\u00e2yesidir. Burada, milletim ve gelecek evlatlar\u0131m\u0131z i\u00e7in dikkat ve uyan\u0131kl\u0131\u011f\u0131 sa\u011flayacak a\u00e7\u0131klamalarda bulunduysam kendimi mutlu sayaca\u011f\u0131m.<span class=\"excerpt-hellip\"> [\u2026]<\/span><\/p>\n","protected":false},"featured_media":0,"template":"","meta":{"_monsterinsights_skip_tracking":false,"_monsterinsights_sitenote_active":false,"_monsterinsights_sitenote_note":"","_monsterinsights_sitenote_category":0},"product_brand":[],"product_cat":[12530,12304],"product_tag":[],"class_list":{"0":"post-783357","1":"product","2":"type-product","3":"status-publish","5":"product_cat-mustafa-kemal-ataturk","6":"product_cat-tarih","7":"pa_cilt-ciltli","8":"pa_tur-kitap","9":"pa_yayinevi-librum-kitap","10":"pa_yazar-mustafa-kemal-ataturk","12":"first","13":"instock","14":"sale","15":"shipping-taxable","16":"purchasable","17":"product-type-simple"},"_links":{"self":[{"href":"https:\/\/roveyayinevi.com.tr\/index.php\/wp-json\/wp\/v2\/product\/783357","targetHints":{"allow":["GET"]}}],"collection":[{"href":"https:\/\/roveyayinevi.com.tr\/index.php\/wp-json\/wp\/v2\/product"}],"about":[{"href":"https:\/\/roveyayinevi.com.tr\/index.php\/wp-json\/wp\/v2\/types\/product"}],"wp:attachment":[{"href":"https:\/\/roveyayinevi.com.tr\/index.php\/wp-json\/wp\/v2\/media?parent=783357"}],"wp:term":[{"taxonomy":"product_brand","embeddable":true,"href":"https:\/\/roveyayinevi.com.tr\/index.php\/wp-json\/wp\/v2\/product_brand?post=783357"},{"taxonomy":"product_cat","embeddable":true,"href":"https:\/\/roveyayinevi.com.tr\/index.php\/wp-json\/wp\/v2\/product_cat?post=783357"},{"taxonomy":"product_tag","embeddable":true,"href":"https:\/\/roveyayinevi.com.tr\/index.php\/wp-json\/wp\/v2\/product_tag?post=783357"}],"curies":[{"name":"wp","href":"https:\/\/api.w.org\/{rel}","templated":true}]}}