{"id":783356,"date":"2026-02-26T02:31:53","date_gmt":"2026-02-25T23:31:53","guid":{"rendered":"https:\/\/roveyayinevi.com.tr\/index.php\/urun\/karlsbadda-gecen-gunlerim\/"},"modified":"2026-02-27T02:25:17","modified_gmt":"2026-02-26T23:25:17","slug":"karlsbadda-gecen-gunlerim","status":"publish","type":"product","link":"https:\/\/roveyayinevi.com.tr\/index.php\/urun\/karlsbadda-gecen-gunlerim\/","title":{"rendered":"Karlsbad&#8217;da Ge\u00e7en G\u00fcnlerim"},"content":{"rendered":"<p>\u201c2 Temmuz Sal\u0131 \u2013 (&#8230;) Almanlar\u0131n bize memleketimizi \u0130ngiliz istilas\u0131ndan kurtarmada, yard\u0131mlar\u0131n\u0131n derecesini mant\u0131ken meydana \u00e7\u0131karabiliriz. Benim bu hususta daima olumsuz sonuca varan kanaatlerim, Veliaht Hazretleri ile vuku bulan seyahatimiz m\u00fcnasebetiyle gerek \u0130mparator ve gerek Hindenburg ve Ludendorf\u2019la olan g\u00f6r\u00fc\u015fmelerle peki\u015fmi\u015ftir. Bir devlet adam\u0131, kendi insani hislerine tabi olarak devlet meselelerini halledemez, o salahiyete sahip de\u011fildir. Memleket, kimsenin malik\u00e2nesi de\u011fildir. Yaln\u0131z, biz T\u00fcrkler memleket ve milletin idaresini elimize ald\u0131\u011f\u0131m\u0131z zaman, kendi \u015fahsi davran\u0131\u015flar\u0131m\u0131zdaki c\u00f6mertli\u011fi, devlet meselelerinin ecnebilerle hallinde d\u00fcstur ediniyor, bir \u00e7ocuk gibi aldan\u0131yoruz.\u201d 1931 y\u0131l\u0131ndaki tarih \u00e7al\u0131\u015fmalar\u0131 esnas\u0131ndan \u00c7ankaya\u2019daki eski k\u00f6\u015fk\u00fcn k\u00fct\u00fcphanesinde bulunan bu hat\u0131rat, bizzat Mustafa Kemal Atat\u00fcrk taraf\u0131ndan alt\u0131 deftere kaydedilmi\u015f g\u00fcnl\u00fcklerden olu\u015fmaktad\u0131r. Atat\u00fcrk\u2019\u00fcn Karlsbad\u2019da Ge\u00e7en G\u00fcnlerim \u015feklinde isimlendirdi\u011fi her h\u00e2liyle ilgi \u00e7ekici bu metinler, Mustafa Kemal\u2019in Karlsbad\u2019da ge\u00e7en g\u00fcnlerini, o g\u00fcnlerde baz\u0131 toplumsal meselelere bak\u0131\u015f\u0131n\u0131, okudu\u011fu baz\u0131 kitaplar\u0131 ve daha bir\u00e7ok hususta \u00f6nemli, dikkat \u00e7ekici ayr\u0131nt\u0131lar\u0131 i\u00e7eriyor. Mustafa Kemal Atat\u00fcrk\u2019\u00fcn kaleminden \u00e7\u0131kan bu nadide eseri yaz\u0131l\u0131\u015f\u0131ndan 100, ilk bas\u0131m\u0131ndan 35 sene sonra yeniden yay\u0131mlaman\u0131n gururunu ya\u015f\u0131yoruz. <\/p>\n","protected":false},"excerpt":{"rendered":"<p>\u201c2 Temmuz Sal\u0131 \u2013 (&#8230;) Almanlar\u0131n bize memleketimizi \u0130ngiliz istilas\u0131ndan kurtarmada, yard\u0131mlar\u0131n\u0131n derecesini mant\u0131ken meydana \u00e7\u0131karabiliriz. Benim bu hususta daima olumsuz sonuca varan kanaatlerim, Veliaht Hazretleri<span class=\"excerpt-hellip\"> [\u2026]<\/span><\/p>\n","protected":false},"featured_media":0,"template":"","meta":{"_monsterinsights_skip_tracking":false,"_monsterinsights_sitenote_active":false,"_monsterinsights_sitenote_note":"","_monsterinsights_sitenote_category":0},"product_brand":[],"product_cat":[12530,12304],"product_tag":[],"class_list":{"0":"post-783356","1":"product","2":"type-product","3":"status-publish","5":"product_cat-mustafa-kemal-ataturk","6":"product_cat-tarih","7":"pa_cilt-ciltsiz","8":"pa_tur-kitap","9":"pa_yayinevi-kopernik-kitap","10":"pa_yazar-mustafa-kemal-ataturk","12":"first","13":"instock","14":"sale","15":"shipping-taxable","16":"purchasable","17":"product-type-simple"},"_links":{"self":[{"href":"https:\/\/roveyayinevi.com.tr\/index.php\/wp-json\/wp\/v2\/product\/783356","targetHints":{"allow":["GET"]}}],"collection":[{"href":"https:\/\/roveyayinevi.com.tr\/index.php\/wp-json\/wp\/v2\/product"}],"about":[{"href":"https:\/\/roveyayinevi.com.tr\/index.php\/wp-json\/wp\/v2\/types\/product"}],"wp:attachment":[{"href":"https:\/\/roveyayinevi.com.tr\/index.php\/wp-json\/wp\/v2\/media?parent=783356"}],"wp:term":[{"taxonomy":"product_brand","embeddable":true,"href":"https:\/\/roveyayinevi.com.tr\/index.php\/wp-json\/wp\/v2\/product_brand?post=783356"},{"taxonomy":"product_cat","embeddable":true,"href":"https:\/\/roveyayinevi.com.tr\/index.php\/wp-json\/wp\/v2\/product_cat?post=783356"},{"taxonomy":"product_tag","embeddable":true,"href":"https:\/\/roveyayinevi.com.tr\/index.php\/wp-json\/wp\/v2\/product_tag?post=783356"}],"curies":[{"name":"wp","href":"https:\/\/api.w.org\/{rel}","templated":true}]}}