{"id":783355,"date":"2026-02-26T02:31:50","date_gmt":"2026-02-25T23:31:50","guid":{"rendered":"https:\/\/roveyayinevi.com.tr\/index.php\/urun\/ya-ataturk-olmasaydi\/"},"modified":"2026-02-27T02:25:17","modified_gmt":"2026-02-26T23:25:17","slug":"ya-ataturk-olmasaydi","status":"publish","type":"product","link":"https:\/\/roveyayinevi.com.tr\/index.php\/urun\/ya-ataturk-olmasaydi\/","title":{"rendered":"Ya Atat\u00fcrk Olmasayd\u0131"},"content":{"rendered":"<p>\u201cG\u00fcn gelecek, devran d\u00f6necek, ya\u015fanan ac\u0131lar Gazi Mustafa Kemal Atat\u00fcrk\u2019\u00fcn ilkeleriyle onun e\u015fsiz eseri Cumhuriyet\u2019e sahip \u00e7\u0131kmayanlar\u0131 \u00e7ok pi\u015fman edecek!Okudu\u011funuz kitap, \u00fclkeyi y\u00f6netenlerin Atat\u00fcrk ve Cumhuriyet\u2019e ni\u00e7in b\u00fcy\u00fck sayg\u0131 duymalar\u0131 gerekti\u011fini anlatan yaz\u0131lar\u0131 i\u00e7eriyor.Atat\u00fcrk\u2019\u00fcn \u00e7ok yak\u0131n\u0131nda bulunmu\u015f, onu en iyi g\u00f6zlemlemi\u015f ki\u015filerden biri olan gazeteci-yazar Falih R\u0131fk\u0131 Atay\u2019\u0131n muhte\u015fem bir \u00fcslupla kaleme ald\u0131\u011f\u0131 \u201c\u00c7ankaya\u201d da dedi\u011fi gibi:\u201cNemiz varsa, ba\u011f\u0131ms\u0131z bir devlet kurmu\u015fsak, h\u00fcr vatanda\u015f olmu\u015fsak, \u015ferefli insanlar gibi dola\u015f\u0131yorsak, yurdumuzu Bat\u0131\u2019n\u0131n, vicdan\u0131m\u0131z\u0131 ve kafam\u0131z\u0131 Do\u011fu\u2019nun pen\u00e7esinden kurtarm\u0131\u015fsak, \u015fu denizlere bizim diye bak\u0131yor, bu topraklarda ana ba\u011fr\u0131n\u0131n s\u0131ca\u011f\u0131n\u0131 duyuyorsak, belki nefes al\u0131yorsak, hepsini, her \u015feyi 30 A\u011fustos Zaferi\u2019ne bor\u00e7luyuz\u2026\u201dDaha ne desin?Her \u015feyimizi bor\u00e7lu oldu\u011fumuz Atat\u00fcrk\u2019\u00fc iyi anlamak ve anlatmak, her T\u00fcrk ayd\u0131n\u0131n\u0131n g\u00f6revi oldu\u011fu gibi, ayn\u0131 zamanda namus borcudur.Bu kitapla ki\u015fisel borcumun k\u00fc\u00e7\u00fck bir taksitini \u00f6deyebilirsem ne mutlu bana!..<\/p>\n","protected":false},"excerpt":{"rendered":"<p>\u201cG\u00fcn gelecek, devran d\u00f6necek, ya\u015fanan ac\u0131lar Gazi Mustafa Kemal Atat\u00fcrk\u2019\u00fcn ilkeleriyle onun e\u015fsiz eseri Cumhuriyet\u2019e sahip \u00e7\u0131kmayanlar\u0131 \u00e7ok pi\u015fman edecek!Okudu\u011funuz kitap, \u00fclkeyi y\u00f6netenlerin Atat\u00fcrk ve Cumhuriyet\u2019e<span class=\"excerpt-hellip\"> [\u2026]<\/span><\/p>\n","protected":false},"featured_media":0,"template":"","meta":{"_monsterinsights_skip_tracking":false,"_monsterinsights_sitenote_active":false,"_monsterinsights_sitenote_note":"","_monsterinsights_sitenote_category":0},"product_brand":[],"product_cat":[12530,12304],"product_tag":[],"class_list":{"0":"post-783355","1":"product","2":"type-product","3":"status-publish","5":"product_cat-mustafa-kemal-ataturk","6":"product_cat-tarih","7":"pa_cilt-ciltsiz","8":"pa_tur-kitap","9":"pa_yayinevi-halk-kitabevi","10":"pa_yazar-ugur-dundar","12":"first","13":"instock","14":"sale","15":"shipping-taxable","16":"purchasable","17":"product-type-simple"},"_links":{"self":[{"href":"https:\/\/roveyayinevi.com.tr\/index.php\/wp-json\/wp\/v2\/product\/783355","targetHints":{"allow":["GET"]}}],"collection":[{"href":"https:\/\/roveyayinevi.com.tr\/index.php\/wp-json\/wp\/v2\/product"}],"about":[{"href":"https:\/\/roveyayinevi.com.tr\/index.php\/wp-json\/wp\/v2\/types\/product"}],"wp:attachment":[{"href":"https:\/\/roveyayinevi.com.tr\/index.php\/wp-json\/wp\/v2\/media?parent=783355"}],"wp:term":[{"taxonomy":"product_brand","embeddable":true,"href":"https:\/\/roveyayinevi.com.tr\/index.php\/wp-json\/wp\/v2\/product_brand?post=783355"},{"taxonomy":"product_cat","embeddable":true,"href":"https:\/\/roveyayinevi.com.tr\/index.php\/wp-json\/wp\/v2\/product_cat?post=783355"},{"taxonomy":"product_tag","embeddable":true,"href":"https:\/\/roveyayinevi.com.tr\/index.php\/wp-json\/wp\/v2\/product_tag?post=783355"}],"curies":[{"name":"wp","href":"https:\/\/api.w.org\/{rel}","templated":true}]}}