{"id":783353,"date":"2026-02-26T02:31:11","date_gmt":"2026-02-25T23:31:11","guid":{"rendered":"https:\/\/roveyayinevi.com.tr\/index.php\/urun\/hatira-notlari-1916\/"},"modified":"2026-02-27T02:24:41","modified_gmt":"2026-02-26T23:24:41","slug":"hatira-notlari-1916","status":"publish","type":"product","link":"https:\/\/roveyayinevi.com.tr\/index.php\/urun\/hatira-notlari-1916\/","title":{"rendered":"Hat\u0131ra Notlar\u0131 1916"},"content":{"rendered":"<p>\u201c18 Kas\u0131m 1916 &#8211; \u00d6\u011fleden \u00f6nce saat 10.00\u2019da e\u015f-\u015eeyhu\u2019t-Tani el-H\u00e2lid\u00ee Muhammed en-Nak\u015fibend\u00ee-i K\u00fcfrev\u00ee\u201dnin K\u0131z\u0131lmescit\u2019teki t\u00fcrbesini ziyaret ettim. K\u00fc\u00e7\u00fck bir t\u00fcrbe. \u015eeyhin kabri ve yan\u0131nda karde\u015finin o\u011flu oldu\u011funu t\u00fcrbedar\u0131n ifade etti\u011fi bir zat\u0131n kabri vard\u0131r. \u015eeyhin kabrinin \u00f6rt\u00fcs\u00fc s\u0131rma i\u015flemeli, elmas, yakut gibi ta\u015flarla s\u00fcsl\u00fc (Bu ta\u015flar\u0131n elmas, yakut, zeberced \/ z\u00fcmr\u00fct oldu\u011funu t\u00fcrbedar s\u00f6ylemi\u015fse de ger\u00e7ek olmasa gerek). Di\u011fer kabir de s\u0131rma i\u015flemeli \u00f6rt\u00fcl\u00fc. Bu t\u00fcrbeye Ruslar ili\u015fmemi\u015f. T\u00fcrbelerin kap\u0131lar\u0131 g\u00fcm\u00fc\u015f ve alt\u0131n kakma. K\u0131ymetli hal\u0131lar var fakat \u00e7o\u011fu \u00e7\u00fcr\u00fcm\u00fc\u015f. Bu t\u00fcrbeyi Sultan Hamid yapt\u0131rm\u0131\u015f. Daha sonra Bitlis\u2019in daha bir iki harap t\u00fcrbe gibi yerlerini g\u00f6rd\u00fckten sonra konutuma d\u00f6n\u00fc\u015f.\u201d Mustafa Kemal Atat\u00fcrk\u2019\u00fcn Do\u011fu Cephesinde (Diyarbak\u0131r, Siirt) g\u00f6revli iken bizzat kendi el yaz\u0131s\u0131yla kaydetti\u011fi Hat\u0131ra Notlar\u0131 hem tarih bilimi a\u00e7\u0131s\u0131ndan hem de T\u00fcrk milleti a\u00e7\u0131s\u0131ndan son derece de\u011ferlidir. Bu \u00e7al\u0131\u015fma, Atat\u00fcrk\u2019\u00fcn daha sonra geni\u015fletmek \u00fczere ald\u0131\u011f\u0131 notlardan olu\u015fmaktad\u0131r. G\u00fcnl\u00fck tarz\u0131nda olmas\u0131na ra\u011fmen g\u00fcnl\u00fck \u00fcslubuyla kaleme al\u0131nmam\u0131\u015ft\u0131r. 7 Kas\u0131m 1916\u2019da ba\u015flayan notlar 25 Aral\u0131k 1916 tarihli yar\u0131m bir b\u00f6l\u00fcmle bitmektedir. Dolay\u0131s\u0131yla yakla\u015f\u0131k iki ayl\u0131k bir s\u00fcreyi kapsamaktad\u0131r. Bu notlarda Atat\u00fcrk\u2019\u00fcn Do\u011fu\u2019da g\u00f6rd\u00fc\u011f\u00fc insan ve co\u011frafya manzaralar\u0131, okudu\u011fu kitaplar, haberle\u015fti\u011fi yak\u0131nlar\u0131 ve dostlar\u0131n\u0131n adlar\u0131 g\u00f6ze \u00e7arpmaktad\u0131r. Hacim olarak k\u00fc\u00e7\u00fck ancak muhteva olarak \u00e7ok \u00f6nemli olan, bug\u00fcne kadar dar bir \u00e7evre d\u0131\u015f\u0131nda de\u011ferlendirilememi\u015f bu hat\u0131ralar\u0131n okuyucuyla bulu\u015fmas\u0131n\u0131n sevincini ya\u015f\u0131yoruz.<\/p>\n","protected":false},"excerpt":{"rendered":"<p>\u201c18 Kas\u0131m 1916 &#8211; \u00d6\u011fleden \u00f6nce saat 10.00\u2019da e\u015f-\u015eeyhu\u2019t-Tani el-H\u00e2lid\u00ee Muhammed en-Nak\u015fibend\u00ee-i K\u00fcfrev\u00ee\u201dnin K\u0131z\u0131lmescit\u2019teki t\u00fcrbesini ziyaret ettim. K\u00fc\u00e7\u00fck bir t\u00fcrbe. \u015eeyhin kabri ve yan\u0131nda karde\u015finin o\u011flu<span class=\"excerpt-hellip\"> [\u2026]<\/span><\/p>\n","protected":false},"featured_media":0,"template":"","meta":{"_monsterinsights_skip_tracking":false,"_monsterinsights_sitenote_active":false,"_monsterinsights_sitenote_note":"","_monsterinsights_sitenote_category":0},"product_brand":[],"product_cat":[12530,12304],"product_tag":[],"class_list":{"0":"post-783353","1":"product","2":"type-product","3":"status-publish","5":"product_cat-mustafa-kemal-ataturk","6":"product_cat-tarih","7":"pa_cilt-ciltsiz","8":"pa_tur-kitap","9":"pa_yayinevi-kopernik-kitap","10":"pa_yazar-mustafa-kemal-ataturk","12":"first","13":"instock","14":"sale","15":"shipping-taxable","16":"purchasable","17":"product-type-simple"},"_links":{"self":[{"href":"https:\/\/roveyayinevi.com.tr\/index.php\/wp-json\/wp\/v2\/product\/783353","targetHints":{"allow":["GET"]}}],"collection":[{"href":"https:\/\/roveyayinevi.com.tr\/index.php\/wp-json\/wp\/v2\/product"}],"about":[{"href":"https:\/\/roveyayinevi.com.tr\/index.php\/wp-json\/wp\/v2\/types\/product"}],"wp:attachment":[{"href":"https:\/\/roveyayinevi.com.tr\/index.php\/wp-json\/wp\/v2\/media?parent=783353"}],"wp:term":[{"taxonomy":"product_brand","embeddable":true,"href":"https:\/\/roveyayinevi.com.tr\/index.php\/wp-json\/wp\/v2\/product_brand?post=783353"},{"taxonomy":"product_cat","embeddable":true,"href":"https:\/\/roveyayinevi.com.tr\/index.php\/wp-json\/wp\/v2\/product_cat?post=783353"},{"taxonomy":"product_tag","embeddable":true,"href":"https:\/\/roveyayinevi.com.tr\/index.php\/wp-json\/wp\/v2\/product_tag?post=783353"}],"curies":[{"name":"wp","href":"https:\/\/api.w.org\/{rel}","templated":true}]}}