{"id":783352,"date":"2026-02-26T02:31:06","date_gmt":"2026-02-25T23:31:06","guid":{"rendered":"https:\/\/roveyayinevi.com.tr\/index.php\/urun\/gencler-icin-nutuk-7\/"},"modified":"2026-02-27T02:24:18","modified_gmt":"2026-02-26T23:24:18","slug":"gencler-icin-nutuk-7","status":"publish","type":"product","link":"https:\/\/roveyayinevi.com.tr\/index.php\/urun\/gencler-icin-nutuk-7\/","title":{"rendered":"Gen\u00e7ler \u0130\u00e7in Nutuk"},"content":{"rendered":"<p>Bug\u00fcn ula\u015ft\u0131\u011f\u0131m\u0131z sonu\u00e7, y\u00fczy\u0131llard\u0131r \u00e7ekilen ulusal felaketlerin yaratt\u0131\u011f\u0131 uyan\u0131\u015f\u0131n ve bu aziz vatan\u0131n her k\u00f6\u015fesini sulayan kanlar\u0131n bedelidir. Bu sonucu, T\u00fcrk gen\u00e7li\u011fine emanet ediyorum. Atat\u00fcrk, Nutuk\u2019ta Ulusal Kurtulu\u015f Sava\u015f\u0131\u2019n\u0131 hangi zor \u015fartlarda, ne gibi s\u0131k\u0131nt\u0131lara g\u00f6\u011f\u00fcs gererek kazanmaya \u00e7al\u0131\u015ft\u0131\u011f\u0131m\u0131z\u0131 anlatm\u0131\u015ft\u0131r. Atat\u00fcrk\u2019\u00fcn \u00e7a\u011fda\u015f bir ulus devletinin kurulu\u015fuyla devrimlerin \u00f6nemine vurgu yaparak ulusal varl\u0131\u011f\u0131n, yurt ba\u011f\u0131ms\u0131zl\u0131\u011f\u0131n\u0131n, yarat\u0131lan eserlerin gelecek nesillerce nas\u0131l korunmas\u0131 gerekti\u011fi konusundaki a\u00e7\u0131klamalar\u0131 da \u00e7ok \u00f6nemlidir. Mustafa Kemal, b\u00fcy\u00fck zorluklarla ba\u011f\u0131ms\u0131zl\u0131\u011f\u0131na kavu\u015fan yurdumuzu, ard\u0131ndan h\u0131zla ger\u00e7ekle\u015ftirilen siyasal, toplumsal ve k\u00fclt\u00fcrel devrimleri gen\u00e7li\u011fe emanet etmi\u015ftir. Elinizdeki eserde, Atat\u00fcrk\u2019\u00fcn \u00e7a\u011fda\u015f T\u00fcrkiye\u2019nin kurtulu\u015f ve kurulu\u015f d\u00f6nemini kapsaml\u0131 bir bi\u00e7imde anlatt\u0131\u011f\u0131 Nutuk\u2019tan ilgi \u00e7ekici b\u00f6l\u00fcmler ald\u0131m. Zevkle okuyaca\u011f\u0131n\u0131z\u0131 umuyorum. Adnan \u00d6zyal\u00e7\u0131ner <\/p>\n","protected":false},"excerpt":{"rendered":"<p>Bug\u00fcn ula\u015ft\u0131\u011f\u0131m\u0131z sonu\u00e7, y\u00fczy\u0131llard\u0131r \u00e7ekilen ulusal felaketlerin yaratt\u0131\u011f\u0131 uyan\u0131\u015f\u0131n ve bu aziz vatan\u0131n her k\u00f6\u015fesini sulayan kanlar\u0131n bedelidir. Bu sonucu, T\u00fcrk gen\u00e7li\u011fine emanet ediyorum. Atat\u00fcrk, Nutuk\u2019ta<span class=\"excerpt-hellip\"> [\u2026]<\/span><\/p>\n","protected":false},"featured_media":0,"template":"","meta":{"_monsterinsights_skip_tracking":false,"_monsterinsights_sitenote_active":false,"_monsterinsights_sitenote_note":"","_monsterinsights_sitenote_category":0},"product_brand":[],"product_cat":[12530,12304],"product_tag":[],"class_list":{"0":"post-783352","1":"product","2":"type-product","3":"status-publish","5":"product_cat-mustafa-kemal-ataturk","6":"product_cat-tarih","7":"pa_cilt-ciltsiz","8":"pa_tur-kitap","9":"pa_yayinevi-buyulu-fener-yayinlari","10":"pa_yazar-mustafa-kemal-ataturk","12":"first","13":"instock","14":"sale","15":"shipping-taxable","16":"purchasable","17":"product-type-simple"},"_links":{"self":[{"href":"https:\/\/roveyayinevi.com.tr\/index.php\/wp-json\/wp\/v2\/product\/783352","targetHints":{"allow":["GET"]}}],"collection":[{"href":"https:\/\/roveyayinevi.com.tr\/index.php\/wp-json\/wp\/v2\/product"}],"about":[{"href":"https:\/\/roveyayinevi.com.tr\/index.php\/wp-json\/wp\/v2\/types\/product"}],"wp:attachment":[{"href":"https:\/\/roveyayinevi.com.tr\/index.php\/wp-json\/wp\/v2\/media?parent=783352"}],"wp:term":[{"taxonomy":"product_brand","embeddable":true,"href":"https:\/\/roveyayinevi.com.tr\/index.php\/wp-json\/wp\/v2\/product_brand?post=783352"},{"taxonomy":"product_cat","embeddable":true,"href":"https:\/\/roveyayinevi.com.tr\/index.php\/wp-json\/wp\/v2\/product_cat?post=783352"},{"taxonomy":"product_tag","embeddable":true,"href":"https:\/\/roveyayinevi.com.tr\/index.php\/wp-json\/wp\/v2\/product_tag?post=783352"}],"curies":[{"name":"wp","href":"https:\/\/api.w.org\/{rel}","templated":true}]}}