{"id":783351,"date":"2026-02-26T02:30:55","date_gmt":"2026-02-25T23:30:55","guid":{"rendered":"https:\/\/roveyayinevi.com.tr\/index.php\/urun\/ariburnu-muharebeleri-raporu\/"},"modified":"2026-02-27T02:24:09","modified_gmt":"2026-02-26T23:24:09","slug":"ariburnu-muharebeleri-raporu","status":"publish","type":"product","link":"https:\/\/roveyayinevi.com.tr\/index.php\/urun\/ariburnu-muharebeleri-raporu\/","title":{"rendered":"Ar\u0131burnu Muharebeleri Raporu"},"content":{"rendered":"<p>&#8220;Conkbay\u0131r\u0131\u2019n\u0131n g\u00fcneyindeki 261 rak\u0131ml\u0131 tepeden Conkbay\u0131r\u0131\u2019na do\u011fru 27. alaydan sahilin g\u00f6zlem ve ele ge\u00e7ilmesiyle g\u00f6revli bir m\u00fcfrezenin askerlerinin Conkbay\u0131r\u0131\u2019na do\u011fru ka\u00e7makta olduklar\u0131n\u0131 g\u00f6rd\u00fcm. Bizzat bu askerlerin \u00f6n\u00fcne \u00e7\u0131karak \u201cNi\u00e7in ka\u00e7\u0131yorsunuz\u201d dedim. \u201cEfendim, d\u00fc\u015fman!\u201d, dediler. \u201cNerede\u201d dedim. \u201c\u0130\u015fte\u201d! diye 261 rak\u0131ml\u0131 tepeyi g\u00f6sterdiler. Do\u011frusu d\u00fc\u015fman\u0131n bir avc\u0131 hatt\u0131 261 rak\u0131ml\u0131 tepeye yakla\u015fm\u0131\u015f ve rahat bir \u015fekilde ileri do\u011fru y\u00fcr\u00fcyordu.O zaman bu ka\u00e7an askerlere ba\u011f\u0131rarak \u201cD\u00fc\u015fmandan ka\u00e7\u0131lmaz\u201d dedim. \u201cCephanemiz kalmad\u0131\u201d, dediler. \u201cCephaneniz yoksa s\u00fcn g\u00fcn\u00fcz var\u201d, dedim. Ve ba\u011f\u0131rarak bunlara s\u00fcn g\u00fc takt\u0131rd\u0131m ve yere yat\u0131rd\u0131m. Ayn\u0131 zamanda Conkbay\u0131r\u0131\u2019na do\u011fru gelmekte olan piyade alay\u0131 ile da\u011f bataryas\u0131n\u0131n yeti\u015febilen askerlerin mar\u015f mar\u015f ile benim bulundu\u011fum yere gelmeleri i\u00e7in yan\u0131mdaki subaylar\u0131 geriye g\u00f6nderdim. Kolun ba\u015f\u0131nda bulunan bir b\u00f6l\u00fck yeti\u015fti. Cephanesiz askerleri takviye ederek d\u00fc\u015fmana ate\u015f a\u00e7malar\u0131n\u0131 emrettim. Ve yan\u0131ma gelmi\u015f olan 57. alay ve 2. Tabur kumandan\u0131na (Y\u00fczba\u015f\u0131 Ata Efendi) b\u00fct\u00fcn taburuyla bir b\u00f6l\u00fc\u011f\u00fcn\u00fc takviye ederek, 261 rak\u0131ml\u0131 tepe \u00fczerinden d\u00fc\u015fmana sald\u0131rmas\u0131n\u0131 emrettim.&#8221; Mustafa Kemal Atat\u00fcrk&#8217;\u00fcn kaleme ald\u0131\u011f\u0131 bu rapor, Osmanl\u0131 Harp Tarihi \u015fubesinin kendisinden hat\u0131ralar\u0131n\u0131 yazmas\u0131n\u0131 istemesi \u00fczerine ortaya \u00e7\u0131km\u0131\u015f \u00f6nemli bir tarih\u00ee vesikad\u0131r. Raporda, 19. T\u00fcmen Kumandanl\u0131\u011f\u0131na g\u00f6revlendirilmesiyle Ar\u0131burnu\u2019na ger\u00e7ekle\u015ftirilen ilk \u00e7\u0131karma g\u00fcn\u00fc olan 25 Nisan 1915&#8217;ten Anafartalar Grup Kumandanl\u0131\u011f\u0131na atand\u0131\u011f\u0131 8\/9 A\u011fustos 1915 tarihine kadar ya\u015fanan kritik geli\u015fmelere yer verilmi\u015ftir. \u00c7anakkale Zaferi\u2019nin en \u00f6nemli a\u015famalar\u0131ndan biri olarak kabul edilen Ar\u0131burnu Muharebeleri\u2019ne dair detaylar\u0131 bar\u0131nd\u0131ran bu raporun uzun bir aradan sonra yeniden okuyucuyla bulu\u015fmas\u0131n\u0131n k\u0131vanc\u0131n\u0131 ya\u015f\u0131yoruz.<\/p>\n","protected":false},"excerpt":{"rendered":"<p>&#8220;Conkbay\u0131r\u0131\u2019n\u0131n g\u00fcneyindeki 261 rak\u0131ml\u0131 tepeden Conkbay\u0131r\u0131\u2019na do\u011fru 27. alaydan sahilin g\u00f6zlem ve ele ge\u00e7ilmesiyle g\u00f6revli bir m\u00fcfrezenin askerlerinin Conkbay\u0131r\u0131\u2019na do\u011fru ka\u00e7makta olduklar\u0131n\u0131 g\u00f6rd\u00fcm. Bizzat bu askerlerin<span class=\"excerpt-hellip\"> [\u2026]<\/span><\/p>\n","protected":false},"featured_media":0,"template":"","meta":{"_monsterinsights_skip_tracking":false,"_monsterinsights_sitenote_active":false,"_monsterinsights_sitenote_note":"","_monsterinsights_sitenote_category":0},"product_brand":[],"product_cat":[12530,12304],"product_tag":[],"class_list":{"0":"post-783351","1":"product","2":"type-product","3":"status-publish","5":"product_cat-mustafa-kemal-ataturk","6":"product_cat-tarih","7":"pa_cilt-ciltsiz","8":"pa_tur-kitap","9":"pa_yayinevi-kopernik-kitap","10":"pa_yazar-mustafa-kemal-ataturk","12":"first","13":"instock","14":"sale","15":"shipping-taxable","16":"purchasable","17":"product-type-simple"},"_links":{"self":[{"href":"https:\/\/roveyayinevi.com.tr\/index.php\/wp-json\/wp\/v2\/product\/783351","targetHints":{"allow":["GET"]}}],"collection":[{"href":"https:\/\/roveyayinevi.com.tr\/index.php\/wp-json\/wp\/v2\/product"}],"about":[{"href":"https:\/\/roveyayinevi.com.tr\/index.php\/wp-json\/wp\/v2\/types\/product"}],"wp:attachment":[{"href":"https:\/\/roveyayinevi.com.tr\/index.php\/wp-json\/wp\/v2\/media?parent=783351"}],"wp:term":[{"taxonomy":"product_brand","embeddable":true,"href":"https:\/\/roveyayinevi.com.tr\/index.php\/wp-json\/wp\/v2\/product_brand?post=783351"},{"taxonomy":"product_cat","embeddable":true,"href":"https:\/\/roveyayinevi.com.tr\/index.php\/wp-json\/wp\/v2\/product_cat?post=783351"},{"taxonomy":"product_tag","embeddable":true,"href":"https:\/\/roveyayinevi.com.tr\/index.php\/wp-json\/wp\/v2\/product_tag?post=783351"}],"curies":[{"name":"wp","href":"https:\/\/api.w.org\/{rel}","templated":true}]}}