{"id":783350,"date":"2026-02-26T02:30:51","date_gmt":"2026-02-25T23:30:51","guid":{"rendered":"https:\/\/roveyayinevi.com.tr\/index.php\/urun\/ataturkun-kultur-kurumu-halkevleri\/"},"modified":"2026-02-27T02:24:07","modified_gmt":"2026-02-26T23:24:07","slug":"ataturkun-kultur-kurumu-halkevleri","status":"publish","type":"product","link":"https:\/\/roveyayinevi.com.tr\/index.php\/urun\/ataturkun-kultur-kurumu-halkevleri\/","title":{"rendered":"Atat\u00fcrk&#8217;\u00fcn K\u00fclt\u00fcr Kurumu Halkevleri"},"content":{"rendered":"<p>Atat\u00fcrk\u2019\u00fcn Cumhuriyet rejimini dayand\u0131rd\u0131\u011f\u0131 Halk\u00e7\u0131l\u0131k anlay\u0131\u015f\u0131n\u0131n halk okullar\u0131 ve ulusal k\u00fclt\u00fcr merkezleri olarak kurmu\u015f oldu\u011fu HALKEVLER\u0130 hakk\u0131nda ilk yap\u0131lan bilimsel ara\u015ft\u0131rma, bu kitap ile T\u00fcrk okuruna ula\u015fmaktad\u0131r. Daha sonralan baz\u0131 Anadolu \u00fcniversitelerinde bu konu ile ilgili y\u00fcksek lisans \u00e7al\u0131\u015fmalar\u0131 yap\u0131lm\u0131\u015ft\u0131r. T\u00fcrkiye Cumhuriyeti devlet modeli olu\u015fturulurken kat\u0131 bir milliyet\u00e7ilik bask\u0131s\u0131 uygulanmam\u0131\u015f ve halk\u00e7\u0131l\u0131k anlay\u0131\u015f\u0131na dayanan bir ulus devlet, HALKEVLER\u0130 sayesinde kurulabilmi\u015ftir. Atat\u00fcrk, Kurtulu\u015f Sava\u015f\u0131\u2019n\u0131 kazand\u0131ktan ve devleti kurduktan sonra ortaya koydu\u011fu devlet modelini gelece\u011fe d\u00f6n\u00fck \u00e7izgide kurumla\u015ft\u0131r\u0131rken, T\u00fcrk Dil Kurumu ve T\u00fcrk Tarih Kurumu ile birlikte HALKEVLER\u0130\u2019ni de ayn\u0131 d\u00f6nemde kurmu\u015ftur. Halk\u00e7\u0131l\u0131k anlay\u0131\u015f\u0131na dayal\u0131 bir ulus devlet kurulurken T\u00fcrk tarihi ve T\u00fcrk dili esas al\u0131nm\u0131\u015f ve bu siyasal birikim, HALKEVLER\u0130 gibi bir yayg\u0131n e\u011fitim kurulu\u015fu ile halk kitlelerinin taban\u0131na ula\u015ft\u0131r\u0131lm\u0131\u015ft\u0131r. \u00c7ok uluslu imparatorluktan geri kalan eski Osmanl\u0131 ahalisi ulus devlet \u00e7at\u0131s\u0131 alt\u0131nda b\u00fct\u00fcnle\u015ftirilirken, birbirinden farkl\u0131 toplumsal gruplar halk\u00e7\u0131l\u0131k uygulamalan \u00fczerinden HALKEVLER\u0130 arac\u0131l\u0131\u011f\u0131 ile kayna\u015ft\u0131nlmaya \u00e7al\u0131\u015f\u0131lm\u0131\u015ft\u0131r. Az zamanda il ve il\u00e7elerde 500\u2019e yak\u0131n HALKEV\u0130 \u015fubesi, k\u00f6ylerde ise 5000 civar\u0131nda HALK ODASI devreye girerek ulus devletin halk\u00e7\u0131l\u0131k temeline oturtulmas\u0131 do\u011frultusunda, halka do\u011fru y\u00f6nelen ve halk\u0131n aya\u011f\u0131na giden \u00e7al\u0131\u015fmalar yap\u0131lm\u0131\u015ft\u0131r. HALKEVLER\u0130, K\u00f6y Enstit\u00fcleri ve Millet Mektepleri ile birlikte Kemalist rejimin toplumsal kurumlan olarak tarih sahnesine \u00e7\u0131km\u0131\u015flard\u0131r. Din sorunu y\u00fcz\u00fcnden K\u00f6y Enstit\u00fcleri \u00fczerinde epeyce \u00e7al\u0131\u015fmalar yap\u0131lm\u0131\u015ft\u0131r. Sovyetler Birli\u011fi nedeniyle ise HALKEVLER\u0130 ile ilgili gereken \u00e7al\u0131\u015fmalar so\u011fuk sava\u015f y\u0131llannda yap\u0131lamam\u0131\u015ft\u0131r. Cumhuriyet rejimi kurulurken, laik devlet modeli ile birlikte halk\u00e7\u0131 \u00e7izgide toplumsal \u00f6rg\u00fctlenme yap\u0131lanmas\u0131na \u00f6ncelik verilmi\u015ftir. Emperyalizm ikinci d\u00fcnya sava\u015f\u0131 sonras\u0131nda merkezi alana gelirken, hem K\u00f6y Enstit\u00fcleri hem de Halkevleri d\u0131\u015f bask\u0131 ile kapatt\u0131r\u0131lm\u0131\u015ft\u0131r. B\u00f6ylece laik ve \u00e7a\u011fda\u015f ulus devlet tasfiye edilerek, alt kimliklerin hortlat\u0131ld\u0131\u011f\u0131 bir model ile yeniden hem \u015feriat toplumuna, hem de alt kimlik\u00e7i eyaletler ile emperyalizmin g\u00fcd\u00fcmledi\u011fi uzaktan kumandal\u0131 federasyon sistemine do\u011fru T\u00fcrkiye zorlanm\u0131\u015ft\u0131r. K\u00fcreselle\u015fme d\u00f6neminde T\u00fcrkiye Cumhuriyeti b\u00fct\u00fcn b\u00f6lge \u00fclkeleri ile birlikte yeniden orta\u00e7a\u011f d\u00fczenine do\u011fru y\u00f6nlendirilirken, T\u00fcrkiye Cumhuriyetinin \u00e7a\u011fda\u015f bir devlet olmas\u0131na sa\u011flayan kuramlardan birisi olarak, HALKEVLER\u0130 modelinin bug\u00fcn\u00fcn ko\u015fullar\u0131nda yeniden ele al\u0131narak tart\u0131\u015f\u0131lmas\u0131 gerekmektedir. \u0130\u015fte o zaman, Atat\u00fcrk\u2019\u00fcn neden etnik alt kimlik\u00e7ili\u011fe kar\u015f\u0131 \u00e7\u0131kt\u0131\u011f\u0131 ve bunun yerine halk\u00e7\u0131 bir ulus\u00e7ulu\u011fu dayan\u0131\u015fmac\u0131 ve b\u00fct\u00fcnle\u015ftirici \u00e7izgide benimsedi\u011fi daha iyi anla\u015f\u0131lacakt\u0131r. Misak\u0131 Milli s\u0131n\u0131rlar\u0131 i\u00e7inde \u00fcniter devletin kurulmas\u0131nda, HALKEVLER\u0130 \u00fczerinden geli\u015ftirilen halk\u00e7\u0131l\u0131k anlay\u0131\u015f\u0131n\u0131n \u00f6nemli bir b\u00fct\u00fcnle\u015ftirici rol\u00fc bulunmaktad\u0131r. Bu kitap, yaz\u0131l\u0131\u015f\u0131ndan otuz y\u0131l sonra bu ger\u00e7ekleri gen\u00e7 ku\u015faklara anlatmak i\u00e7in \u00fc\u00e7\u00fcnc\u00fc kez yeniden yay\u0131nlanmaktad\u0131r. <\/p>\n","protected":false},"excerpt":{"rendered":"<p>Atat\u00fcrk\u2019\u00fcn Cumhuriyet rejimini dayand\u0131rd\u0131\u011f\u0131 Halk\u00e7\u0131l\u0131k anlay\u0131\u015f\u0131n\u0131n halk okullar\u0131 ve ulusal k\u00fclt\u00fcr merkezleri olarak kurmu\u015f oldu\u011fu HALKEVLER\u0130 hakk\u0131nda ilk yap\u0131lan bilimsel ara\u015ft\u0131rma, bu kitap ile T\u00fcrk okuruna<span class=\"excerpt-hellip\"> [\u2026]<\/span><\/p>\n","protected":false},"featured_media":0,"template":"","meta":{"_monsterinsights_skip_tracking":false,"_monsterinsights_sitenote_active":false,"_monsterinsights_sitenote_note":"","_monsterinsights_sitenote_category":0},"product_brand":[],"product_cat":[12567,12566],"product_tag":[],"class_list":{"0":"post-783350","1":"product","2":"type-product","3":"status-publish","5":"product_cat-diger-egitim","6":"product_cat-egitim","7":"pa_cilt-ciltsiz","8":"pa_tur-kitap","9":"pa_yayinevi-tarihci-kitabevi","10":"pa_yazar-anil-cecen","12":"first","13":"instock","14":"sale","15":"shipping-taxable","16":"purchasable","17":"product-type-simple"},"_links":{"self":[{"href":"https:\/\/roveyayinevi.com.tr\/index.php\/wp-json\/wp\/v2\/product\/783350","targetHints":{"allow":["GET"]}}],"collection":[{"href":"https:\/\/roveyayinevi.com.tr\/index.php\/wp-json\/wp\/v2\/product"}],"about":[{"href":"https:\/\/roveyayinevi.com.tr\/index.php\/wp-json\/wp\/v2\/types\/product"}],"wp:attachment":[{"href":"https:\/\/roveyayinevi.com.tr\/index.php\/wp-json\/wp\/v2\/media?parent=783350"}],"wp:term":[{"taxonomy":"product_brand","embeddable":true,"href":"https:\/\/roveyayinevi.com.tr\/index.php\/wp-json\/wp\/v2\/product_brand?post=783350"},{"taxonomy":"product_cat","embeddable":true,"href":"https:\/\/roveyayinevi.com.tr\/index.php\/wp-json\/wp\/v2\/product_cat?post=783350"},{"taxonomy":"product_tag","embeddable":true,"href":"https:\/\/roveyayinevi.com.tr\/index.php\/wp-json\/wp\/v2\/product_tag?post=783350"}],"curies":[{"name":"wp","href":"https:\/\/api.w.org\/{rel}","templated":true}]}}