{"id":783345,"date":"2026-02-26T02:28:32","date_gmt":"2026-02-25T23:28:32","guid":{"rendered":"https:\/\/roveyayinevi.com.tr\/index.php\/urun\/nutuk-18\/"},"modified":"2026-02-27T02:21:57","modified_gmt":"2026-02-26T23:21:57","slug":"nutuk-18","status":"publish","type":"product","link":"https:\/\/roveyayinevi.com.tr\/index.php\/urun\/nutuk-18\/","title":{"rendered":"Nutuk"},"content":{"rendered":"<p>Sayg\u0131de\u011fer Efendiler, sizi g\u00fcnlerce i\u015fgal eden uzun ve ayr\u0131nt\u0131l\u0131 nutkum, nihayet ge\u00e7mi\u015fe kar\u0131\u015fm\u0131\u015f bir devrin hikayesidir. Bunda milletim i\u00e7in ve gelecekteki evlatlar\u0131m\u0131z i\u00e7in dikkat ve uyan\u0131kl\u0131k sa\u011flayabilecek baz\u0131 noktalar\u0131 belirtebilmi\u015f isem kendimi mutlu sayaca\u011f\u0131m. Efendiler, bu nutkumla, milli varl\u0131\u011f\u0131 sona ermi\u015f say\u0131lan b\u00fcy\u00fck bir milletin, istiklalini nas\u0131l kazand\u0131\u011f\u0131n\u0131, ilim ve tekni\u011fin en son esaslar\u0131na dayanan milli ve \u00e7a\u011fda\u015f bir devleti nas\u0131l kurdu\u011funu anlatmaya \u00e7al\u0131\u015ft\u0131m. Bug\u00fcn ula\u015ft\u0131\u011f\u0131m\u0131z sonu\u00e7, as\u0131rlardan beri \u00e7ekilen milli felaketlerin yaratt\u0131\u011f\u0131 uyan\u0131kl\u0131\u011f\u0131n eseri ve bu aziz vatan\u0131n her k\u00f6\u015fesini sulayan kanlar\u0131n bedelidir. Bu sonucu &#8220;T\u00fcrk gen\u00e7li\u011fine emanet ediyorum.&#8221; \ufffcTan\u0131t\u0131m Metni<\/p>\n","protected":false},"excerpt":{"rendered":"<p>Sayg\u0131de\u011fer Efendiler, sizi g\u00fcnlerce i\u015fgal eden uzun ve ayr\u0131nt\u0131l\u0131 nutkum, nihayet ge\u00e7mi\u015fe kar\u0131\u015fm\u0131\u015f bir devrin hikayesidir. Bunda milletim i\u00e7in ve gelecekteki evlatlar\u0131m\u0131z i\u00e7in dikkat ve uyan\u0131kl\u0131k<span class=\"excerpt-hellip\"> [\u2026]<\/span><\/p>\n","protected":false},"featured_media":0,"template":"","meta":{"_monsterinsights_skip_tracking":false,"_monsterinsights_sitenote_active":false,"_monsterinsights_sitenote_note":"","_monsterinsights_sitenote_category":0},"product_brand":[],"product_cat":[12530,12304],"product_tag":[],"class_list":{"0":"post-783345","1":"product","2":"type-product","3":"status-publish","5":"product_cat-mustafa-kemal-ataturk","6":"product_cat-tarih","7":"pa_cilt-ciltsiz","8":"pa_tur-kitap","9":"pa_yayinevi-kare-yayinlari","10":"pa_yazar-gazi-mustafa-kemal","12":"first","13":"instock","14":"sale","15":"shipping-taxable","16":"purchasable","17":"product-type-simple"},"_links":{"self":[{"href":"https:\/\/roveyayinevi.com.tr\/index.php\/wp-json\/wp\/v2\/product\/783345","targetHints":{"allow":["GET"]}}],"collection":[{"href":"https:\/\/roveyayinevi.com.tr\/index.php\/wp-json\/wp\/v2\/product"}],"about":[{"href":"https:\/\/roveyayinevi.com.tr\/index.php\/wp-json\/wp\/v2\/types\/product"}],"wp:attachment":[{"href":"https:\/\/roveyayinevi.com.tr\/index.php\/wp-json\/wp\/v2\/media?parent=783345"}],"wp:term":[{"taxonomy":"product_brand","embeddable":true,"href":"https:\/\/roveyayinevi.com.tr\/index.php\/wp-json\/wp\/v2\/product_brand?post=783345"},{"taxonomy":"product_cat","embeddable":true,"href":"https:\/\/roveyayinevi.com.tr\/index.php\/wp-json\/wp\/v2\/product_cat?post=783345"},{"taxonomy":"product_tag","embeddable":true,"href":"https:\/\/roveyayinevi.com.tr\/index.php\/wp-json\/wp\/v2\/product_tag?post=783345"}],"curies":[{"name":"wp","href":"https:\/\/api.w.org\/{rel}","templated":true}]}}