{"id":783338,"date":"2026-02-26T02:25:36","date_gmt":"2026-02-25T23:25:36","guid":{"rendered":"https:\/\/roveyayinevi.com.tr\/index.php\/urun\/bilinmeyen-ataturk\/"},"modified":"2026-02-27T02:19:38","modified_gmt":"2026-02-26T23:19:38","slug":"bilinmeyen-ataturk","status":"publish","type":"product","link":"https:\/\/roveyayinevi.com.tr\/index.php\/urun\/bilinmeyen-ataturk\/","title":{"rendered":"Bilinmeyen Atat\u00fcrk"},"content":{"rendered":"<p>Mustafa Kemal\u2019i \u00f6\u011frencilik y\u0131llar\u0131nda ilk defa g\u00f6r\u00fcp dinleyen; Osman Nizami Pa\u015fa, Mustafa Kemal\u2019e \u015funlar\u0131 s\u00f6yler: \u201cMustafa Kemal efendi o\u011flum, g\u00f6r\u00fcyorum ki, \u0130smail Faz\u0131l Pa\u015fa seni takdir etmek hususunda yan\u0131lmam\u0131\u015f. \u015eimdi ben de onunla ayn\u0131 fikirdeyim. Sen, bizler gibi yaln\u0131z kurmay subay olarak normal bir hayata at\u0131lmayacaks\u0131n. Keskin zekan ve y\u00fcksek kabiliyetin, memleketin gelece\u011fi \u00fczerinde etkili olacakt\u0131r. Bu s\u00f6zlerimi bir \u00f6vg\u00fc olarak alma. Sende memleketin ba\u015f\u0131na gelen b\u00fcy\u00fck adamlar\u0131n daha gen\u00e7liklerinde g\u00f6sterdikleri ender kabiliyet ve zeka belirtileri g\u00f6rmekteyim. \u0130n\u015fallah yan\u0131lmam\u0131\u015f olurum.\u201d *** Atat\u00fcrk\u2019\u00fcn hayat\u0131nda bilinmeyen ya da \u00e7ok az bilinen bir \u00e7ok s\u0131ra d\u0131\u015f\u0131 bilgi bu kitapta g\u00fcn y\u00fcz\u00fcne \u00e7\u0131k\u0131yor. Ba\u015fta askeri kaynaklar olmak \u00fczere \u00e7ok geni\u015f bir ar\u015fiv taramas\u0131 ile haz\u0131rlanan bu eser, size Atat\u00fcrk\u2019\u00fcn bilinmeyen ya\u015fam \u00f6yk\u00fcs\u00fcn\u00fc sunuyor. Modern Cumhuriyetimizin kurucusu ve \u015fu an d\u00fcnyan\u0131n en g\u00fc\u00e7l\u00fc devletleri aras\u0131nda g\u00f6sterilen T\u00fcrkiye\u2019nin dah\u00ee mimar\u0131n\u0131 daha yak\u0131ndan tan\u0131maya var m\u0131s\u0131n\u0131z? <\/p>\n","protected":false},"excerpt":{"rendered":"<p>Mustafa Kemal\u2019i \u00f6\u011frencilik y\u0131llar\u0131nda ilk defa g\u00f6r\u00fcp dinleyen; Osman Nizami Pa\u015fa, Mustafa Kemal\u2019e \u015funlar\u0131 s\u00f6yler: \u201cMustafa Kemal efendi o\u011flum, g\u00f6r\u00fcyorum ki, \u0130smail Faz\u0131l Pa\u015fa seni takdir<span class=\"excerpt-hellip\"> [\u2026]<\/span><\/p>\n","protected":false},"featured_media":0,"template":"","meta":{"_monsterinsights_skip_tracking":false,"_monsterinsights_sitenote_active":false,"_monsterinsights_sitenote_note":"","_monsterinsights_sitenote_category":0},"product_brand":[],"product_cat":[12530,12304],"product_tag":[],"class_list":{"0":"post-783338","1":"product","2":"type-product","3":"status-publish","5":"product_cat-mustafa-kemal-ataturk","6":"product_cat-tarih","7":"pa_cilt-ciltsiz","8":"pa_tur-kitap","9":"pa_yayinevi-az-kitap-yayinlari","10":"pa_yazar-yuksel-mert","12":"first","13":"instock","14":"sale","15":"shipping-taxable","16":"purchasable","17":"product-type-simple"},"_links":{"self":[{"href":"https:\/\/roveyayinevi.com.tr\/index.php\/wp-json\/wp\/v2\/product\/783338","targetHints":{"allow":["GET"]}}],"collection":[{"href":"https:\/\/roveyayinevi.com.tr\/index.php\/wp-json\/wp\/v2\/product"}],"about":[{"href":"https:\/\/roveyayinevi.com.tr\/index.php\/wp-json\/wp\/v2\/types\/product"}],"wp:attachment":[{"href":"https:\/\/roveyayinevi.com.tr\/index.php\/wp-json\/wp\/v2\/media?parent=783338"}],"wp:term":[{"taxonomy":"product_brand","embeddable":true,"href":"https:\/\/roveyayinevi.com.tr\/index.php\/wp-json\/wp\/v2\/product_brand?post=783338"},{"taxonomy":"product_cat","embeddable":true,"href":"https:\/\/roveyayinevi.com.tr\/index.php\/wp-json\/wp\/v2\/product_cat?post=783338"},{"taxonomy":"product_tag","embeddable":true,"href":"https:\/\/roveyayinevi.com.tr\/index.php\/wp-json\/wp\/v2\/product_tag?post=783338"}],"curies":[{"name":"wp","href":"https:\/\/api.w.org\/{rel}","templated":true}]}}