{"id":783077,"date":"2026-02-23T13:13:31","date_gmt":"2026-02-23T10:13:31","guid":{"rendered":"https:\/\/roveyayinevi.com.tr\/index.php\/urun\/ucuncu-reich-yillari\/"},"modified":"2026-04-15T03:46:55","modified_gmt":"2026-04-15T00:46:55","slug":"ucuncu-reich-yillari","status":"publish","type":"product","link":"https:\/\/roveyayinevi.com.tr\/index.php\/urun\/ucuncu-reich-yillari\/","title":{"rendered":"\u00dc\u00e7\u00fcnc\u00fc Reich Y\u0131llar\u0131"},"content":{"rendered":"<p>ADOLF H\u0130TLER\u2019\u0130N M\u0130MARI,NAZ\u0130 ALMANYASI\u2019NIN S\u0130LAHLANMA BAKANI,N\u00dcRNBERG SANI\u011eI: ALBERT SPEER Albert Speer, bir mimar olarak ba\u015flad\u0131\u011f\u0131 kariyerini \u00dc\u00e7\u00fcnc\u00fc Reich\u2019\u0131n merkezine, Hitler\u2019in en yak\u0131n sivil \u00e7evresine ta\u015f\u0131d\u0131. N\u00fcrnberg miting alanlar\u0131n\u0131n \u201c\u0131\u015f\u0131k kubbelerinden\u201d Berlin\u2019i \u201cd\u00fcnya ba\u015fkentine\u201d d\u00f6n\u00fc\u015ft\u00fcrme projesine uzanan bu yol, 1942\u2019de silahlanma bakanl\u0131\u011f\u0131na ve sava\u015f ekonomisinin y\u00f6netimine a\u00e7\u0131ld\u0131. Speer, Reich Silahlanma ve Sava\u015f End\u00fcstrisi Bakan\u0131 olarak Alman sava\u015f makinesinin merkezinde yer ald\u0131. \u00dc\u00e7\u00fcnc\u00fc Reich Y\u0131llar\u0131: Hat\u0131ralar\u0131m, totaliter bir rejimde teknik bilginin nas\u0131l bir iktidar arac\u0131na d\u00f6n\u00fc\u015ft\u00fc\u011f\u00fcn\u00fc g\u00f6zler \u00f6n\u00fcne seriyor. Hitler\u2019in g\u00fcndelik rutinleri, kararg\u00e2h toplant\u0131lar\u0131, yak\u0131n \u00e7evresindeki isimler, parti-devlet b\u00fcrokrasisinin i\u015fleyi\u015fi ve karar alma s\u00fcre\u00e7lerinin perde arkas\u0131, Speer\u2019in tan\u0131kl\u0131\u011f\u0131yla ayr\u0131nt\u0131l\u0131 bi\u00e7imde aktar\u0131l\u0131yor. Mimarl\u0131ktaki megaloman projeler ile sava\u015f sanayisindeki verimlilik aray\u0131\u015f\u0131, ayn\u0131 zihniyetin iki y\u00fcz\u00fc olarak ortaya \u00e7\u0131k\u0131yor. \u00dc\u00e7\u00fcnc\u00fc Reich Y\u0131llar\u0131: Hat\u0131ralar\u0131m, May\u0131s 1945\u2019teki teslimiyetten N\u00fcrnberg duru\u015fmalar\u0131na, yirmi y\u0131ll\u0131k Spandau hapsinden tahliye sonras\u0131 kaleme al\u0131nan bu hesapla\u015fmaya uzan\u0131yor. Speer, di\u011fer Nazi liderlerinden farkl\u0131 olarak k\u0131smi sorumluluk kabul eden tek san\u0131kt\u0131. Zorunlu i\u015f\u00e7ilik, toplama kamplar\u0131, \u201cmucize silah\u201d projeleri ve soyk\u0131r\u0131m\u0131n g\u00f6lgesi, kitab\u0131n sayfalar\u0131nda a\u011f\u0131rl\u0131\u011f\u0131n\u0131 hissettiriyor. Speer, bu eserde hem megaloman hayallerin mimar\u0131 hem de y\u0131k\u0131m\u0131n tan\u0131\u011f\u0131 olarak konu\u015fuyor. Nazi iktidar\u0131n\u0131n i\u00e7 i\u015fleyi\u015fini, sava\u015f ekonomisinin y\u00f6netimini ve modern teknokrasinin ahlaki s\u0131n\u0131rlar\u0131n\u0131 anlatan \u00dc\u00e7\u00fcnc\u00fc Reich Y\u0131llar\u0131: Hat\u0131ralar\u0131m, 20. y\u00fczy\u0131l tarihinin en \u00f6nemli birincil kaynaklar\u0131ndan biri olarak yerini koruyor.<\/p>\n","protected":false},"excerpt":{"rendered":"<p>ADOLF H\u0130TLER\u2019\u0130N M\u0130MARI,NAZ\u0130 ALMANYASI\u2019NIN S\u0130LAHLANMA BAKANI,N\u00dcRNBERG SANI\u011eI: ALBERT SPEER Albert Speer, bir mimar olarak ba\u015flad\u0131\u011f\u0131 kariyerini \u00dc\u00e7\u00fcnc\u00fc Reich\u2019\u0131n merkezine, Hitler\u2019in en yak\u0131n sivil \u00e7evresine ta\u015f\u0131d\u0131. N\u00fcrnberg<span class=\"excerpt-hellip\"> [\u2026]<\/span><\/p>\n","protected":false},"featured_media":0,"template":"","meta":{"_monsterinsights_skip_tracking":false,"_monsterinsights_sitenote_active":false,"_monsterinsights_sitenote_note":"","_monsterinsights_sitenote_category":0},"product_brand":[],"product_cat":[12305,12304],"product_tag":[],"class_list":{"0":"post-783077","1":"product","2":"type-product","3":"status-publish","5":"product_cat-dunya-tarihi","6":"product_cat-tarih","7":"pa_cilt-ciltsiz","8":"pa_tur-kitap","9":"pa_yayinevi-kronik-kitap","10":"pa_yazar-albert-speer","12":"first","13":"instock","14":"sale","15":"shipping-taxable","16":"purchasable","17":"product-type-simple"},"_links":{"self":[{"href":"https:\/\/roveyayinevi.com.tr\/index.php\/wp-json\/wp\/v2\/product\/783077","targetHints":{"allow":["GET"]}}],"collection":[{"href":"https:\/\/roveyayinevi.com.tr\/index.php\/wp-json\/wp\/v2\/product"}],"about":[{"href":"https:\/\/roveyayinevi.com.tr\/index.php\/wp-json\/wp\/v2\/types\/product"}],"wp:attachment":[{"href":"https:\/\/roveyayinevi.com.tr\/index.php\/wp-json\/wp\/v2\/media?parent=783077"}],"wp:term":[{"taxonomy":"product_brand","embeddable":true,"href":"https:\/\/roveyayinevi.com.tr\/index.php\/wp-json\/wp\/v2\/product_brand?post=783077"},{"taxonomy":"product_cat","embeddable":true,"href":"https:\/\/roveyayinevi.com.tr\/index.php\/wp-json\/wp\/v2\/product_cat?post=783077"},{"taxonomy":"product_tag","embeddable":true,"href":"https:\/\/roveyayinevi.com.tr\/index.php\/wp-json\/wp\/v2\/product_tag?post=783077"}],"curies":[{"name":"wp","href":"https:\/\/api.w.org\/{rel}","templated":true}]}}