{"id":782979,"date":"2026-02-23T13:09:30","date_gmt":"2026-02-23T10:09:30","guid":{"rendered":"https:\/\/roveyayinevi.com.tr\/index.php\/urun\/egitimde-donusum-vaadler-ve-gercekler\/"},"modified":"2026-04-15T03:46:51","modified_gmt":"2026-04-15T00:46:51","slug":"egitimde-donusum-vaadler-ve-gercekler","status":"publish","type":"product","link":"https:\/\/roveyayinevi.com.tr\/index.php\/urun\/egitimde-donusum-vaadler-ve-gercekler\/","title":{"rendered":"E\u011fitimde D\u00f6n\u00fc\u015f\u00fcm Vaadler ve Ger\u00e7ekler"},"content":{"rendered":"<p>E\u011fitim-\u0130\u015f\u2019in katk\u0131s\u0131yla yay\u0131na haz\u0131rlanan bu derlemedeki yaz\u0131lar, farkl\u0131 zaman ve ba\u011flamlarda yaz\u0131lm\u0131\u015f olsalar da ayn\u0131 b\u00fct\u00fcn\u00fcn par\u00e7alar\u0131d\u0131r. O b\u00fct\u00fcn; T\u00fcrkiye\u2019nin e\u011fitim alan\u0131nda y\u0131llar i\u00e7inde ad\u0131m ad\u0131m \u00f6r\u00fclm\u00fc\u015f bir ku\u015fatmay\u0131, derinle\u015fen ideolojik y\u00f6nlendirmeyi ve giderek sistematikle\u015fen \u00e7\u00f6k\u00fc\u015f\u00fc anlamland\u0131rmaya \u00e7al\u0131\u015fmakt\u0131r. Prof. Dr. Ahmet Y\u0131ld\u0131z\u2019\u0131n da ustal\u0131kla saptad\u0131\u011f\u0131 gibi e\u011fitim yaln\u0131zca bir d\u00fczenleme alan\u0131 de\u011fil; siyasal, s\u0131n\u0131fsal ve k\u00fclt\u00fcrel iktidar m\u00fccadelelerinin d\u00fc\u011f\u00fcm noktas\u0131d\u0131r. Bu kitap, yaln\u0131zca bir ele\u015ftiri derlemesi de\u011fil; ayn\u0131 zamanda bir y\u00fczle\u015fme metnidir. Neoliberal ve teokratik ku\u015fatman\u0131n alt\u0131ndaki bug\u00fcnk\u00fc e\u011fitim yap\u0131s\u0131na kar\u015f\u0131 kamucu, laik ve bilimsel bir e\u011fitimin hem m\u00fcmk\u00fcn hem de zorunlu oldu\u011funu savunmaktad\u0131r. \u00c7\u00fcnk\u00fc biz, bu \u00fclkenin \u00e7ocuklar\u0131n\u0131n yaln\u0131zca \u201cba\u015far\u0131l\u0131 bireyler\u201d olmas\u0131n\u0131 de\u011fil; insanca bir ya\u015fam s\u00fcrebilecekleri, adaletin, \u00f6zg\u00fcrl\u00fc\u011f\u00fcn ve ortak iyinin h\u00fck\u00fcm s\u00fcrd\u00fc\u011f\u00fc bir toplumun bilin\u00e7li \u00f6zneleri olabilmelerini istiyoruz.<\/p>\n","protected":false},"excerpt":{"rendered":"<p>E\u011fitim-\u0130\u015f\u2019in katk\u0131s\u0131yla yay\u0131na haz\u0131rlanan bu derlemedeki yaz\u0131lar, farkl\u0131 zaman ve ba\u011flamlarda yaz\u0131lm\u0131\u015f olsalar da ayn\u0131 b\u00fct\u00fcn\u00fcn par\u00e7alar\u0131d\u0131r. O b\u00fct\u00fcn; T\u00fcrkiye\u2019nin e\u011fitim alan\u0131nda y\u0131llar i\u00e7inde ad\u0131m ad\u0131m<span class=\"excerpt-hellip\"> [\u2026]<\/span><\/p>\n","protected":false},"featured_media":0,"template":"","meta":{"_monsterinsights_skip_tracking":false,"_monsterinsights_sitenote_active":false,"_monsterinsights_sitenote_note":"","_monsterinsights_sitenote_category":0},"product_brand":[],"product_cat":[12573,12566],"product_tag":[],"class_list":{"0":"post-782979","1":"product","2":"type-product","3":"status-publish","5":"product_cat-akademik-kitaplar","6":"product_cat-egitim","7":"pa_cilt-ciltsiz","8":"pa_tur-kitap","9":"pa_yayinevi-cumhuriyet-kitaplari","10":"pa_yazar-ahmet-yildiz","12":"first","13":"instock","14":"sale","15":"shipping-taxable","16":"purchasable","17":"product-type-simple"},"_links":{"self":[{"href":"https:\/\/roveyayinevi.com.tr\/index.php\/wp-json\/wp\/v2\/product\/782979","targetHints":{"allow":["GET"]}}],"collection":[{"href":"https:\/\/roveyayinevi.com.tr\/index.php\/wp-json\/wp\/v2\/product"}],"about":[{"href":"https:\/\/roveyayinevi.com.tr\/index.php\/wp-json\/wp\/v2\/types\/product"}],"wp:attachment":[{"href":"https:\/\/roveyayinevi.com.tr\/index.php\/wp-json\/wp\/v2\/media?parent=782979"}],"wp:term":[{"taxonomy":"product_brand","embeddable":true,"href":"https:\/\/roveyayinevi.com.tr\/index.php\/wp-json\/wp\/v2\/product_brand?post=782979"},{"taxonomy":"product_cat","embeddable":true,"href":"https:\/\/roveyayinevi.com.tr\/index.php\/wp-json\/wp\/v2\/product_cat?post=782979"},{"taxonomy":"product_tag","embeddable":true,"href":"https:\/\/roveyayinevi.com.tr\/index.php\/wp-json\/wp\/v2\/product_tag?post=782979"}],"curies":[{"name":"wp","href":"https:\/\/api.w.org\/{rel}","templated":true}]}}