{"id":782916,"date":"2026-02-23T13:06:36","date_gmt":"2026-02-23T10:06:36","guid":{"rendered":"https:\/\/roveyayinevi.com.tr\/index.php\/urun\/kara-tutmasi\/"},"modified":"2026-04-15T03:46:14","modified_gmt":"2026-04-15T00:46:14","slug":"kara-tutmasi","status":"publish","type":"product","link":"https:\/\/roveyayinevi.com.tr\/index.php\/urun\/kara-tutmasi\/","title":{"rendered":"Kara Tutmas\u0131"},"content":{"rendered":"<p>\u201cBizi ekolojik aciliyetle y\u00fczle\u015fmek \u00fczere harekete ge\u00e7irebilecek bir kitap varsa, o da Kara Tutmas\u0131\u2019d\u0131r. Kolay okunan bir metnin estetik hazz\u0131n\u0131, derin bir varolu\u015fsal angajmanla benzersiz bir bi\u00e7imde birle\u015ftiriyor.\u201d \u2014 Slavoj \u017di\u017eek2022 yaz\u0131. \u0130klim de\u011fi\u015fikli\u011fi kaynakl\u0131 s\u0131cak hava dalgalar\u0131 Paris\u2019i kavururken Danimarkal\u0131 sosyolog Nikolaj Schultz, uykusuz gecelerden ve zihnini kemiren sorgulamalardan uzakla\u015fmak, \u201cbiraz a\u00e7\u0131lmak\u201d ve ferahlamak i\u00e7in y\u00f6n\u00fcn\u00fc Akdeniz\u2019deki Porquerolles Adas\u0131\u2019na \u00e7evirir. Ancak adaya ayak basar basmaz, bu ge\u00e7ici cennete s\u0131\u011f\u0131nan binlerce ki\u015fi gibi kendi ziyaretinin de adan\u0131n yava\u015f yok olu\u015funa katk\u0131da bulundu\u011funu fark eder. Hy\u00e8res tak\u0131madalar\u0131n\u0131n incisi Porquerolles\u2019de falezler her y\u0131l birka\u00e7 santimetre a\u015f\u0131nmakta; artan k\u0131y\u0131 faaliyetleri, altyap\u0131 d\u00fczenlemeleri ve turizm bask\u0131s\u0131 plajlar\u0131n kendini yenilemesini sa\u011flayan do\u011fal s\u00fcre\u00e7leri zay\u0131flatmaktad\u0131r.\u0130klim meselesinin sadece \u00e7evresel de\u011fil, ayn\u0131 zamanda varolu\u015fsal bir kriz yaratt\u0131\u011f\u0131 bir \u00e7a\u011fda ya\u015f\u0131yoruz. Schultz bu krizi istatistiklerle ya da soyut kuramlarla de\u011fil, ya\u015fanan deneyimin i\u00e7inden kavrayan etnografik-anlat\u0131sal bir deneme sunuyor. Antroposen \u00e7a\u011f\u0131nda \u00f6zg\u00fcrl\u00fc\u011f\u00fcn nas\u0131l sorumluluk do\u011furdu\u011funu, her eylemin nas\u0131l iz b\u0131rakt\u0131\u011f\u0131n\u0131, ka\u00e7\u0131\u015f\u0131n nas\u0131l imk\u00e2ns\u0131zla\u015ft\u0131\u011f\u0131n\u0131 ki\u015fisel anlat\u0131yla d\u00fc\u015f\u00fcnsel denemeyi harmanlayan \u00f6zg\u00fcn bir dille ele al\u0131yor.G\u00fc\u00e7l\u00fc siyasal ve toplumsal te\u015fhisler de bar\u0131nd\u0131ran kitapta \u00fcretim merkezli modern s\u0131n\u0131f anlay\u0131\u015f\u0131n\u0131n \u00e7\u00f6kt\u00fc\u011f\u00fc \u00f6ne s\u00fcr\u00fcl\u00fcyor: Art\u0131k kimin hangi topraklarda ya\u015fayabilece\u011fi, kimin sele, yang\u0131na, kurakl\u0131\u011fa maruz kalaca\u011f\u0131 etraf\u0131nda \u015fekillenen yeni \u201cjeososyal s\u0131n\u0131flar\u201dla kar\u015f\u0131 kar\u015f\u0131yay\u0131z. G\u00fcn\u00fcm\u00fcz\u00fcn temel \u00e7at\u0131\u015fmalar\u0131 yaln\u0131zca emek ile sermaye aras\u0131nda de\u011fil, ya\u015fanabilir bir d\u00fcnyaya eri\u015fim etraf\u0131nda d\u00f6n\u00fcyor.Kara Tutmas\u0131 okuru teselli etmiyor, daha de\u011ferli bir \u015fey sunuyor: Antroposen\u2018de ya\u015faman\u0131n, d\u00fc\u015f\u00fcnmenin ve sorumluluk alman\u0131n ne anlama geldi\u011fine dair sars\u0131c\u0131 bir berrakl\u0131k.<\/p>\n","protected":false},"excerpt":{"rendered":"<p>\u201cBizi ekolojik aciliyetle y\u00fczle\u015fmek \u00fczere harekete ge\u00e7irebilecek bir kitap varsa, o da Kara Tutmas\u0131\u2019d\u0131r. Kolay okunan bir metnin estetik hazz\u0131n\u0131, derin bir varolu\u015fsal angajmanla benzersiz bir<span class=\"excerpt-hellip\"> [\u2026]<\/span><\/p>\n","protected":false},"featured_media":0,"template":"","meta":{"_monsterinsights_skip_tracking":false,"_monsterinsights_sitenote_active":false,"_monsterinsights_sitenote_note":"","_monsterinsights_sitenote_category":0},"product_brand":[],"product_cat":[23323,12364],"product_tag":[],"class_list":{"0":"post-782916","1":"product","2":"type-product","3":"status-publish","5":"product_cat-ekoloji","6":"product_cat-genel-konular","7":"pa_cilt-ciltsiz","8":"pa_tur-kitap","9":"pa_yayinevi-is-bankasi-kultur-yayinlari","10":"pa_yazar-nikolaj-schultz","12":"first","13":"instock","14":"sale","15":"shipping-taxable","16":"purchasable","17":"product-type-simple"},"_links":{"self":[{"href":"https:\/\/roveyayinevi.com.tr\/index.php\/wp-json\/wp\/v2\/product\/782916","targetHints":{"allow":["GET"]}}],"collection":[{"href":"https:\/\/roveyayinevi.com.tr\/index.php\/wp-json\/wp\/v2\/product"}],"about":[{"href":"https:\/\/roveyayinevi.com.tr\/index.php\/wp-json\/wp\/v2\/types\/product"}],"wp:attachment":[{"href":"https:\/\/roveyayinevi.com.tr\/index.php\/wp-json\/wp\/v2\/media?parent=782916"}],"wp:term":[{"taxonomy":"product_brand","embeddable":true,"href":"https:\/\/roveyayinevi.com.tr\/index.php\/wp-json\/wp\/v2\/product_brand?post=782916"},{"taxonomy":"product_cat","embeddable":true,"href":"https:\/\/roveyayinevi.com.tr\/index.php\/wp-json\/wp\/v2\/product_cat?post=782916"},{"taxonomy":"product_tag","embeddable":true,"href":"https:\/\/roveyayinevi.com.tr\/index.php\/wp-json\/wp\/v2\/product_tag?post=782916"}],"curies":[{"name":"wp","href":"https:\/\/api.w.org\/{rel}","templated":true}]}}