{"id":782892,"date":"2026-02-23T13:05:15","date_gmt":"2026-02-23T10:05:15","guid":{"rendered":"https:\/\/roveyayinevi.com.tr\/index.php\/urun\/akdenizin-hayal-gucu\/"},"modified":"2026-04-15T03:46:14","modified_gmt":"2026-04-15T00:46:14","slug":"akdenizin-hayal-gucu","status":"publish","type":"product","link":"https:\/\/roveyayinevi.com.tr\/index.php\/urun\/akdenizin-hayal-gucu\/","title":{"rendered":"Akdeniz\u2019in Hayal G\u00fcc\u00fc"},"content":{"rendered":"<p>Dillere destan \u201cAkdeniz ruhu\u201d, felaket anlar\u0131na verilen tepkinin emaresi, \u201cne biri ne de \u00f6teki\u201d olanlar\u0131n sa\u011f kalma stratejisi say\u0131labilir mi? Akdeniz, kurakl\u0131k ve tufan gibi afetlerin yan\u0131 s\u0131ra k\u0131tl\u0131k, fetih ve sava\u015f gibi insan elinden \u00e7\u0131kma felaket ve \u00e7alkant\u0131larla biny\u0131llard\u0131r yo\u011frulageliyor. Federico Campagna Akdeniz\u2019in hayal g\u00fcc\u00fc bak\u0131m\u0131ndan bereketli topraklar\u0131nda dola\u015f\u0131rken, Antik\u00e7a\u011f\u0131n ya\u015fam\u0131 ve d\u00fcnyay\u0131 anlamland\u0131rma \u00e7abas\u0131ndan hareketle koyuldu\u011fu yolda mitolojiyle felsefeyi, felsefeyle tarihi i\u00e7 i\u00e7e ge\u00e7iriyor. B\u00fcy\u00fck \u0130skender\u2019in ba\u015fka ba\u015fka k\u00fclt\u00fcrlerdeki tezah\u00fcrlerini, Roma \u0130mparatorlu\u011fu\u2019nun g\u00f6lgesinde solmaya y\u00fcz tutan pagan d\u00fc\u015f\u00fcn\u00fcrleri, din sava\u015flar\u0131n\u0131n ortas\u0131nda ayn\u0131 hik\u00e2yeleri ba\u015fka dillerde dokuyup ya\u015fatarak d\u00fcnyalar kuran \u00e7evirmenleri, hain addedilen korsan, k\u00f6le ve \u201cd\u00f6nme\u201dleri, sava\u015f borazanlar\u0131na kulak t\u0131kayarak ge\u00e7mi\u015fe de gelece\u011fe de can veren yay\u0131nc\u0131, sanat\u00e7\u0131 ve yazarlar\u0131 ele al\u0131yor. Akdeniz halklar\u0131n\u0131n kriz anlar\u0131nda verdi\u011fi \u00f6l\u00fcm kal\u0131m sava\u015f\u0131nda s\u0131\u011f\u0131nd\u0131\u011f\u0131 muhayyile kalelerini ve sonsuz katmanlarla zenginle\u015fen bak\u0131\u015f a\u00e7\u0131lar\u0131n\u0131 g\u00f6zler \u00f6n\u00fcne seriyor. Akdeniz\u2019in melez yap\u0131s\u0131na, belli co\u011frafi s\u0131n\u0131r, k\u00fclt\u00fcr ve etnik k\u00f6kenlere s\u0131\u011fmay\u0131\u015f\u0131na dikkat \u00e7eken Campagna, felsefenin de tarihin de edebiyatla ba\u011f\u0131n\u0131 kuran metniyle bizi \u015fiirsel bir yolculu\u011fa \u00e7\u0131kart\u0131yor. YAZAR HAKKINDA: Federico Campagna 1984\u2019te \u0130talya\u2019da do\u011fdu. Bocconi, Goldsmith ve Royal College of Art \u00fcniversitelerinde k\u00fclt\u00fcrel \u00e7al\u0131\u015fmalar, sanat y\u00f6netimi, felsefe ve iktisat alanlar\u0131nda \u00f6\u011frenim g\u00f6rd\u00fc. The Last Night (Son Gece, Zero Books, 2013), Teknik ve B\u00fcy\u00fc: Ger\u00e7ekli\u011fin Yeniden \u0130n\u015fas\u0131 (\u00e7ev. Bar\u0131\u015f Arpa\u00e7, VBKY, 2021) ve Prophetic Culture (Kehanet K\u00fclt\u00fcr\u00fc, Bloomsbury, 2021) kitaplar\u0131n\u0131 kaleme ald\u0131. Ara\u015ft\u0131rmalar\u0131nda, d\u00fcnya in\u015fa edip kurgulama pratiklerinin tarihsel ve siyasal y\u00f6nlerine, hayal g\u00fcc\u00fcn\u00fcn ger\u00e7eklik kurmadaki rol\u00fcne e\u011filiyor. \u00c9CAL ve Royal College of Art\u2019ta ders vermesinin yan\u0131 s\u0131ra Timeo ve Verso yay\u0131nevlerinde \u00e7al\u0131\u015f\u0131yor. Halen Londra\u2019da ya\u015f\u0131yor.<\/p>\n","protected":false},"excerpt":{"rendered":"<p>Dillere destan \u201cAkdeniz ruhu\u201d, felaket anlar\u0131na verilen tepkinin emaresi, \u201cne biri ne de \u00f6teki\u201d olanlar\u0131n sa\u011f kalma stratejisi say\u0131labilir mi? Akdeniz, kurakl\u0131k ve tufan gibi afetlerin<span class=\"excerpt-hellip\"> [\u2026]<\/span><\/p>\n","protected":false},"featured_media":0,"template":"","meta":{"_monsterinsights_skip_tracking":false,"_monsterinsights_sitenote_active":false,"_monsterinsights_sitenote_note":"","_monsterinsights_sitenote_category":0},"product_brand":[],"product_cat":[12305,12304],"product_tag":[],"class_list":{"0":"post-782892","1":"product","2":"type-product","3":"status-publish","5":"product_cat-dunya-tarihi","6":"product_cat-tarih","7":"pa_cilt-ciltsiz","8":"pa_tur-kitap","9":"pa_yayinevi-metis-yayinlari","10":"pa_yazar-federico-campagna","12":"first","13":"instock","14":"sale","15":"shipping-taxable","16":"purchasable","17":"product-type-simple"},"_links":{"self":[{"href":"https:\/\/roveyayinevi.com.tr\/index.php\/wp-json\/wp\/v2\/product\/782892","targetHints":{"allow":["GET"]}}],"collection":[{"href":"https:\/\/roveyayinevi.com.tr\/index.php\/wp-json\/wp\/v2\/product"}],"about":[{"href":"https:\/\/roveyayinevi.com.tr\/index.php\/wp-json\/wp\/v2\/types\/product"}],"wp:attachment":[{"href":"https:\/\/roveyayinevi.com.tr\/index.php\/wp-json\/wp\/v2\/media?parent=782892"}],"wp:term":[{"taxonomy":"product_brand","embeddable":true,"href":"https:\/\/roveyayinevi.com.tr\/index.php\/wp-json\/wp\/v2\/product_brand?post=782892"},{"taxonomy":"product_cat","embeddable":true,"href":"https:\/\/roveyayinevi.com.tr\/index.php\/wp-json\/wp\/v2\/product_cat?post=782892"},{"taxonomy":"product_tag","embeddable":true,"href":"https:\/\/roveyayinevi.com.tr\/index.php\/wp-json\/wp\/v2\/product_tag?post=782892"}],"curies":[{"name":"wp","href":"https:\/\/api.w.org\/{rel}","templated":true}]}}