{"id":782886,"date":"2026-02-23T13:04:56","date_gmt":"2026-02-23T10:04:56","guid":{"rendered":"https:\/\/roveyayinevi.com.tr\/index.php\/urun\/van-tebligleri-van-ve-cevresi-toplumsal-ekonomik-ve-kulturel-tarihi-konferansi\/"},"modified":"2026-04-15T03:46:13","modified_gmt":"2026-04-15T00:46:13","slug":"van-tebligleri-van-ve-cevresi-toplumsal-ekonomik-ve-kulturel-tarihi-konferansi","status":"publish","type":"product","link":"https:\/\/roveyayinevi.com.tr\/index.php\/urun\/van-tebligleri-van-ve-cevresi-toplumsal-ekonomik-ve-kulturel-tarihi-konferansi\/","title":{"rendered":"Van Tebli\u011fleri Van ve \u00c7evresi Toplumsal Ekonomik ve K\u00fclt\u00fcrel Tarihi Konferans\u0131"},"content":{"rendered":"<p>Van ve \u00e7evresinin toplumsal, k\u00fclt\u00fcrel ve ekonomik tarihine odaklanan konferansa sunulan tebli\u011flerden derlenen bu  se\u00e7ki, b\u00f6lgenin \u00e7ok katmanl\u0131 ekonomik, demografik ve k\u00fclt\u00fcrel ge\u00e7mi\u015fine \u0131\u015f\u0131k tutuyor. Van ve \u00e7evresini merkeze alan \u00e7al\u0131\u015fma, \u00e7ok uluslu bir imparatorlu\u011fun ya\u015fad\u0131\u011f\u0131 radikal d\u00f6n\u00fc\u015f\u00fcm\u00fc ve \u00e7\u00f6z\u00fclme s\u00fcrecini, b\u00f6lgedeki yerel dinamikler ve sosyo-ekonomik de\u011fi\u015fimler \u00fczerinden ele al\u0131yor. Kitapta yer alan makaleler, b\u00f6lgenin kadim halklar\u0131 olan Ermeni, S\u00fcryani ve K\u00fcrt topluluklar\u0131n\u0131n ya\u015fanm\u0131\u015fl\u0131klar\u0131n\u0131 g\u00f6r\u00fcn\u00fcr k\u0131larlarken s\u00f6zl\u00fc tarih anlat\u0131lar\u0131n\u0131n ve maddi k\u00fclt\u00fcr\u00fcn\u00fcn  tarihyaz\u0131m\u0131ndaki \u00f6nemini g\u00f6zler \u00f6n\u00fcne seriyor. Resmi anlat\u0131lar\u0131n \u00f6tesine ge\u00e7en bu se\u00e7ki, sundu\u011fu zengin \u00f6rneklerle yeni ara\u015ft\u0131rma alanlar\u0131na kap\u0131 aral\u0131yor.<\/p>\n","protected":false},"excerpt":{"rendered":"<p>Van ve \u00e7evresinin toplumsal, k\u00fclt\u00fcrel ve ekonomik tarihine odaklanan konferansa sunulan tebli\u011flerden derlenen bu se\u00e7ki, b\u00f6lgenin \u00e7ok katmanl\u0131 ekonomik, demografik ve k\u00fclt\u00fcrel ge\u00e7mi\u015fine \u0131\u015f\u0131k tutuyor. Van<span class=\"excerpt-hellip\"> [\u2026]<\/span><\/p>\n","protected":false},"featured_media":0,"template":"","meta":{"_monsterinsights_skip_tracking":false,"_monsterinsights_sitenote_active":false,"_monsterinsights_sitenote_note":"","_monsterinsights_sitenote_category":0},"product_brand":[],"product_cat":[12767,12324],"product_tag":[],"class_list":{"0":"post-782886","1":"product","2":"type-product","3":"status-publish","5":"product_cat-kentlesme-modernlesme","6":"product_cat-sosyoloji","7":"pa_cilt-ciltsiz","8":"pa_tur-kitap","9":"pa_yayinevi-hrant-dink-vakfi-yayinlari","10":"pa_yazar-kolektif","12":"first","13":"instock","14":"sale","15":"shipping-taxable","16":"purchasable","17":"product-type-simple"},"_links":{"self":[{"href":"https:\/\/roveyayinevi.com.tr\/index.php\/wp-json\/wp\/v2\/product\/782886","targetHints":{"allow":["GET"]}}],"collection":[{"href":"https:\/\/roveyayinevi.com.tr\/index.php\/wp-json\/wp\/v2\/product"}],"about":[{"href":"https:\/\/roveyayinevi.com.tr\/index.php\/wp-json\/wp\/v2\/types\/product"}],"wp:attachment":[{"href":"https:\/\/roveyayinevi.com.tr\/index.php\/wp-json\/wp\/v2\/media?parent=782886"}],"wp:term":[{"taxonomy":"product_brand","embeddable":true,"href":"https:\/\/roveyayinevi.com.tr\/index.php\/wp-json\/wp\/v2\/product_brand?post=782886"},{"taxonomy":"product_cat","embeddable":true,"href":"https:\/\/roveyayinevi.com.tr\/index.php\/wp-json\/wp\/v2\/product_cat?post=782886"},{"taxonomy":"product_tag","embeddable":true,"href":"https:\/\/roveyayinevi.com.tr\/index.php\/wp-json\/wp\/v2\/product_tag?post=782886"}],"curies":[{"name":"wp","href":"https:\/\/api.w.org\/{rel}","templated":true}]}}