{"id":782822,"date":"2026-02-23T13:01:39","date_gmt":"2026-02-23T10:01:39","guid":{"rendered":"https:\/\/roveyayinevi.com.tr\/index.php\/urun\/soguk-savas-doneminde-ideolojik-bir-akim-tarihsel-ideolojik-ve-siyasal-boyutu-ile-turk-islam-sentezi\/"},"modified":"2026-04-15T03:46:10","modified_gmt":"2026-04-15T00:46:10","slug":"soguk-savas-doneminde-ideolojik-bir-akim-tarihsel-ideolojik-ve-siyasal-boyutu-ile-turk-islam-sentezi","status":"publish","type":"product","link":"https:\/\/roveyayinevi.com.tr\/index.php\/urun\/soguk-savas-doneminde-ideolojik-bir-akim-tarihsel-ideolojik-ve-siyasal-boyutu-ile-turk-islam-sentezi\/","title":{"rendered":"So\u011fuk Sava\u015f D\u00f6neminde \u0130deolojik Bir Ak\u0131m: Tarihsel, \u0130deolojik Ve Siyasal Boyutu \u0130le T\u00fcrk \u0130slam Sentezi"},"content":{"rendered":"<p>\u0130\u00e7indekiler : B\u0130R\u0130NC\u0130 B\u00d6L\u00dcM \u00b7 KURAMSAL \u00c7ER\u00c7EVE ve SO\u011eUK SAVA\u015e D\u00d6NEM\u0130 \u00d6NCES\u0130 T\u00dcRK \u0130SLAM SENTEZ\u0130 D\u00dc\u015e\u00dcNCES\u0130N\u0130N TAR\u0130HSEL EVR\u0130M\u0130 \u0130K\u0130NC\u0130 B\u00d6L\u00dcM \u00b7 SO\u011eUK SAVA\u015e D\u00d6NEM\u0130 ve T\u00dcRK \u0130SLAM SENTEZ\u0130N\u0130N ORTAYA \u00c7IKI\u015eI \u00dc\u00c7\u00dcNC\u00dc B\u00d6L\u00dcM \u00b7 TOPLUMSAL ve S\u0130YASAL \u00d6RG\u00dcTLENMEDE T\u00dcRK \u0130SLAM SENTEZ\u0130N\u0130N YER\u0130<\/p>\n","protected":false},"excerpt":{"rendered":"<p>\u0130\u00e7indekiler : B\u0130R\u0130NC\u0130 B\u00d6L\u00dcM \u00b7 KURAMSAL \u00c7ER\u00c7EVE ve SO\u011eUK SAVA\u015e D\u00d6NEM\u0130 \u00d6NCES\u0130 T\u00dcRK \u0130SLAM SENTEZ\u0130 D\u00dc\u015e\u00dcNCES\u0130N\u0130N TAR\u0130HSEL EVR\u0130M\u0130 \u0130K\u0130NC\u0130 B\u00d6L\u00dcM \u00b7 SO\u011eUK SAVA\u015e D\u00d6NEM\u0130 ve T\u00dcRK<span class=\"excerpt-hellip\"> [\u2026]<\/span><\/p>\n","protected":false},"featured_media":0,"template":"","meta":{"_monsterinsights_skip_tracking":false,"_monsterinsights_sitenote_active":false,"_monsterinsights_sitenote_note":"","_monsterinsights_sitenote_category":0},"product_brand":[],"product_cat":[13005,40995],"product_tag":[],"class_list":{"0":"post-782822","1":"product","2":"type-product","3":"status-publish","5":"product_cat-bilim-muhendislik","6":"product_cat-sosyal-bilimler","7":"pa_cilt-ciltsiz","8":"pa_tur-kitap","9":"pa_yayinevi-gazi-kitabevi","10":"pa_yazar-gurkan-kanat","12":"first","13":"instock","14":"sale","15":"shipping-taxable","16":"purchasable","17":"product-type-simple"},"_links":{"self":[{"href":"https:\/\/roveyayinevi.com.tr\/index.php\/wp-json\/wp\/v2\/product\/782822","targetHints":{"allow":["GET"]}}],"collection":[{"href":"https:\/\/roveyayinevi.com.tr\/index.php\/wp-json\/wp\/v2\/product"}],"about":[{"href":"https:\/\/roveyayinevi.com.tr\/index.php\/wp-json\/wp\/v2\/types\/product"}],"wp:attachment":[{"href":"https:\/\/roveyayinevi.com.tr\/index.php\/wp-json\/wp\/v2\/media?parent=782822"}],"wp:term":[{"taxonomy":"product_brand","embeddable":true,"href":"https:\/\/roveyayinevi.com.tr\/index.php\/wp-json\/wp\/v2\/product_brand?post=782822"},{"taxonomy":"product_cat","embeddable":true,"href":"https:\/\/roveyayinevi.com.tr\/index.php\/wp-json\/wp\/v2\/product_cat?post=782822"},{"taxonomy":"product_tag","embeddable":true,"href":"https:\/\/roveyayinevi.com.tr\/index.php\/wp-json\/wp\/v2\/product_tag?post=782822"}],"curies":[{"name":"wp","href":"https:\/\/api.w.org\/{rel}","templated":true}]}}