{"id":782756,"date":"2026-02-23T12:58:46","date_gmt":"2026-02-23T09:58:46","guid":{"rendered":"https:\/\/roveyayinevi.com.tr\/index.php\/urun\/1831-yili-tekfurdagi-tekirdag-muslim-nufus-defteri\/"},"modified":"2026-04-15T03:46:07","modified_gmt":"2026-04-15T00:46:07","slug":"1831-yili-tekfurdagi-tekirdag-muslim-nufus-defteri","status":"publish","type":"product","link":"https:\/\/roveyayinevi.com.tr\/index.php\/urun\/1831-yili-tekfurdagi-tekirdag-muslim-nufus-defteri\/","title":{"rendered":"1831 Y\u0131l\u0131 Tekfurda\u011f\u0131 (Tekirda\u011f) M\u00fcslim N\u00fcfus Defteri"},"content":{"rendered":"<p>Bu kitab\u0131n yay\u0131mlanmas\u0131n\u0131n Tekirda\u011f tarihi i\u00e7in \u00e7ok \u00f6nemli oldu\u011funu d\u00fc\u015f\u00fcnmekteyiz. D\u00f6nemi anlayabilmek ad\u0131na buradan bir\u00e7ok sonuca varabiliriz. Bu kitab\u0131n 1831 y\u0131l\u0131na ait iki deftere ait oldu\u011funu bir kez daha vurgulayarak bundan ba\u015fka \u00e7e\u015fitli y\u0131llara ait defterler oldu\u011funu hat\u0131rlatmak isteriz. Bir\u00e7ok ki\u015fi b\u00fcy\u00fck ihtimalle aile b\u00fcy\u00fcklerinin isimlerini bir zamanlar merak etmi\u015f ve bu konu \u00f6zellikle bir araya gelinen \u00f6zel g\u00fcnlerde konu\u015fulmu\u015ftur. A\u00e7\u0131k\u00e7as\u0131 en \u00e7ok merak edilen sorular\u0131n ba\u015f\u0131nda b\u00fcy\u00fcklerin isimlerinin ne oldu\u011fu olmu\u015ftur. Nereden geldi\u011fimiz, b\u00fcy\u00fcklerimizin kim oldu\u011fu sorusu hep merak ve heyecan uyand\u0131rm\u0131\u015ft\u0131r. Bu kitapta, Tekirda\u011f ve k\u00f6ylerinde ya\u015fayanlar\u0131n bir k\u0131sm\u0131 arad\u0131\u011f\u0131 sorulara cevap bulacakt\u0131r. Ancak bunun bir tak\u0131m zorlu\u011fu olacakt\u0131r. \u00c7\u00fcnk\u00fc defter soyad\u0131 kanundan \u00e7ok daha \u00f6nce tutuldu\u011fu i\u00e7in eskilerden duyulan bir tak\u0131m isim veya lakaplara ihtiya\u00e7 duyulacakt\u0131r. Her ne olursa olsun en az\u0131ndan o d\u00f6nemde ya\u015fayanlar\u0131n isimleri, meslekleri gibi bir\u00e7ok bilgi bu kitapla \u00f6\u011frenilmi\u015f ve gelecek nesillere aktar\u0131lm\u0131\u015f olacakt\u0131r.<\/p>\n","protected":false},"excerpt":{"rendered":"<p>Bu kitab\u0131n yay\u0131mlanmas\u0131n\u0131n Tekirda\u011f tarihi i\u00e7in \u00e7ok \u00f6nemli oldu\u011funu d\u00fc\u015f\u00fcnmekteyiz. D\u00f6nemi anlayabilmek ad\u0131na buradan bir\u00e7ok sonuca varabiliriz. Bu kitab\u0131n 1831 y\u0131l\u0131na ait iki deftere ait oldu\u011funu<span class=\"excerpt-hellip\"> [\u2026]<\/span><\/p>\n","protected":false},"featured_media":0,"template":"","meta":{"_monsterinsights_skip_tracking":false,"_monsterinsights_sitenote_active":false,"_monsterinsights_sitenote_note":"","_monsterinsights_sitenote_category":0},"product_brand":[],"product_cat":[12370,12304],"product_tag":[],"class_list":{"0":"post-782756","1":"product","2":"type-product","3":"status-publish","5":"product_cat-arastirma-inceleme","6":"product_cat-tarih","7":"pa_cilt-ciltsiz","8":"pa_tur-kitap","9":"pa_yayinevi-soncag-akademik-kitaplar","10":"pa_yazar-burcin-isim","12":"first","13":"instock","14":"sale","15":"shipping-taxable","16":"purchasable","17":"product-type-simple"},"_links":{"self":[{"href":"https:\/\/roveyayinevi.com.tr\/index.php\/wp-json\/wp\/v2\/product\/782756","targetHints":{"allow":["GET"]}}],"collection":[{"href":"https:\/\/roveyayinevi.com.tr\/index.php\/wp-json\/wp\/v2\/product"}],"about":[{"href":"https:\/\/roveyayinevi.com.tr\/index.php\/wp-json\/wp\/v2\/types\/product"}],"wp:attachment":[{"href":"https:\/\/roveyayinevi.com.tr\/index.php\/wp-json\/wp\/v2\/media?parent=782756"}],"wp:term":[{"taxonomy":"product_brand","embeddable":true,"href":"https:\/\/roveyayinevi.com.tr\/index.php\/wp-json\/wp\/v2\/product_brand?post=782756"},{"taxonomy":"product_cat","embeddable":true,"href":"https:\/\/roveyayinevi.com.tr\/index.php\/wp-json\/wp\/v2\/product_cat?post=782756"},{"taxonomy":"product_tag","embeddable":true,"href":"https:\/\/roveyayinevi.com.tr\/index.php\/wp-json\/wp\/v2\/product_tag?post=782756"}],"curies":[{"name":"wp","href":"https:\/\/api.w.org\/{rel}","templated":true}]}}