{"id":782729,"date":"2026-02-23T12:57:42","date_gmt":"2026-02-23T09:57:42","guid":{"rendered":"https:\/\/roveyayinevi.com.tr\/index.php\/urun\/turkiyede-sosyal-hizmetlerin-tarihi\/"},"modified":"2026-04-15T03:46:06","modified_gmt":"2026-04-15T00:46:06","slug":"turkiyede-sosyal-hizmetlerin-tarihi","status":"publish","type":"product","link":"https:\/\/roveyayinevi.com.tr\/index.php\/urun\/turkiyede-sosyal-hizmetlerin-tarihi\/","title":{"rendered":"T\u00fcrkiye\u2019de Sosyal Hizmetlerin Tarihi"},"content":{"rendered":"<p>Bu kitap, sosyal hizmetlerin hem tarihsel geli\u015fim s\u00fcrecini, kavramsal olarak nas\u0131l tan\u0131mland\u0131\u011f\u0131n\u0131 ve kapsam\u0131na neleri ald\u0131\u011f\u0131n\u0131 hem de T\u00fcrkiye\u2019de bu kavramsalla\u015ft\u0131rma ve kapsam\u0131n nas\u0131l olu\u015ftu\u011funu ekonomi politik bir perspektiften irdeleyen monografik bir \u00e7al\u0131\u015fman\u0131n \u00fcr\u00fcn\u00fcd\u00fcr. \u015eimdiki zaman\u0131 olu\u015fturan ge\u00e7mi\u015fe odaklanan bu anlat\u0131, eme\u011fin a\u011f\u0131rl\u0131k merkezine kondu\u011fu, \u00e7al\u0131\u015fma ya\u015fam\u0131 d\u0131\u015f\u0131nda kalanlar\u0131n da bu merkezden hareketle de\u011ferlendirildi\u011fi, bu vesileyle sosyal hizmetler ve emek aras\u0131ndaki ili\u015fkiyi g\u00f6r\u00fcn\u00fcr k\u0131lma \u00e7abas\u0131n\u0131n bir \u00fcr\u00fcn\u00fcd\u00fcr. Bu \u00e7aban\u0131n kayna\u011f\u0131, sosyal hizmetler ve \u00e7al\u0131\u015fma aras\u0131ndaki ba\u011f\u0131n kopar\u0131ld\u0131\u011f\u0131na ve bu ba\u011f\u0131n yeniden kurulmas\u0131 gerekti\u011fine ili\u015fkin g\u00f6r\u00fc\u015ft\u00fcr. \u00d6te yandan sosyal hizmetleri \u00e7al\u0131\u015fma ili\u015fkileri ile birlikte d\u00fc\u015f\u00fcnmek, ka\u00e7\u0131n\u0131lmaz olarak siyaset ve sosyal politika alan\u0131na temas etmeyi gerektiriyor. Bu yakla\u015f\u0131m, T\u00fcrkiye\u2019de sosyal hizmetlerin geli\u015fim seyrini anlamay\u0131 m\u00fcmk\u00fcn k\u0131larken, ayn\u0131 zamanda sosyal hizmetlerin toplumsal, siyasal ve ekonomik ba\u011flam i\u00e7indeki ak\u0131\u015fkan rol\u00fcn\u00fc de ortaya koyuyor.<\/p>\n","protected":false},"excerpt":{"rendered":"<p>Bu kitap, sosyal hizmetlerin hem tarihsel geli\u015fim s\u00fcrecini, kavramsal olarak nas\u0131l tan\u0131mland\u0131\u011f\u0131n\u0131 ve kapsam\u0131na neleri ald\u0131\u011f\u0131n\u0131 hem de T\u00fcrkiye\u2019de bu kavramsalla\u015ft\u0131rma ve kapsam\u0131n nas\u0131l olu\u015ftu\u011funu ekonomi<span class=\"excerpt-hellip\"> [\u2026]<\/span><\/p>\n","protected":false},"featured_media":0,"template":"","meta":{"_monsterinsights_skip_tracking":false,"_monsterinsights_sitenote_active":false,"_monsterinsights_sitenote_note":"","_monsterinsights_sitenote_category":0},"product_brand":[],"product_cat":[12835,12324],"product_tag":[],"class_list":{"0":"post-782729","1":"product","2":"type-product","3":"status-publish","5":"product_cat-genel-sosyoloji","6":"product_cat-sosyoloji","7":"pa_cilt-ciltsiz","8":"pa_tur-kitap","9":"pa_yayinevi-nika-yayinevi","10":"pa_yazar-nurdan-burunguz","12":"first","13":"instock","14":"sale","15":"shipping-taxable","16":"purchasable","17":"product-type-simple"},"_links":{"self":[{"href":"https:\/\/roveyayinevi.com.tr\/index.php\/wp-json\/wp\/v2\/product\/782729","targetHints":{"allow":["GET"]}}],"collection":[{"href":"https:\/\/roveyayinevi.com.tr\/index.php\/wp-json\/wp\/v2\/product"}],"about":[{"href":"https:\/\/roveyayinevi.com.tr\/index.php\/wp-json\/wp\/v2\/types\/product"}],"wp:attachment":[{"href":"https:\/\/roveyayinevi.com.tr\/index.php\/wp-json\/wp\/v2\/media?parent=782729"}],"wp:term":[{"taxonomy":"product_brand","embeddable":true,"href":"https:\/\/roveyayinevi.com.tr\/index.php\/wp-json\/wp\/v2\/product_brand?post=782729"},{"taxonomy":"product_cat","embeddable":true,"href":"https:\/\/roveyayinevi.com.tr\/index.php\/wp-json\/wp\/v2\/product_cat?post=782729"},{"taxonomy":"product_tag","embeddable":true,"href":"https:\/\/roveyayinevi.com.tr\/index.php\/wp-json\/wp\/v2\/product_tag?post=782729"}],"curies":[{"name":"wp","href":"https:\/\/api.w.org\/{rel}","templated":true}]}}