{"id":782727,"date":"2026-02-23T12:57:38","date_gmt":"2026-02-23T09:57:38","guid":{"rendered":"https:\/\/roveyayinevi.com.tr\/index.php\/urun\/dunyaya-cocuk-getirmek-ne-anlama-gelir\/"},"modified":"2026-04-15T03:46:05","modified_gmt":"2026-04-15T00:46:05","slug":"dunyaya-cocuk-getirmek-ne-anlama-gelir","status":"publish","type":"product","link":"https:\/\/roveyayinevi.com.tr\/index.php\/urun\/dunyaya-cocuk-getirmek-ne-anlama-gelir\/","title":{"rendered":"D\u00fcnyaya \u00c7ocuk Getirmek Ne Anlama Gelir?"},"content":{"rendered":"<p>Hepimiz kula\u011fa \u00e7ok s\u0131radanm\u0131\u015f gibi gelen, \u201c\u00c7ocuk sahibi olmak istiyor musun?\u201d sorusunu defalarca kez duymu\u015fuzdur. Mara van der Lugt insan varolu\u015funun en derin meselelerinden birinin gizlendi\u011fi bu soru \u00fczerine s\u00fcregelen suskunlu\u011fu bozarak cesur bir d\u00fc\u015f\u00fcnsel yolculu\u011fa \u00e7\u0131kar\u0131yor bizi. Bir \u00e7ocuk yaratmak ne demektir? D\u00fcnyaya bir \u00e7ocuk getirme karar\u0131 \u00e7o\u011falma g\u00fcd\u00fcs\u00fc ve yerle\u015fik toplumsal kabullerle izah edilecek kadar \u00f6nemsiz mi? Kendisine dan\u0131\u015famayaca\u011f\u0131m\u0131z bir varl\u0131k ad\u0131na hayat\u0131n ya\u015fanmaya de\u011fer oldu\u011funa karar vermeye hakk\u0131m\u0131z var m\u0131?Mara van der Lugt felsefeden teolojiye, etik tart\u0131\u015fmalardan edebiyata ve g\u00fcn\u00fcm\u00fcz pop\u00fcler k\u00fclt\u00fcr\u00fcne uzanan geni\u015f bir alanda, \u00e7ocuk sahibi olma arzusunun temelini sarsacak bir d\u00fc\u015f\u00fcnme alan\u0131 a\u00e7\u0131yor.<\/p>\n","protected":false},"excerpt":{"rendered":"<p>Hepimiz kula\u011fa \u00e7ok s\u0131radanm\u0131\u015f gibi gelen, \u201c\u00c7ocuk sahibi olmak istiyor musun?\u201d sorusunu defalarca kez duymu\u015fuzdur. Mara van der Lugt insan varolu\u015funun en derin meselelerinden birinin gizlendi\u011fi<span class=\"excerpt-hellip\"> [\u2026]<\/span><\/p>\n","protected":false},"featured_media":0,"template":"","meta":{"_monsterinsights_skip_tracking":false,"_monsterinsights_sitenote_active":false,"_monsterinsights_sitenote_note":"","_monsterinsights_sitenote_category":0},"product_brand":[],"product_cat":[16038,12388],"product_tag":[],"class_list":{"0":"post-782727","1":"product","2":"type-product","3":"status-publish","5":"product_cat-arastirma-inceleme-referans-felsefe","6":"product_cat-felsefe","7":"pa_cilt-ciltsiz","8":"pa_tur-kitap","9":"pa_yayinevi-kolektif-kitap","10":"pa_yazar-mara-van-der-lugt","12":"first","13":"instock","14":"sale","15":"shipping-taxable","16":"purchasable","17":"product-type-simple"},"_links":{"self":[{"href":"https:\/\/roveyayinevi.com.tr\/index.php\/wp-json\/wp\/v2\/product\/782727","targetHints":{"allow":["GET"]}}],"collection":[{"href":"https:\/\/roveyayinevi.com.tr\/index.php\/wp-json\/wp\/v2\/product"}],"about":[{"href":"https:\/\/roveyayinevi.com.tr\/index.php\/wp-json\/wp\/v2\/types\/product"}],"wp:attachment":[{"href":"https:\/\/roveyayinevi.com.tr\/index.php\/wp-json\/wp\/v2\/media?parent=782727"}],"wp:term":[{"taxonomy":"product_brand","embeddable":true,"href":"https:\/\/roveyayinevi.com.tr\/index.php\/wp-json\/wp\/v2\/product_brand?post=782727"},{"taxonomy":"product_cat","embeddable":true,"href":"https:\/\/roveyayinevi.com.tr\/index.php\/wp-json\/wp\/v2\/product_cat?post=782727"},{"taxonomy":"product_tag","embeddable":true,"href":"https:\/\/roveyayinevi.com.tr\/index.php\/wp-json\/wp\/v2\/product_tag?post=782727"}],"curies":[{"name":"wp","href":"https:\/\/api.w.org\/{rel}","templated":true}]}}