{"id":782653,"date":"2026-02-23T12:52:02","date_gmt":"2026-02-23T09:52:02","guid":{"rendered":"https:\/\/roveyayinevi.com.tr\/index.php\/urun\/coldeki-itifak-macar-askerlerinin-gozunden-osmanli-imparatorlugu\/"},"modified":"2026-04-15T03:44:38","modified_gmt":"2026-04-15T00:44:38","slug":"coldeki-itifak-macar-askerlerinin-gozunden-osmanli-imparatorlugu","status":"publish","type":"product","link":"https:\/\/roveyayinevi.com.tr\/index.php\/urun\/coldeki-itifak-macar-askerlerinin-gozunden-osmanli-imparatorlugu\/","title":{"rendered":"\u00c7\u00f6ldeki \u0130tifak &#8211; Macar Askerlerinin G\u00f6z\u00fcnden Osmanl\u0131 \u0130mparatorlu\u011fu"},"content":{"rendered":"<p>&#8220;B\u00fcy\u00fck Sava\u015f&#8221; olarak adland\u0131r\u0131lan Birinci D\u00fcnya Sava\u015f\u0131 s\u0131ras\u0131nda, Avusturya-Macaristan\u2019a ait asker\u00ee birlikler, m\u00fcttefik Osmanl\u0131 birliklerine asker\u00ee, t\u0131bbi, teknik ve lojistik destek sa\u011flamak \u00fczere Osmanl\u0131 topraklar\u0131nda sava\u015fm\u0131\u015ft\u0131r. Tamam\u0131 Macar uyruklu askerlerden olu\u015fan bir \u0130mparatorluk ve Kraliyet Da\u011f Top\u00e7u Ob\u00fcs\u00fc birli\u011fi, 1916-1918 y\u0131llar\u0131 aras\u0131nda Sina-Filistin Cephesi\u2019ndeki \u00e7at\u0131\u015fmalara kat\u0131lm\u0131\u015ft\u0131r. Avusturya-Macaristan birliklerinin tarihi, Avusturyal\u0131, Macar ve T\u00fcrk tarih\u00e7iler taraf\u0131ndan incelenmi\u015fse de bu birliklerde g\u00f6rev yapan askerlerin ki\u015fisel an\u0131lar\u0131 hen\u00fcz g\u00fcn y\u00fcz\u00fcne \u00e7\u0131kar\u0131lmam\u0131\u015f ve yay\u0131mlanmam\u0131\u015ft\u0131r. Bu ba\u011flamda, 15 y\u0131l \u00f6nce Macaristan\u2019da kurulan B\u00fcy\u00fck Sava\u015f Ara\u015ft\u0131rmalar\u0131 Kamu Vakf\u0131 ve B\u00fcy\u00fck Sava\u015f Blogu ailesi olarak ge\u00e7ti\u011fimiz y\u0131llarda, Sina-Filistin Cephesi\u2019nde sava\u015fan top\u00e7u birliklerinde g\u00f6rev yapm\u0131\u015f ve g\u00fcnl\u00fck tutmu\u015f iki yazar\u0131n yaz\u0131lar\u0131n\u0131 sunmaktan mutluluk duyar\u0131z. Telefoncu olarak top\u00e7u bataryalar\u0131nda g\u00f6rev yapm\u0131\u015f Lajos Somogyi ile bir top\u00e7u bataryas\u0131nda doktor olarak g\u00f6rev yapan Albay Dr. Gyula Kem\u00e9ny\u2019e ait ve foto\u011fraflarla desteklenen bu g\u00fcnl\u00fckler, Sina-Filistin Cephesi hakk\u0131nda bildiklerimizi yepyeni ve bug\u00fcne kadar bilinmeyen ayr\u0131nt\u0131larla zenginle\u015ftirecektir. <\/p>\n","protected":false},"excerpt":{"rendered":"<p>&#8220;B\u00fcy\u00fck Sava\u015f&#8221; olarak adland\u0131r\u0131lan Birinci D\u00fcnya Sava\u015f\u0131 s\u0131ras\u0131nda, Avusturya-Macaristan\u2019a ait asker\u00ee birlikler, m\u00fcttefik Osmanl\u0131 birliklerine asker\u00ee, t\u0131bbi, teknik ve lojistik destek sa\u011flamak \u00fczere Osmanl\u0131 topraklar\u0131nda sava\u015fm\u0131\u015ft\u0131r.<span class=\"excerpt-hellip\"> [\u2026]<\/span><\/p>\n","protected":false},"featured_media":0,"template":"","meta":{"_monsterinsights_skip_tracking":false,"_monsterinsights_sitenote_active":false,"_monsterinsights_sitenote_note":"","_monsterinsights_sitenote_category":0},"product_brand":[],"product_cat":[12370,12304],"product_tag":[],"class_list":{"0":"post-782653","1":"product","2":"type-product","3":"status-publish","5":"product_cat-arastirma-inceleme","6":"product_cat-tarih","7":"pa_cilt-ciltsiz","8":"pa_tur-kitap","9":"pa_yayinevi-yeditepe-yayinevi","10":"pa_yazar-gyula-kemeny-lajos-somogyi","12":"first","13":"instock","14":"sale","15":"shipping-taxable","16":"purchasable","17":"product-type-simple"},"_links":{"self":[{"href":"https:\/\/roveyayinevi.com.tr\/index.php\/wp-json\/wp\/v2\/product\/782653","targetHints":{"allow":["GET"]}}],"collection":[{"href":"https:\/\/roveyayinevi.com.tr\/index.php\/wp-json\/wp\/v2\/product"}],"about":[{"href":"https:\/\/roveyayinevi.com.tr\/index.php\/wp-json\/wp\/v2\/types\/product"}],"wp:attachment":[{"href":"https:\/\/roveyayinevi.com.tr\/index.php\/wp-json\/wp\/v2\/media?parent=782653"}],"wp:term":[{"taxonomy":"product_brand","embeddable":true,"href":"https:\/\/roveyayinevi.com.tr\/index.php\/wp-json\/wp\/v2\/product_brand?post=782653"},{"taxonomy":"product_cat","embeddable":true,"href":"https:\/\/roveyayinevi.com.tr\/index.php\/wp-json\/wp\/v2\/product_cat?post=782653"},{"taxonomy":"product_tag","embeddable":true,"href":"https:\/\/roveyayinevi.com.tr\/index.php\/wp-json\/wp\/v2\/product_tag?post=782653"}],"curies":[{"name":"wp","href":"https:\/\/api.w.org\/{rel}","templated":true}]}}