{"id":782411,"date":"2026-02-23T11:36:12","date_gmt":"2026-02-23T08:36:12","guid":{"rendered":"https:\/\/roveyayinevi.com.tr\/index.php\/urun\/muhammed-ali-amerikaya-karsi-1966-1971\/"},"modified":"2026-04-16T02:34:09","modified_gmt":"2026-04-15T23:34:09","slug":"muhammed-ali-amerikaya-karsi-1966-1971","status":"publish","type":"product","link":"https:\/\/roveyayinevi.com.tr\/index.php\/urun\/muhammed-ali-amerikaya-karsi-1966-1971\/","title":{"rendered":"Muhammed Ali Amerika\u2019ya Kar\u015f\u0131 1966-1971"},"content":{"rendered":"<p>Muhammed Ali, 1960\u2019lar\u0131n sonlar\u0131nda gen\u00e7, ba\u015far\u0131l\u0131, at\u0131lgan ve hayranl\u0131k duyulan biriydi, ancak baz\u0131 \u00e7ekinceler vard\u0131. \u00c7ok az insan\u0131n a\u00e7\u0131k konu\u015fabildi\u011fi bir d\u00f6nemde cesur bir Afro-Amerikan genciydi. K\u00f6le ismi oldu\u011fu i\u00e7in Cassius Clay\u2019i reddetti ve M\u00fcsl\u00fcman olup Muhammed Ali ismini ald\u0131. 1966\u2019da askere \u00e7a\u011fr\u0131ld\u0131\u011f\u0131nda dini ve vicdani nedenlerle orduya kat\u0131lmay\u0131 reddetti ve ringdeki t\u00fcm kar\u015f\u0131la\u015fmalar\u0131ndan daha b\u00fcy\u00fck bir kavgay\u0131 tetikledi. Muhammed Ali okun ucuydu, vicdani ret hareketinin somutla\u015fm\u0131\u015f hali oldu. Haziran 2016\u2019da Muhammed Ali\u2019nin \u00f6l\u00fcm\u00fcyle birlikte d\u00fcnya bir kahraman\u0131, bir a\u011f\u0131r s\u0131klet \u015fampiyonunu, bir Olimpiyat madalyas\u0131n\u0131, bir ikonu ve Amerika\u2019n\u0131n b\u00fcy\u00fckl\u00fc\u011f\u00fcn\u00fc temsil eden bir adam\u0131 hat\u0131rlad\u0131. New York Times\u2019\u0131n \u00e7ok satan yazar\u0131 Leigh Montville, Muhammed Ali Amerika\u2019ya Kar\u015f\u0131\u2019da  derinlere g\u00f6m\u00fclm\u00fc\u015f bir hik\u00e2yenin b\u00fcy\u00fcleyici tarih\u00e7esini anlat\u0131yor. <\/p>\n","protected":false},"excerpt":{"rendered":"<p>Muhammed Ali, 1960\u2019lar\u0131n sonlar\u0131nda gen\u00e7, ba\u015far\u0131l\u0131, at\u0131lgan ve hayranl\u0131k duyulan biriydi, ancak baz\u0131 \u00e7ekinceler vard\u0131. \u00c7ok az insan\u0131n a\u00e7\u0131k konu\u015fabildi\u011fi bir d\u00f6nemde cesur bir Afro-Amerikan genciydi.<span class=\"excerpt-hellip\"> [\u2026]<\/span><\/p>\n","protected":false},"featured_media":0,"template":"","meta":{"_monsterinsights_skip_tracking":false,"_monsterinsights_sitenote_active":false,"_monsterinsights_sitenote_note":"","_monsterinsights_sitenote_category":0},"product_brand":[],"product_cat":[14009,12291],"product_tag":[],"class_list":{"0":"post-782411","1":"product","2":"type-product","3":"status-publish","5":"product_cat-biyografi-otobiyografi-edebiyat","6":"product_cat-edebiyat","7":"pa_cilt-ciltsiz","8":"pa_tur-kitap","9":"pa_yayinevi-alfa-yayinlari","10":"pa_yazar-leigh-montville","12":"first","13":"instock","14":"sale","15":"shipping-taxable","16":"purchasable","17":"product-type-simple"},"_links":{"self":[{"href":"https:\/\/roveyayinevi.com.tr\/index.php\/wp-json\/wp\/v2\/product\/782411","targetHints":{"allow":["GET"]}}],"collection":[{"href":"https:\/\/roveyayinevi.com.tr\/index.php\/wp-json\/wp\/v2\/product"}],"about":[{"href":"https:\/\/roveyayinevi.com.tr\/index.php\/wp-json\/wp\/v2\/types\/product"}],"wp:attachment":[{"href":"https:\/\/roveyayinevi.com.tr\/index.php\/wp-json\/wp\/v2\/media?parent=782411"}],"wp:term":[{"taxonomy":"product_brand","embeddable":true,"href":"https:\/\/roveyayinevi.com.tr\/index.php\/wp-json\/wp\/v2\/product_brand?post=782411"},{"taxonomy":"product_cat","embeddable":true,"href":"https:\/\/roveyayinevi.com.tr\/index.php\/wp-json\/wp\/v2\/product_cat?post=782411"},{"taxonomy":"product_tag","embeddable":true,"href":"https:\/\/roveyayinevi.com.tr\/index.php\/wp-json\/wp\/v2\/product_tag?post=782411"}],"curies":[{"name":"wp","href":"https:\/\/api.w.org\/{rel}","templated":true}]}}