{"id":782391,"date":"2026-02-23T11:30:55","date_gmt":"2026-02-23T08:30:55","guid":{"rendered":"https:\/\/roveyayinevi.com.tr\/index.php\/urun\/milliyetciligin-cografyalari\/"},"modified":"2026-04-16T02:31:48","modified_gmt":"2026-04-15T23:31:48","slug":"milliyetciligin-cografyalari","status":"publish","type":"product","link":"https:\/\/roveyayinevi.com.tr\/index.php\/urun\/milliyetciligin-cografyalari\/","title":{"rendered":"Milliyet\u00e7ili\u011fin Co\u011frafyalar\u0131"},"content":{"rendered":"<p>Milliyet\u00e7ilik-co\u011frafya ili\u015fkisi, milliyet sosyolojisinin te\u015fekk\u00fcl etti\u011fi, milletlere \u00f6zg\u00fcn bir alan\u0131n in\u015fa edildi\u011fi bir s\u00fcreci ihtiva etmektedir. Milliyet\u00e7ili\u011fin do\u011fas\u0131 itibariyle, farkl\u0131 formlar\u0131 ve doktriner yap\u0131s\u0131, co\u011frafyan\u0131n \u015fekillenmesinde farkl\u0131 tecr\u00fcbe ve pratikleri de beraberinde getirmi\u015ftir.Co\u011frafya, milletlerin milli haf\u0131zalar\u0131n\u0131n demirlendi\u011fi; mit, sembol  ve rit\u00fcellerle hat\u0131rlama k\u00fclt\u00fcr\u00fcn\u00fcn olu\u015ftu\u011fu; siyasal kaderinin ve istikametinin belirlendi\u011fi bir unsur olarak g\u00f6r\u00fclmektedir. Bu y\u00f6n\u00fcyle kimli\u011fin ontolojik zemini, epistemolojik y\u00f6nelimleri milliyet\u00e7ilik &#8211; co\u011frafya ili\u015fkisinin h\u00fcsas\u0131d\u0131r denilebilir. Milliyet\u00e7ilik ontolojik ba\u011flam\u0131 m\u00fcnasebetiyle bir co\u011frafyaya egemen olma ve o co\u011frafya da varl\u0131\u011f\u0131n\u0131 idame ettirme m\u00fccadelesidir. Di\u011fer bir tabirle,milliyet\u00e7ili\u011fin co\u011frafi izd\u00fc\u015f\u00fcm\u00fc, toplumlar\u0131n y\u00fcr\u00fctt\u00fc\u011f\u00fc istiklal ve stikbal m\u00fccadeleleridir.Bu minvalde, istiklal; ontolojik g\u00fcvenli\u011fin vechesi olarak bir toplumun kimli\u011fini olu\u015fturan inan\u00e7, de\u011fer, ilke ve normlarla bir co\u011frafyay\u0131 vatana d\u00f6n\u00fc\u015ft\u00fcrme motivazyonu ihtiva etmektedir.\u0130stikbal ise; milli aidiyeti g\u00fc\u00e7l\u00fc k\u0131lacak hukuki ve sosyolojik zeminin g\u00fc\u00e7lendirilmesi ve co\u011frafyay\u0131 m\u00fcreffeh bir \u015fekilde ya\u015fanbilir hale getirme i\u015ftiyak\u0131d\u0131r. Moderniteyle birlikte Avrupa&#8217;da zuhur eden milliyet\u00e7ilik d\u00fc\u015f\u00fcncesinde, co\u011frafyay\u0131 tan\u0131mlayan, \u015fekillendiren ve tarihi arkaplan\u0131yla anlamland\u0131ran siyasi yap\u0131, ulus devletidir. Ulus devler form\u00fcl\u00fc, s\u0131n\u0131rlar\u0131 muayyen olarak belirlenmi\u015f territoryal hakimiyeti vurgulamaktad\u0131r. &#8221;Milliyet\u00e7ili\u011fin Co\u011frafyalar\u0131&#8221; adl\u0131 bu \u00e7al\u0131\u015fmada, farkl\u0131 co\u011frafyalarda zuhur eden milliyet\u00e7ilik tecr\u00fcbeleri kaleme al\u0131nm\u0131\u015ft\u0131r. \u00c7al\u0131\u015fma kapsam\u0131ndaki \u00fclkelerin; ulusla\u015fma s\u00fcre\u00e7leri ve bu s\u00fcre\u00e7te \u00f6n plana \u00e7\u0131kan unsurlar, kimli\u011fin ve ulus devletin te\u015fkilinde kullan\u0131lan enstr\u00fcmanlar\u0131n milliyet\u00e7ilik terkibindeki rol\u00fc ve yeri, sonolarak haf\u0131za &#8211; kimlik &#8211; mekan denkleminin milli kimli\u011fin olu\u015fumundaki konumu detayl\u0131 bir \u015fekilde incelenmi\u015ftir.<\/p>\n","protected":false},"excerpt":{"rendered":"<p>Milliyet\u00e7ilik-co\u011frafya ili\u015fkisi, milliyet sosyolojisinin te\u015fekk\u00fcl etti\u011fi, milletlere \u00f6zg\u00fcn bir alan\u0131n in\u015fa edildi\u011fi bir s\u00fcreci ihtiva etmektedir. Milliyet\u00e7ili\u011fin do\u011fas\u0131 itibariyle, farkl\u0131 formlar\u0131 ve doktriner yap\u0131s\u0131, co\u011frafyan\u0131n \u015fekillenmesinde<span class=\"excerpt-hellip\"> [\u2026]<\/span><\/p>\n","protected":false},"featured_media":0,"template":"","meta":{"_monsterinsights_skip_tracking":false,"_monsterinsights_sitenote_active":false,"_monsterinsights_sitenote_note":"","_monsterinsights_sitenote_category":0},"product_brand":[],"product_cat":[12338,12337],"product_tag":[],"class_list":{"0":"post-782391","1":"product","2":"type-product","3":"status-publish","5":"product_cat-dunya-siyaseti-ve-politikasi","6":"product_cat-politika-siyaset","7":"pa_cilt-ciltsiz","8":"pa_tur-kitap","9":"pa_yayinevi-a-kitap","10":"pa_yazar-kolektif","12":"first","13":"instock","14":"sale","15":"shipping-taxable","16":"purchasable","17":"product-type-simple"},"_links":{"self":[{"href":"https:\/\/roveyayinevi.com.tr\/index.php\/wp-json\/wp\/v2\/product\/782391","targetHints":{"allow":["GET"]}}],"collection":[{"href":"https:\/\/roveyayinevi.com.tr\/index.php\/wp-json\/wp\/v2\/product"}],"about":[{"href":"https:\/\/roveyayinevi.com.tr\/index.php\/wp-json\/wp\/v2\/types\/product"}],"wp:attachment":[{"href":"https:\/\/roveyayinevi.com.tr\/index.php\/wp-json\/wp\/v2\/media?parent=782391"}],"wp:term":[{"taxonomy":"product_brand","embeddable":true,"href":"https:\/\/roveyayinevi.com.tr\/index.php\/wp-json\/wp\/v2\/product_brand?post=782391"},{"taxonomy":"product_cat","embeddable":true,"href":"https:\/\/roveyayinevi.com.tr\/index.php\/wp-json\/wp\/v2\/product_cat?post=782391"},{"taxonomy":"product_tag","embeddable":true,"href":"https:\/\/roveyayinevi.com.tr\/index.php\/wp-json\/wp\/v2\/product_tag?post=782391"}],"curies":[{"name":"wp","href":"https:\/\/api.w.org\/{rel}","templated":true}]}}