{"id":782207,"date":"2026-02-23T10:50:49","date_gmt":"2026-02-23T07:50:49","guid":{"rendered":"https:\/\/roveyayinevi.com.tr\/index.php\/urun\/medya-ve-nefret-soylemi-kavramlar-mecralar-tartismalar\/"},"modified":"2026-04-16T02:08:51","modified_gmt":"2026-04-15T23:08:51","slug":"medya-ve-nefret-soylemi-kavramlar-mecralar-tartismalar","status":"publish","type":"product","link":"https:\/\/roveyayinevi.com.tr\/index.php\/urun\/medya-ve-nefret-soylemi-kavramlar-mecralar-tartismalar\/","title":{"rendered":"Medya ve Nefret S\u00f6ylemi: Kavramlar, Mecralar, Tart\u0131\u015fmalar"},"content":{"rendered":"<p>T\u00fcrkiye\u2019de nefret s\u00f6ylemi ve nefret su\u00e7u, demokrasinin peki\u015fmesi ve birlikte ya\u015fama k\u00fclt\u00fcr\u00fcn\u00fcn g\u00fc\u00e7lenmesinin \u00f6n\u00fcndeki en \u00f6nemli engellerdendir. Yarg\u0131 kararlar\u0131 nefret s\u00f6ylemini i\u00e7ermekte, merkez medya gazetelerinde ve TV kanallar\u0131nda nefret s\u00f6ylemi kullan\u0131lmakta, siyasi parti liderleri ve milletvekilleri rahatl\u0131kla nefret s\u00f6ylemini dillendirmektedir. Nefret su\u00e7u, i\u00e7erdi\u011fi hunharca cinayetlerle, suikastlarla, d\u0131\u015flamalarla, insan trajedileri yaratmaktad\u0131r. T\u00fcrkiye\u2019de iyi, demokratik, adaletli toplum y\u00f6netimi, farkl\u0131l\u0131klar i\u00e7inde birlikte ya\u015famak ve demokrasiyi peki\u015ftirmek, nefret s\u00f6ylemine ve su\u00e7una kar\u015f\u0131 m\u00fccadele etmeden m\u00fcmk\u00fcn g\u00f6r\u00fcnmemektedir. (Fuat Keyman\u2019\u0131n \u00f6ns\u00f6z\u00fcnden) Elinizdeki kitap, bu alanda \u00e7ok \u00f6nemli \u00e7al\u0131\u015fmalar yapm\u0131\u015f isimlerin yaz\u0131lar\u0131ndan olu\u015fmakta; gerek kuramsal ve okuma zenginli\u011fi, gerek sundu\u011fu ara\u015ft\u0131rma bulgular\u0131 ve yorumlar\u0131 temelinde, bir referans \u00e7al\u0131\u015fma olup, \u00fcniversitelerin sosyal bilimler b\u00f6l\u00fcmlerinde, \u00f6zellikle ileti\u015fim ve medya b\u00f6l\u00fcmlerinde ders kitab\u0131 olarak da okutulabilecek bir derlemedir.<\/p>\n","protected":false},"excerpt":{"rendered":"<p>T\u00fcrkiye\u2019de nefret s\u00f6ylemi ve nefret su\u00e7u, demokrasinin peki\u015fmesi ve birlikte ya\u015fama k\u00fclt\u00fcr\u00fcn\u00fcn g\u00fc\u00e7lenmesinin \u00f6n\u00fcndeki en \u00f6nemli engellerdendir. Yarg\u0131 kararlar\u0131 nefret s\u00f6ylemini i\u00e7ermekte, merkez medya gazetelerinde ve<span class=\"excerpt-hellip\"> [\u2026]<\/span><\/p>\n","protected":false},"featured_media":0,"template":"","meta":{"_monsterinsights_skip_tracking":false,"_monsterinsights_sitenote_active":false,"_monsterinsights_sitenote_note":"","_monsterinsights_sitenote_category":0},"product_brand":[],"product_cat":[16098,12337],"product_tag":[],"class_list":{"0":"post-782207","1":"product","2":"type-product","3":"status-publish","5":"product_cat-politik-akimlar-hareketler","6":"product_cat-politika-siyaset","7":"pa_cilt-ciltsiz","8":"pa_tur-kitap","9":"pa_yayinevi-hrant-dink-vakfi-yayinlari","10":"pa_yazar-uluslararasi-hrant-dink-vakfi-yay","12":"first","13":"instock","14":"sale","15":"shipping-taxable","16":"purchasable","17":"product-type-simple"},"_links":{"self":[{"href":"https:\/\/roveyayinevi.com.tr\/index.php\/wp-json\/wp\/v2\/product\/782207","targetHints":{"allow":["GET"]}}],"collection":[{"href":"https:\/\/roveyayinevi.com.tr\/index.php\/wp-json\/wp\/v2\/product"}],"about":[{"href":"https:\/\/roveyayinevi.com.tr\/index.php\/wp-json\/wp\/v2\/types\/product"}],"wp:attachment":[{"href":"https:\/\/roveyayinevi.com.tr\/index.php\/wp-json\/wp\/v2\/media?parent=782207"}],"wp:term":[{"taxonomy":"product_brand","embeddable":true,"href":"https:\/\/roveyayinevi.com.tr\/index.php\/wp-json\/wp\/v2\/product_brand?post=782207"},{"taxonomy":"product_cat","embeddable":true,"href":"https:\/\/roveyayinevi.com.tr\/index.php\/wp-json\/wp\/v2\/product_cat?post=782207"},{"taxonomy":"product_tag","embeddable":true,"href":"https:\/\/roveyayinevi.com.tr\/index.php\/wp-json\/wp\/v2\/product_tag?post=782207"}],"curies":[{"name":"wp","href":"https:\/\/api.w.org\/{rel}","templated":true}]}}