{"id":781642,"date":"2026-01-27T04:17:26","date_gmt":"2026-01-27T01:17:26","guid":{"rendered":"https:\/\/roveyayinevi.com.tr\/index.php\/urun\/devrimci-genclik-dergisi-50-yil-ozel-baskisi\/"},"modified":"2026-04-15T03:46:04","modified_gmt":"2026-04-15T00:46:04","slug":"devrimci-genclik-dergisi-50-yil-ozel-baskisi","status":"publish","type":"product","link":"https:\/\/roveyayinevi.com.tr\/index.php\/urun\/devrimci-genclik-dergisi-50-yil-ozel-baskisi\/","title":{"rendered":"Devrimci Gen\u00e7lik Dergisi 50. Y\u0131l \u00d6zel Bask\u0131s\u0131"},"content":{"rendered":"<p>Emperyalizme ve Oligar\u015fiye Kar\u015f\u0131 DEVR\u0130MC\u0130 GEN\u00c7L\u0130K dergisi Kas\u0131m 1975\u2019te yay\u0131n hayat\u0131na ba\u015flad\u0131. \u201cYa\u015fas\u0131n Gen\u00e7li\u011fin Devrimci Eyleminin Birli\u011fi\u201d \u00e7a\u011fr\u0131s\u0131yla yay\u0131n hayat\u0131na ba\u015flayan Devrimci Gen\u00e7lik \u00e7\u0131k\u0131\u015f bildirisinde hedefini \u201cgenel olarak emek\u00e7i halk\u0131n, \u00f6zel olarak devrimci gen\u00e7li\u011fin ekonomik-demokratik m\u00fccadelesindeki, emperyalizme ve fa\u015fizme kar\u015f\u0131 sava\u015f\u0131ndaki birli\u011fini sa\u011flamak ve b\u00f6yle bir birli\u011fin teorik temellerini olu\u015fturmak i\u00e7in bir ad\u0131m olarak\u201d tan\u0131mlad\u0131.  68 m\u00fccadelesinde b\u00fcy\u00fcyen DEV-GEN\u00c7\u2019ten ba\u015flayarak her ku\u015fakta yenilenip b\u00fcy\u00fcyen ve bug\u00fcnlere uzanan uzun ve onurlu yolculu\u011fun, Devrimci Gen\u00e7lik\u2019le ba\u015flayan 50.y\u0131l\u0131nda Devrimci Gen\u00e7lik Dergilerinin 1975-1980 aras\u0131nda yay\u0131nlanan 20 say\u0131s\u0131n\u0131 t\u0131pk\u0131 bas\u0131m olarak yay\u0131nl\u0131yoruz. 50 y\u0131l \u00f6ncesinden ba\u015flayarak 19 Mart\u2019ta barikatlar\u0131 y\u0131kan gen\u00e7lerin ellerinde \u00e7o\u011falan DEV-GEN\u00c7\u2019in ve bu onurlu m\u00fccadeleyi can\u0131 pahas\u0131na yaratan, kaybetti\u011fimiz g\u00fczel arkada\u015flar\u0131m\u0131z\u0131n bug\u00fcne \u00e7a\u011fr\u0131s\u0131 da budur\u2026<\/p>\n","protected":false},"excerpt":{"rendered":"<p>Emperyalizme ve Oligar\u015fiye Kar\u015f\u0131 DEVR\u0130MC\u0130 GEN\u00c7L\u0130K dergisi Kas\u0131m 1975\u2019te yay\u0131n hayat\u0131na ba\u015flad\u0131. \u201cYa\u015fas\u0131n Gen\u00e7li\u011fin Devrimci Eyleminin Birli\u011fi\u201d \u00e7a\u011fr\u0131s\u0131yla yay\u0131n hayat\u0131na ba\u015flayan Devrimci Gen\u00e7lik \u00e7\u0131k\u0131\u015f bildirisinde hedefini<span class=\"excerpt-hellip\"> [\u2026]<\/span><\/p>\n","protected":false},"featured_media":0,"template":"","meta":{"_monsterinsights_skip_tracking":false,"_monsterinsights_sitenote_active":false,"_monsterinsights_sitenote_note":"","_monsterinsights_sitenote_category":0},"product_brand":[],"product_cat":[17574,13527],"product_tag":[],"class_list":{"0":"post-781642","1":"product","2":"type-product","3":"status-publish","5":"product_cat-politika","6":"product_cat-sureli-yayinlar","7":"pa_cilt-ciltsiz","8":"pa_tur-kitap","9":"pa_yayinevi-sol-kultur","10":"pa_yazar-kolektif","12":"first","13":"instock","14":"sale","15":"shipping-taxable","16":"purchasable","17":"product-type-simple"},"_links":{"self":[{"href":"https:\/\/roveyayinevi.com.tr\/index.php\/wp-json\/wp\/v2\/product\/781642","targetHints":{"allow":["GET"]}}],"collection":[{"href":"https:\/\/roveyayinevi.com.tr\/index.php\/wp-json\/wp\/v2\/product"}],"about":[{"href":"https:\/\/roveyayinevi.com.tr\/index.php\/wp-json\/wp\/v2\/types\/product"}],"wp:attachment":[{"href":"https:\/\/roveyayinevi.com.tr\/index.php\/wp-json\/wp\/v2\/media?parent=781642"}],"wp:term":[{"taxonomy":"product_brand","embeddable":true,"href":"https:\/\/roveyayinevi.com.tr\/index.php\/wp-json\/wp\/v2\/product_brand?post=781642"},{"taxonomy":"product_cat","embeddable":true,"href":"https:\/\/roveyayinevi.com.tr\/index.php\/wp-json\/wp\/v2\/product_cat?post=781642"},{"taxonomy":"product_tag","embeddable":true,"href":"https:\/\/roveyayinevi.com.tr\/index.php\/wp-json\/wp\/v2\/product_tag?post=781642"}],"curies":[{"name":"wp","href":"https:\/\/api.w.org\/{rel}","templated":true}]}}