{"id":781597,"date":"2026-01-25T03:12:44","date_gmt":"2026-01-25T00:12:44","guid":{"rendered":"https:\/\/roveyayinevi.com.tr\/index.php\/urun\/balkan-daglarindan-dersaadete\/"},"modified":"2026-04-16T02:45:50","modified_gmt":"2026-04-15T23:45:50","slug":"balkan-daglarindan-dersaadete","status":"publish","type":"product","link":"https:\/\/roveyayinevi.com.tr\/index.php\/urun\/balkan-daglarindan-dersaadete\/","title":{"rendered":"Balkan Da\u011flar\u0131ndan Dersaadet\u2019e"},"content":{"rendered":"<p>Resneli Niyazi\u2026 Vaktiyle bir Balkan kasabas\u0131 olan Resne, onun ismiyle simgele\u015fti. \u0130syan, \u00f6zg\u00fcrl\u00fck, da\u011fa \u00e7\u0131kma, Me\u015fr\u00fbtiyet, \u0130stanbul, II. Abd\u00fclhamid, Payitaht gibi kelimelerle i\u00e7 i\u00e7e ge\u00e7ince de tarihsel bir h\u00fcviyet kazand\u0131. G\u00fcn geldi \u201cH\u00fcrriyet Kahraman\u0131\u201d olarak nam sald\u0131. Devir, Sultan II. Abd\u00fclhamid zaman\u0131\u2026 Resneli Niyazi, 1908 y\u0131l\u0131n\u0131n Temmuz ay\u0131 ba\u015f\u0131nda beraberinde 150 kadar g\u00f6n\u00fcll\u00fc ve askerle Ohri civar\u0131ndaki da\u011fa \u00e7\u0131kt\u0131, bir isyan\u0131n fitilini ate\u015fledi. Onun bu hamlesinin varabilece\u011fi noktay\u0131 g\u00f6ren Sultan II. Abd\u00fclhamid, \u00fc\u00e7 hafta gibi k\u0131sa bir s\u00fcrede Me\u015fr\u00fbtiyet sistemini ilan etmek zorunda kald\u0131. Bir roman karakteri kadar renkli ki\u015fili\u011fe sahip Resneli Niyazi, da\u011fda bularak evcille\u015ftirdi\u011fi geyikle birlikte yeniden \u015fehre indi, Sel\u00e2nik\u2019te \u201cH\u00fcrriyet kahraman\u0131\u201d olarak b\u00fcy\u00fck bir co\u015fkuyla kar\u015f\u0131land\u0131. Geyik, Me\u015fr\u00fbtiyet ilan\u0131n\u0131n sembol\u00fc h\u00e2line geldi ve \u201cgazal-\u0131 h\u00fcrriyet\u201d olarak tan\u0131nd\u0131. Balkan Sava\u015f\u0131 d\u00f6neminde \u0130stanbul\u2019a do\u011fru yola \u00e7\u0131kmak \u00fczereyken, \u0130ttihat ve Terakki Cemiyeti\u2019nin kendisine tahsis etti\u011fi bir muhaf\u0131z taraf\u0131ndan \u00f6ld\u00fcr\u00fcld\u00fc ve bu cinayet \u00fczerindeki sis perdesi h\u00e2len kalkm\u0131\u015f de\u011fil\u2026 Elinizdeki kitap onun 1910 y\u0131l\u0131nda \u201cH\u00e2t\u0131r\u00e2t-\u0131 Niyazi\u201d ad\u0131yla kaleme ald\u0131\u011f\u0131, Me\u015fr\u00fbtiyet ilan\u0131na giden s\u00fcrecin hik\u00e2yesidir. G\u00fcn\u00fcm\u00fcz T\u00fcrk\u00e7esi ve zenginle\u015ftirilmi\u015f notlarla. Balkan Da\u011flar\u0131ndan Dersaadet\u2019e ba\u015f d\u00f6nd\u00fcren bir yolculuk sizi bekliyor\u2026 <\/p>\n","protected":false},"excerpt":{"rendered":"<p>Resneli Niyazi\u2026 Vaktiyle bir Balkan kasabas\u0131 olan Resne, onun ismiyle simgele\u015fti. \u0130syan, \u00f6zg\u00fcrl\u00fck, da\u011fa \u00e7\u0131kma, Me\u015fr\u00fbtiyet, \u0130stanbul, II. Abd\u00fclhamid, Payitaht gibi kelimelerle i\u00e7 i\u00e7e ge\u00e7ince de<span class=\"excerpt-hellip\"> [\u2026]<\/span><\/p>\n","protected":false},"featured_media":0,"template":"","meta":{"_monsterinsights_skip_tracking":false,"_monsterinsights_sitenote_active":false,"_monsterinsights_sitenote_note":"","_monsterinsights_sitenote_category":0},"product_brand":[],"product_cat":[12370,12304],"product_tag":[],"class_list":{"0":"post-781597","1":"product","2":"type-product","3":"status-publish","5":"product_cat-arastirma-inceleme","6":"product_cat-tarih","7":"pa_cilt-ciltsiz","8":"pa_tur-kitap","9":"pa_yayinevi-kapi-yayinlari","10":"pa_yazar-mecit-yildiz","12":"first","13":"instock","14":"sale","15":"shipping-taxable","16":"purchasable","17":"product-type-simple"},"_links":{"self":[{"href":"https:\/\/roveyayinevi.com.tr\/index.php\/wp-json\/wp\/v2\/product\/781597","targetHints":{"allow":["GET"]}}],"collection":[{"href":"https:\/\/roveyayinevi.com.tr\/index.php\/wp-json\/wp\/v2\/product"}],"about":[{"href":"https:\/\/roveyayinevi.com.tr\/index.php\/wp-json\/wp\/v2\/types\/product"}],"wp:attachment":[{"href":"https:\/\/roveyayinevi.com.tr\/index.php\/wp-json\/wp\/v2\/media?parent=781597"}],"wp:term":[{"taxonomy":"product_brand","embeddable":true,"href":"https:\/\/roveyayinevi.com.tr\/index.php\/wp-json\/wp\/v2\/product_brand?post=781597"},{"taxonomy":"product_cat","embeddable":true,"href":"https:\/\/roveyayinevi.com.tr\/index.php\/wp-json\/wp\/v2\/product_cat?post=781597"},{"taxonomy":"product_tag","embeddable":true,"href":"https:\/\/roveyayinevi.com.tr\/index.php\/wp-json\/wp\/v2\/product_tag?post=781597"}],"curies":[{"name":"wp","href":"https:\/\/api.w.org\/{rel}","templated":true}]}}