{"id":781579,"date":"2026-01-25T02:42:42","date_gmt":"2026-01-24T23:42:42","guid":{"rendered":"https:\/\/roveyayinevi.com.tr\/index.php\/urun\/ataturk-etkisi\/"},"modified":"2026-02-03T02:38:52","modified_gmt":"2026-02-02T23:38:52","slug":"ataturk-etkisi","status":"publish","type":"product","link":"https:\/\/roveyayinevi.com.tr\/index.php\/urun\/ataturk-etkisi\/","title":{"rendered":"Atat\u00fcrk Etkisi"},"content":{"rendered":"<p>Son 150 y\u0131ll\u0131k T\u00fcrkiye tarihini \u201ciflas, i\u015fgal, direni\u015f, kurtulu\u015f\u201d s\u00f6zc\u00fckleriyle \u00f6zetlemek m\u00fcmk\u00fcnd\u00fcr.    \u0130\u015fte \u201cAtat\u00fcrk Etkisi\u201d, iflasa ve i\u015fgale kar\u015f\u0131 direni\u015fi ve kurtulu\u015fu yaratan etkidir.     T\u00fcrkiye\u2019yi emperyalist i\u015fgalden, saray\/sultan bask\u0131s\u0131ndan ve geri kalm\u0131\u015fl\u0131ktan kurtaran etkidir \u201cAtat\u00fcrk Etkisi\u201d.   T\u00fcrkiye tarihinin son 400 y\u0131l\u0131nda, T\u00fcrk milletinin hayat\u0131nda \u201cAtat\u00fcrk Etkisi\u201d kadar derin izler b\u0131rakan, \u201cAtat\u00fcrk Etkisi\u201d kadar \u201ckurtar\u0131c\u0131\u201d bir \u201cetki\u201d daha yoktur:  Ne II. Abd\u00fclhamit ne Enver Pa\u015fa ne Adnan Menderes ne de ba\u015fka biri T\u00fcrk milletinin hayat\u0131nda \u201cAtat\u00fcrk Etkisi\u201dyle k\u0131yaslanabilecek kadar g\u00fc\u00e7l\u00fc bir etki yaratabilmi\u015ftir.   <\/p>\n","protected":false},"excerpt":{"rendered":"<p>Son 150 y\u0131ll\u0131k T\u00fcrkiye tarihini \u201ciflas, i\u015fgal, direni\u015f, kurtulu\u015f\u201d s\u00f6zc\u00fckleriyle \u00f6zetlemek m\u00fcmk\u00fcnd\u00fcr. \u0130\u015fte \u201cAtat\u00fcrk Etkisi\u201d, iflasa ve i\u015fgale kar\u015f\u0131 direni\u015fi ve kurtulu\u015fu yaratan etkidir. T\u00fcrkiye\u2019yi emperyalist<span class=\"excerpt-hellip\"> [\u2026]<\/span><\/p>\n","protected":false},"featured_media":0,"template":"","meta":{"_monsterinsights_skip_tracking":false,"_monsterinsights_sitenote_active":false,"_monsterinsights_sitenote_note":"","_monsterinsights_sitenote_category":0},"product_brand":[],"product_cat":[13946,12304],"product_tag":[],"class_list":{"0":"post-781579","1":"product","2":"type-product","3":"status-publish","5":"product_cat-biyografi-otobiyografi","6":"product_cat-tarih","7":"pa_cilt-ciltsiz","8":"pa_tur-kitap","9":"pa_yayinevi-inkilap-kitabevi","10":"pa_yazar-sinan-meydan","12":"first","13":"instock","14":"sale","15":"shipping-taxable","16":"purchasable","17":"product-type-simple"},"_links":{"self":[{"href":"https:\/\/roveyayinevi.com.tr\/index.php\/wp-json\/wp\/v2\/product\/781579","targetHints":{"allow":["GET"]}}],"collection":[{"href":"https:\/\/roveyayinevi.com.tr\/index.php\/wp-json\/wp\/v2\/product"}],"about":[{"href":"https:\/\/roveyayinevi.com.tr\/index.php\/wp-json\/wp\/v2\/types\/product"}],"wp:attachment":[{"href":"https:\/\/roveyayinevi.com.tr\/index.php\/wp-json\/wp\/v2\/media?parent=781579"}],"wp:term":[{"taxonomy":"product_brand","embeddable":true,"href":"https:\/\/roveyayinevi.com.tr\/index.php\/wp-json\/wp\/v2\/product_brand?post=781579"},{"taxonomy":"product_cat","embeddable":true,"href":"https:\/\/roveyayinevi.com.tr\/index.php\/wp-json\/wp\/v2\/product_cat?post=781579"},{"taxonomy":"product_tag","embeddable":true,"href":"https:\/\/roveyayinevi.com.tr\/index.php\/wp-json\/wp\/v2\/product_tag?post=781579"}],"curies":[{"name":"wp","href":"https:\/\/api.w.org\/{rel}","templated":true}]}}