{"id":781491,"date":"2026-01-24T02:24:25","date_gmt":"2026-01-23T23:24:25","guid":{"rendered":"https:\/\/roveyayinevi.com.tr\/index.php\/urun\/osmanli-imparatorlugu-ve-etrafindaki-dunya\/"},"modified":"2026-04-16T02:17:36","modified_gmt":"2026-04-15T23:17:36","slug":"osmanli-imparatorlugu-ve-etrafindaki-dunya","status":"publish","type":"product","link":"https:\/\/roveyayinevi.com.tr\/index.php\/urun\/osmanli-imparatorlugu-ve-etrafindaki-dunya\/","title":{"rendered":"Osmanl\u0131 \u0130mparatorlu\u011fu ve Etraf\u0131ndaki D\u00fcnya"},"content":{"rendered":"<p>Her ne kadar \u015feriata g\u00f6re d\u00fcnya tarif edilirken Dar\u00fclislam ile Dar\u00fclharb aras\u0131nda kesin bir ayr\u0131ma gidilse de, ger\u00e7ekte bu iki toprak aras\u0131ndaki s\u0131n\u0131rlar daha gev\u015fekti. \u00d6zellikle erken modern d\u00f6nemde Osmanl\u0131 ile \u201c\u00f6teki\u201d aras\u0131nda uzun zamand\u0131r s\u00fcren bir diplomatik, ticari, mali, k\u00fclt\u00fcrel ve dinsel bir ili\u015fkiler a\u011f\u0131 vard\u0131. Bu a\u011f Asya imparatorluklar\u0131na, Avrupa\u2019n\u0131n burjuvala\u015fan modern devletlerine kadar uzan\u0131yordu. Seyyahlar, hac\u0131lar, sanat\u00e7\u0131lar, t\u00fcccarlar hep gelip gittiler. Padi\u015fahlar belirli mallar\u0131n Osmanl\u0131 \u0130mparatorlu\u011fu s\u0131n\u0131rlar\u0131 i\u00e7ine girip girmemesine karar verdiler, insanlar seyahat etmek i\u00e7in izin istediler. Her ne kadar sava\u015fta kar\u015f\u0131 kar\u015f\u0131ya kal\u0131nabilse de bu ili\u015fkiler hep s\u00fcrd\u00fc. Faruqhi\u2019nin diplomatik kay\u0131tlar, seyahat ve co\u011frafya yaz\u0131lar\u0131, birinci a\u011f\u0131zdan yaz\u0131lanlardan olu\u015fan devasa bir kaynak\u00e7aya dayanan \u00e7al\u0131\u015fmas\u0131n\u0131n Avrupa ve Ortado\u011fu tarih\u00e7ilerine yeni ufuklar  a\u00e7aca\u011f\u0131na inan\u0131yoruz. \u201cOsmanl\u0131 ara\u015ft\u0131rmalar\u0131 alan\u0131n\u0131n \u00f6nde gelen bir uzman\u0131ndan  ustaca bir ku\u015fbak\u0131\u015f\u0131.\u201d \u2014Erik J. Z\u00fcrcher \u201cOsmanl\u0131 tarihinin d\u00fcnya \u00e7ap\u0131nda bir uzman\u0131ndan ayd\u0131nlat\u0131c\u0131 bir kitap.\u201d \u2014Noel Malcolm<\/p>\n","protected":false},"excerpt":{"rendered":"<p>Her ne kadar \u015feriata g\u00f6re d\u00fcnya tarif edilirken Dar\u00fclislam ile Dar\u00fclharb aras\u0131nda kesin bir ayr\u0131ma gidilse de, ger\u00e7ekte bu iki toprak aras\u0131ndaki s\u0131n\u0131rlar daha gev\u015fekti. \u00d6zellikle<span class=\"excerpt-hellip\"> [\u2026]<\/span><\/p>\n","protected":false},"featured_media":0,"template":"","meta":{"_monsterinsights_skip_tracking":false,"_monsterinsights_sitenote_active":false,"_monsterinsights_sitenote_note":"","_monsterinsights_sitenote_category":0},"product_brand":[],"product_cat":[13517,12304],"product_tag":[],"class_list":{"0":"post-781491","1":"product","2":"type-product","3":"status-publish","5":"product_cat-osmanli-tarihi","6":"product_cat-tarih","7":"pa_cilt-ciltsiz","8":"pa_tur-kitap","9":"pa_yayinevi-alfa-yayinlari","10":"pa_yazar-suraiya-faroghi","12":"first","13":"instock","14":"sale","15":"shipping-taxable","16":"purchasable","17":"product-type-simple"},"_links":{"self":[{"href":"https:\/\/roveyayinevi.com.tr\/index.php\/wp-json\/wp\/v2\/product\/781491","targetHints":{"allow":["GET"]}}],"collection":[{"href":"https:\/\/roveyayinevi.com.tr\/index.php\/wp-json\/wp\/v2\/product"}],"about":[{"href":"https:\/\/roveyayinevi.com.tr\/index.php\/wp-json\/wp\/v2\/types\/product"}],"wp:attachment":[{"href":"https:\/\/roveyayinevi.com.tr\/index.php\/wp-json\/wp\/v2\/media?parent=781491"}],"wp:term":[{"taxonomy":"product_brand","embeddable":true,"href":"https:\/\/roveyayinevi.com.tr\/index.php\/wp-json\/wp\/v2\/product_brand?post=781491"},{"taxonomy":"product_cat","embeddable":true,"href":"https:\/\/roveyayinevi.com.tr\/index.php\/wp-json\/wp\/v2\/product_cat?post=781491"},{"taxonomy":"product_tag","embeddable":true,"href":"https:\/\/roveyayinevi.com.tr\/index.php\/wp-json\/wp\/v2\/product_tag?post=781491"}],"curies":[{"name":"wp","href":"https:\/\/api.w.org\/{rel}","templated":true}]}}