{"id":781387,"date":"2026-01-22T03:59:30","date_gmt":"2026-01-22T00:59:30","guid":{"rendered":"https:\/\/roveyayinevi.com.tr\/index.php\/urun\/bilimsel-bir-gercegin-dogusu-ve-gelisimi\/"},"modified":"2026-04-15T03:45:58","modified_gmt":"2026-04-15T00:45:58","slug":"bilimsel-bir-gercegin-dogusu-ve-gelisimi","status":"publish","type":"product","link":"https:\/\/roveyayinevi.com.tr\/index.php\/urun\/bilimsel-bir-gercegin-dogusu-ve-gelisimi\/","title":{"rendered":"Bilimsel Bir Ger\u00e7e\u011fin Do\u011fu\u015fu ve Geli\u015fimi"},"content":{"rendered":"<p>Ludwik Fleck\u2019in Bilimsel Bir Ger\u00e7e\u011fin Do\u011fu\u015fu ve Geli\u015fimi kitab\u0131 1935\u2019te yay\u0131mlansa da Thomas Kuhn\u2019un Bilimsel Devrimlerin Yap\u0131s\u0131\u2019na yazd\u0131\u011f\u0131 me\u015fhur \u00f6ns\u00f6zde ona at\u0131f yapmas\u0131yla yeniden ke\u015ffedilmi\u015ftir. Bu sayede Fleck, Kuhn ve Popper gibi pop\u00fcler fig\u00fcrlerin \u00f6ncesinde yer alan, \u00e7a\u011fda\u015f bilim teorisinin en etkili fig\u00fcrlerinden biri h\u00e2line gelmi\u015ftir. Fleck\u2019e g\u00f6re bilim, ta\u015flar\u0131n \u00fcst \u00fcste kondu\u011fu do\u011frusal bir birikimle ilerlemez. Bilimsel de\u011fi\u015fim, bir toplumdaki h\u00e2kim d\u00fc\u015f\u00fcnce tarzlar\u0131n\u0131n yava\u015f ama s\u00fcrekli d\u00f6n\u00fc\u015f\u00fcm\u00fcyle belirlenir. Bu d\u00fc\u015f\u00fcnce tarzlar\u0131 tarihsel olarak olgunla\u015f\u0131r, toplumsal ko\u015fullara tabidir ve onlar\u0131 ta\u015f\u0131yan insan topluluklar\u0131yla \u00e2deta bir \u201cyumak\u201d meydana getirir. Fleck\u2019in kavramsalla\u015ft\u0131rmas\u0131yla d\u00fc\u015f\u00fcnce kolektifleri yeni problemlerin g\u00f6r\u00fclmesine ve i\u015flenmesine imk\u00e2n tan\u0131yan dinamik alan\u0131 yarat\u0131r. Kuhn\u2019un kesintili devrimlere dayal\u0131 modelinin aksine, Fleck s\u00fcrekli i\u015fleyen bir kolektif yeniden-bi\u00e7imlenme g\u00f6r\u00fcr. Bu kolektifin varsay\u0131mlar\u0131, \u00fcyelerini \u00e7o\u011fu kez onlar fark\u0131nda bile olmadan de\u011fi\u015ftirmektedir. Elinizdeki kitap yaln\u0131zca bilim tarihine dair bir inceleme de\u011fil, d\u00fc\u015f\u00fcncenin toplumsal \u00f6rg\u00fctleni\u015fine ve bilginin nas\u0131l m\u00fcmk\u00fcn oldu\u011funa dair eskimeyecek bir manifesto ve \u201cger\u00e7ek\u201din kolektif do\u011fas\u0131n\u0131 yeniden d\u00fc\u015f\u00fcnmeye davet ediyor\u2026<\/p>\n","protected":false},"excerpt":{"rendered":"<p>Ludwik Fleck\u2019in Bilimsel Bir Ger\u00e7e\u011fin Do\u011fu\u015fu ve Geli\u015fimi kitab\u0131 1935\u2019te yay\u0131mlansa da Thomas Kuhn\u2019un Bilimsel Devrimlerin Yap\u0131s\u0131\u2019na yazd\u0131\u011f\u0131 me\u015fhur \u00f6ns\u00f6zde ona at\u0131f yapmas\u0131yla yeniden ke\u015ffedilmi\u015ftir. Bu<span class=\"excerpt-hellip\"> [\u2026]<\/span><\/p>\n","protected":false},"featured_media":0,"template":"","meta":{"_monsterinsights_skip_tracking":false,"_monsterinsights_sitenote_active":false,"_monsterinsights_sitenote_note":"","_monsterinsights_sitenote_category":0},"product_brand":[],"product_cat":[12388],"product_tag":[],"class_list":{"0":"post-781387","1":"product","2":"type-product","3":"status-publish","5":"product_cat-felsefe","6":"pa_cilt-ciltsiz","7":"pa_tur-kitap","8":"pa_yayinevi-vakifbank-kultur-yayinlari","9":"pa_yazar-ludwik-fleck","11":"first","12":"instock","13":"sale","14":"shipping-taxable","15":"purchasable","16":"product-type-simple"},"_links":{"self":[{"href":"https:\/\/roveyayinevi.com.tr\/index.php\/wp-json\/wp\/v2\/product\/781387","targetHints":{"allow":["GET"]}}],"collection":[{"href":"https:\/\/roveyayinevi.com.tr\/index.php\/wp-json\/wp\/v2\/product"}],"about":[{"href":"https:\/\/roveyayinevi.com.tr\/index.php\/wp-json\/wp\/v2\/types\/product"}],"wp:attachment":[{"href":"https:\/\/roveyayinevi.com.tr\/index.php\/wp-json\/wp\/v2\/media?parent=781387"}],"wp:term":[{"taxonomy":"product_brand","embeddable":true,"href":"https:\/\/roveyayinevi.com.tr\/index.php\/wp-json\/wp\/v2\/product_brand?post=781387"},{"taxonomy":"product_cat","embeddable":true,"href":"https:\/\/roveyayinevi.com.tr\/index.php\/wp-json\/wp\/v2\/product_cat?post=781387"},{"taxonomy":"product_tag","embeddable":true,"href":"https:\/\/roveyayinevi.com.tr\/index.php\/wp-json\/wp\/v2\/product_tag?post=781387"}],"curies":[{"name":"wp","href":"https:\/\/api.w.org\/{rel}","templated":true}]}}