{"id":781227,"date":"2026-01-20T04:42:17","date_gmt":"2026-01-20T01:42:17","guid":{"rendered":"https:\/\/roveyayinevi.com.tr\/index.php\/urun\/tarihe-dusulen-notlar-2-cilt-kutulu\/"},"modified":"2026-04-15T03:45:36","modified_gmt":"2026-04-15T00:45:36","slug":"tarihe-dusulen-notlar-2-cilt-kutulu","status":"publish","type":"product","link":"https:\/\/roveyayinevi.com.tr\/index.php\/urun\/tarihe-dusulen-notlar-2-cilt-kutulu\/","title":{"rendered":"Tarihe D\u00fc\u015f\u00fclen Notlar (2 Cilt Kutulu)"},"content":{"rendered":"<p>\u201cK\u00f6pr\u00fcl\u00fc ve Barkan zaman\u0131n b\u00fcy\u00fck \u00e2limiydiler, Halil \u0130nalc\u0131k t\u00fcm zamanlar\u0131n b\u00fcy\u00fck \u00e2limi\u2026\u201d \u2014 Bernard Lewis\u201cHarvard\u2019da onuruna d\u00fczenlenen sempozyumda s\u00f6ylenen \u015fu s\u00f6z bence de \u00e7ok do\u011frudur:Onun \u00e7al\u0131\u015fmalar\u0131n\u0131 \u00e7\u0131kar\u0131r ve bir kenara koyarsan\u0131z Osmanl\u0131 tarihinde hi\u00e7bir \u015fey kalmaz.\u201d \u2014 Mark L. Stein***\u00d6mr\u00fcn\u00fc tarihe adam\u0131\u015f ve \u201ctarih\u00e7ilerin \u015feyhi\u201d olarak an\u0131lan Halil \u0130nalc\u0131k\u2019\u0131n; Osmanl\u0131 ve T\u00fcrkiye tarihi \u00fczerine yapt\u0131\u011f\u0131 konu\u015fmalar ile muhtelif mecralara verdi\u011fi r\u00f6portajlar iki cilt halinde bir arada.D\u00fcnyada sosyal bilimler alan\u0131nda say\u0131l\u0131 2.000 bilim insan\u0131 aras\u0131nda g\u00f6sterilen Halil \u0130nalc\u0131k\u2019la, 1947\u2019den 2015\u2019e kadar ger\u00e7ekle\u015ftirilen r\u00f6portajlar ve yap\u0131lan konu\u015fmalar, okurlar i\u00e7in bir araya getirildi.Bu kitaplar sayesinde, Osmanl\u0131 tarihinden g\u00fcn\u00fcm\u00fcz T\u00fcrkiye\u2019sine; sanattan tarihe, edebiyattan siyasete uzanan pek \u00e7ok konuyu bizzat Halil \u0130nalc\u0131k\u2019tan dinleme imk\u00e2n\u0131 bulacaks\u0131n\u0131z\u2026***Halil \u0130nalc\u0131k\u2019\u0131n akademik \u00e7al\u0131\u015fmalar\u0131, Osmanl\u0131 tarihini son derece geni\u015f bir perspektiften ele almas\u0131 ve bu yakla\u015f\u0131m\u0131 kendi \u00f6zg\u00fcn bilimsel y\u00f6ntemiyle zenginle\u015ftirmesi bak\u0131m\u0131ndan vazge\u00e7ilmez kaynaklar aras\u0131nda yer al\u0131r.Amerikal\u0131 sosyal bilimci Immanuel Wallerstein\u2019\u0131n ifadesiyle, \u201cOnu dar anlamda bir \u2018tarih\u00e7i\u2019 olarak d\u00fc\u015f\u00fcnmek elbette yetersiz kal\u0131r. Bizzat tarih disiplinine \u015fekil vermi\u015f, kendi metodolojisini ve bilgi birikimini tarih\u00e7ilik mesle\u011fine kazand\u0131rm\u0131\u015f biri olarak \u0130nalc\u0131k, bilim \u00e7evrelerinin \u00fczerinde uzla\u015ft\u0131\u011f\u0131 se\u00e7kin bir isimdir.\u201d66 kitap ve 500\u2019e yak\u0131n makalesiyle tarih yaz\u0131c\u0131l\u0131\u011f\u0131nda \u00e7\u0131\u011f\u0131r a\u00e7m\u0131\u015f olan \u0130nalc\u0131k\u2019\u0131n eserlerinin \u00e2deta bir h\u00fclasas\u0131 niteli\u011findeki bu prestij \u00e7al\u0131\u015fma, iki cilt halinde ve kutulu olarak yay\u0131mlan\u0131yor. Eserin birinci cildinde Halil \u0130nalc\u0131k\u2019\u0131n farkl\u0131 yer ve zamanlarda yapt\u0131\u011f\u0131 konu\u015fmalar yer al\u0131rken; ikinci cilt, kendisiyle ger\u00e7ekle\u015ftirilen r\u00f6portajlardan olu\u015fuyor.***Halil \u0130nalc\u0131k\u2019\u0131n tarih\u00ee ve g\u00fcncel pek \u00e7ok meseleyi kapsayan, as\u0131rlar\u0131 a\u015fan metodolojik de\u011ferlendirmeleri; her biri birer ders niteli\u011fi ta\u015f\u0131yan konu\u015fmalar\u0131yla birle\u015ferek tarihe d\u00fc\u015f\u00fclen en anlaml\u0131 notlardan birini olu\u015fturuyor.<\/p>\n","protected":false},"excerpt":{"rendered":"<p>\u201cK\u00f6pr\u00fcl\u00fc ve Barkan zaman\u0131n b\u00fcy\u00fck \u00e2limiydiler, Halil \u0130nalc\u0131k t\u00fcm zamanlar\u0131n b\u00fcy\u00fck \u00e2limi\u2026\u201d \u2014 Bernard Lewis\u201cHarvard\u2019da onuruna d\u00fczenlenen sempozyumda s\u00f6ylenen \u015fu s\u00f6z bence de \u00e7ok do\u011frudur:Onun \u00e7al\u0131\u015fmalar\u0131n\u0131<span class=\"excerpt-hellip\"> [\u2026]<\/span><\/p>\n","protected":false},"featured_media":0,"template":"","meta":{"_monsterinsights_skip_tracking":false,"_monsterinsights_sitenote_active":false,"_monsterinsights_sitenote_note":"","_monsterinsights_sitenote_category":0},"product_brand":[],"product_cat":[13517,12304],"product_tag":[],"class_list":{"0":"post-781227","1":"product","2":"type-product","3":"status-publish","5":"product_cat-osmanli-tarihi","6":"product_cat-tarih","7":"pa_cilt-ciltsiz","8":"pa_tur-kitap","9":"pa_yayinevi-kronik-kitap","10":"pa_yazar-halil-inalcik","12":"first","13":"instock","14":"sale","15":"shipping-taxable","16":"purchasable","17":"product-type-simple"},"_links":{"self":[{"href":"https:\/\/roveyayinevi.com.tr\/index.php\/wp-json\/wp\/v2\/product\/781227","targetHints":{"allow":["GET"]}}],"collection":[{"href":"https:\/\/roveyayinevi.com.tr\/index.php\/wp-json\/wp\/v2\/product"}],"about":[{"href":"https:\/\/roveyayinevi.com.tr\/index.php\/wp-json\/wp\/v2\/types\/product"}],"wp:attachment":[{"href":"https:\/\/roveyayinevi.com.tr\/index.php\/wp-json\/wp\/v2\/media?parent=781227"}],"wp:term":[{"taxonomy":"product_brand","embeddable":true,"href":"https:\/\/roveyayinevi.com.tr\/index.php\/wp-json\/wp\/v2\/product_brand?post=781227"},{"taxonomy":"product_cat","embeddable":true,"href":"https:\/\/roveyayinevi.com.tr\/index.php\/wp-json\/wp\/v2\/product_cat?post=781227"},{"taxonomy":"product_tag","embeddable":true,"href":"https:\/\/roveyayinevi.com.tr\/index.php\/wp-json\/wp\/v2\/product_tag?post=781227"}],"curies":[{"name":"wp","href":"https:\/\/api.w.org\/{rel}","templated":true}]}}