{"id":781076,"date":"2026-01-20T04:37:40","date_gmt":"2026-01-20T01:37:40","guid":{"rendered":"https:\/\/roveyayinevi.com.tr\/index.php\/urun\/tractatus-logico-philosophicus-2\/"},"modified":"2026-04-15T03:45:30","modified_gmt":"2026-04-15T00:45:30","slug":"tractatus-logico-philosophicus-2","status":"publish","type":"product","link":"https:\/\/roveyayinevi.com.tr\/index.php\/urun\/tractatus-logico-philosophicus-2\/","title":{"rendered":"Tractatus Logico-Philosophicus"},"content":{"rendered":"<p>\u201cBilinmeyen bir Alman belirdi\u2026 inat\u00e7\u0131 ve aksi ama aptal de\u011fil. (\u2026) Onu seviyorum ve benim art\u0131k \u00e7\u00f6zmeye ya\u015f\u0131m\u0131n yetmedi\u011fi problemleri onun \u00e7\u00f6zece\u011fini hissediyorum.\u201d\u2013Bertrand Russell\u201cTractatus, mant\u0131\u011f\u0131n do\u011fruluk i\u015flevi kuram\u0131 ile dilin resim kuram\u0131n\u0131n bir sentezidir. (\u2026) Eserdeki \u00f6nermeler s\u0131radan anlamda anlaml\u0131 de\u011fildir, fakat ayd\u0131nlat\u0131c\u0131 bir bi\u00e7imde \u2018anlams\u0131z\u2019d\u0131rlar.\u201d\u2013Georg Henrik von Wright\u201cTractatus, iki ayr\u0131 kuram \u2013resim kuram\u0131 ve do\u011fruluk i\u015flevi kuram\u0131\u2013 olarak okunmamal\u0131d\u0131r; bunlar tek ve b\u00fct\u00fcnle\u015fik bir dil anlay\u0131\u015f\u0131n\u0131 olu\u015fturur.\u201d\u2013Elizabeth Anscombe<\/p>\n","protected":false},"excerpt":{"rendered":"<p>\u201cBilinmeyen bir Alman belirdi\u2026 inat\u00e7\u0131 ve aksi ama aptal de\u011fil. (\u2026) Onu seviyorum ve benim art\u0131k \u00e7\u00f6zmeye ya\u015f\u0131m\u0131n yetmedi\u011fi problemleri onun \u00e7\u00f6zece\u011fini hissediyorum.\u201d\u2013Bertrand Russell\u201cTractatus, mant\u0131\u011f\u0131n do\u011fruluk<span class=\"excerpt-hellip\"> [\u2026]<\/span><\/p>\n","protected":false},"featured_media":0,"template":"","meta":{"_monsterinsights_skip_tracking":false,"_monsterinsights_sitenote_active":false,"_monsterinsights_sitenote_note":"","_monsterinsights_sitenote_category":0},"product_brand":[],"product_cat":[16038,12388],"product_tag":[],"class_list":{"0":"post-781076","1":"product","2":"type-product","3":"status-publish","5":"product_cat-arastirma-inceleme-referans-felsefe","6":"product_cat-felsefe","7":"pa_cilt-ciltsiz","8":"pa_tur-kitap","9":"pa_yayinevi-alfa-yayinlari","10":"pa_yazar-ludwig-wittgenstein","12":"first","13":"instock","14":"sale","15":"shipping-taxable","16":"purchasable","17":"product-type-simple"},"_links":{"self":[{"href":"https:\/\/roveyayinevi.com.tr\/index.php\/wp-json\/wp\/v2\/product\/781076","targetHints":{"allow":["GET"]}}],"collection":[{"href":"https:\/\/roveyayinevi.com.tr\/index.php\/wp-json\/wp\/v2\/product"}],"about":[{"href":"https:\/\/roveyayinevi.com.tr\/index.php\/wp-json\/wp\/v2\/types\/product"}],"wp:attachment":[{"href":"https:\/\/roveyayinevi.com.tr\/index.php\/wp-json\/wp\/v2\/media?parent=781076"}],"wp:term":[{"taxonomy":"product_brand","embeddable":true,"href":"https:\/\/roveyayinevi.com.tr\/index.php\/wp-json\/wp\/v2\/product_brand?post=781076"},{"taxonomy":"product_cat","embeddable":true,"href":"https:\/\/roveyayinevi.com.tr\/index.php\/wp-json\/wp\/v2\/product_cat?post=781076"},{"taxonomy":"product_tag","embeddable":true,"href":"https:\/\/roveyayinevi.com.tr\/index.php\/wp-json\/wp\/v2\/product_tag?post=781076"}],"curies":[{"name":"wp","href":"https:\/\/api.w.org\/{rel}","templated":true}]}}