{"id":780977,"date":"2026-01-20T04:32:38","date_gmt":"2026-01-20T01:32:38","guid":{"rendered":"https:\/\/roveyayinevi.com.tr\/index.php\/urun\/uluslararasi-gelismeler-ve-2010-stratejik-konsepti-baglaminda-natonun-donusumu\/"},"modified":"2026-04-15T03:45:27","modified_gmt":"2026-04-15T00:45:27","slug":"uluslararasi-gelismeler-ve-2010-stratejik-konsepti-baglaminda-natonun-donusumu","status":"publish","type":"product","link":"https:\/\/roveyayinevi.com.tr\/index.php\/urun\/uluslararasi-gelismeler-ve-2010-stratejik-konsepti-baglaminda-natonun-donusumu\/","title":{"rendered":"Uluslararas\u0131 Geli\u015fmeler ve 2010 Stratejik Konsepti Ba\u011flam\u0131nda Nato\u2019nun D\u00f6n\u00fc\u015f\u00fcm\u00fc"},"content":{"rendered":"<p>Kuzey Atlantik Antla\u015fmas\u0131 \u00d6rg\u00fct\u00fc (NATO) \u2161. D\u00fcnya Sava\u015f\u0131 sonras\u0131nda Avrupa\u2019da g\u00fcvenli\u011fi sa\u011flamak amac\u0131yla; Bel\u00e7ika, Kanada, Danimarka, Fransa, \u0130zlanda, \u0130talya, L\u00fcksemburg, Hollanda, Norve\u00e7, Portekiz, \u0130ngiltere ve Amerika Birle\u015fik Devletleri taraf\u0131ndan 1949 y\u0131l\u0131nda kurulmu\u015ftur. En temel \u00f6zelli\u011fi cayd\u0131r\u0131c\u0131l\u0131k olan ve kolektif savunma ilkesi \u00e7er\u00e7evesinde \u00f6rg\u00fctlenen NATO, So\u011fuk Sava\u015f boyunca \u00fcyelerini korumay\u0131 ba\u015farm\u0131\u015ft\u0131r. So\u011fuk Sava\u015f d\u00f6neminde NATO \u00fcyelerine y\u00f6nelik ba\u015fl\u0131ca tehdit unsuru olan Sovyetler Birli\u011fi\u2019nin 1991 y\u0131l\u0131nda da\u011f\u0131lmas\u0131yla beraber NATO\u2019nun varl\u0131k sebebi sorgulanmaya ba\u015flanm\u0131\u015ft\u0131r. NATO bu d\u00f6neme yeni risk ve tehditler do\u011frultusunda yeni g\u00f6rev alanlar\u0131 ve yeni roller edinerek girmi\u015ftir. NATO\u2019nun d\u00f6n\u00fc\u015f\u00fcm\u00fc olarak ifade edilen bu durum devingen bir s\u00fcrece kar\u015f\u0131l\u0131k gelmektedir. NATO\u2019nun So\u011fuk Sava\u015f sonras\u0131ndaki d\u00f6n\u00fc\u015f\u00fcm\u00fcn\u00fc \u0130ttifak\u2019\u0131n zirve bildirilerinde ele al\u0131nan konu \u00e7e\u015fitlili\u011fi ve bu yeni konu ba\u015fl\u0131klar\u0131 do\u011frultusunda geli\u015ftirilen mekanizmalar \u00fczerinden izlemek m\u00fcmk\u00fcnd\u00fcr. Yeni risk ve tehditler yeni strateji ve yeni ara\u00e7lar\u0131 beraberinde getirmi\u015ftir. Bu do\u011frultuda NATO \u00f6zellikle 2010 Stratejik Konsept belgesinde yer alan; ter\u00f6rizm, kitle imha silahlar\u0131, enerji g\u00fcvenli\u011fi, siber g\u00fcvenlik ve \u00e7evre sorunlar\u0131 konu ba\u015fl\u0131klar\u0131yla, 2010\u2019dan tarihten itibaren giderek k\u00fcresel \u00e7apta hareket eder hale gelmi\u015ftir. Bu \u00e7al\u0131\u015fman\u0131n amac\u0131, NATO\u2019nun bu d\u00f6n\u00fc\u015f\u00fcm s\u00fcrecinin uluslararas\u0131 geli\u015fmeler ve 2010 Stratejik Konsept belgesi \u00e7er\u00e7evesinde ele al\u0131narak incelenmesidir. \u00c7al\u0131\u015fmada, uluslararas\u0131 ili\u015fkilerde de\u011fi\u015fen g\u00fcvenlik anlay\u0131\u015f\u0131 NATO \u00f6zelinde incelenmeye \u00e7al\u0131\u015f\u0131lacakt\u0131r. NATO\u2019nun So\u011fuk Sava\u015f sonras\u0131ndaki bu d\u00f6n\u00fc\u015f\u00fcm s\u00fcreci ile So\u011fuk Sava\u015f d\u00f6nemindeki ortak savunma \u00f6rg\u00fct\u00fc kimli\u011finden s\u0131yr\u0131l\u0131p k\u00fcresel \u00e7apta g\u00f6rev yapan ortak g\u00fcvenlik \u00f6rg\u00fct\u00fcne d\u00f6n\u00fc\u015fm\u00fc\u015f oldu\u011fu de\u011ferlendirilebilir.<\/p>\n","protected":false},"excerpt":{"rendered":"<p>Kuzey Atlantik Antla\u015fmas\u0131 \u00d6rg\u00fct\u00fc (NATO) \u2161. D\u00fcnya Sava\u015f\u0131 sonras\u0131nda Avrupa\u2019da g\u00fcvenli\u011fi sa\u011flamak amac\u0131yla; Bel\u00e7ika, Kanada, Danimarka, Fransa, \u0130zlanda, \u0130talya, L\u00fcksemburg, Hollanda, Norve\u00e7, Portekiz, \u0130ngiltere ve Amerika<span class=\"excerpt-hellip\"> [\u2026]<\/span><\/p>\n","protected":false},"featured_media":0,"template":"","meta":{"_monsterinsights_skip_tracking":false,"_monsterinsights_sitenote_active":false,"_monsterinsights_sitenote_note":"","_monsterinsights_sitenote_category":0},"product_brand":[],"product_cat":[12337,17225],"product_tag":[],"class_list":{"0":"post-780977","1":"product","2":"type-product","3":"status-publish","5":"product_cat-politika-siyaset","6":"product_cat-uluslararasi-iliskiler","7":"pa_cilt-ciltsiz","8":"pa_tur-kitap","9":"pa_yayinevi-astana-yayinlari","10":"pa_yazar-mehmet-kaan-onem","12":"first","13":"instock","14":"sale","15":"shipping-taxable","16":"purchasable","17":"product-type-simple"},"_links":{"self":[{"href":"https:\/\/roveyayinevi.com.tr\/index.php\/wp-json\/wp\/v2\/product\/780977","targetHints":{"allow":["GET"]}}],"collection":[{"href":"https:\/\/roveyayinevi.com.tr\/index.php\/wp-json\/wp\/v2\/product"}],"about":[{"href":"https:\/\/roveyayinevi.com.tr\/index.php\/wp-json\/wp\/v2\/types\/product"}],"wp:attachment":[{"href":"https:\/\/roveyayinevi.com.tr\/index.php\/wp-json\/wp\/v2\/media?parent=780977"}],"wp:term":[{"taxonomy":"product_brand","embeddable":true,"href":"https:\/\/roveyayinevi.com.tr\/index.php\/wp-json\/wp\/v2\/product_brand?post=780977"},{"taxonomy":"product_cat","embeddable":true,"href":"https:\/\/roveyayinevi.com.tr\/index.php\/wp-json\/wp\/v2\/product_cat?post=780977"},{"taxonomy":"product_tag","embeddable":true,"href":"https:\/\/roveyayinevi.com.tr\/index.php\/wp-json\/wp\/v2\/product_tag?post=780977"}],"curies":[{"name":"wp","href":"https:\/\/api.w.org\/{rel}","templated":true}]}}