{"id":780952,"date":"2026-01-20T04:31:02","date_gmt":"2026-01-20T01:31:02","guid":{"rendered":"https:\/\/roveyayinevi.com.tr\/index.php\/urun\/guller-tepesinde\/"},"modified":"2026-04-15T03:45:26","modified_gmt":"2026-04-15T00:45:26","slug":"guller-tepesinde","status":"publish","type":"product","link":"https:\/\/roveyayinevi.com.tr\/index.php\/urun\/guller-tepesinde\/","title":{"rendered":"G\u00fcller Tepesinde"},"content":{"rendered":"<p>\u201cGrabi\u0144ski \u00fcst d\u00fczey bir \u00f6yk\u00fc ustas\u0131yd\u0131; Avrupal\u0131 \u00e7a\u011fda\u015flar\u0131yla boy \u00f6l\u00e7\u00fc\u015fen, hatta yer yer onlarla ayn\u0131 edebi zirveyi payla\u015fan bir kalemdi.\u201d \u2013Stanislaw Lem  Stefan Grabi\u0144ski, psikoloji ile metafizi\u011fi korku anlat\u0131s\u0131n\u0131n merkezine yerle\u015ftiren, karanl\u0131k fantazi tu\u0308ru\u0308nu\u0308n en erken \u00f6rneklerini kaleme alm\u0131\u015f yazarlardan biri. \u00d6yku\u0308lerinde insan zihni, i\u00e7inde bulundu\u011fu mek\u00e2nla birlikte \u00e7\u00f6zu\u0308lu\u0308r; duyular keskinle\u015fir, alg\u0131 gu\u0308venilmez h\u00e2le gelir. Gu\u0308ller Tepesinde, kapal\u0131 bah\u00e7eler, terk edilmi\u015f evler ve tekinsiz i\u00e7 mek\u00e2nlar etraf\u0131nda \u015fekillenen \u00f6yku\u0308leri bir araya getiriyor. Gu\u0308zelli\u011fin yava\u015f yava\u015f bozuldu\u011fu, al\u0131\u015f\u0131ld\u0131k olan\u0131n yabanc\u0131la\u015ft\u0131\u011f\u0131 bu anlat\u0131larda, mek\u00e2nlar karakterlerin ruh h\u00e2llerini belirleyen etkin unsurlara d\u00f6nu\u0308\u015fu\u0308yor. Kokular, bak\u0131\u015flar ve sessizlik gibi ayr\u0131nt\u0131lar, olaylardan \u00e7ok zihinsel gerilimleri ve i\u00e7sel k\u0131r\u0131lmalar\u0131 g\u00f6ru\u0308nu\u0308r k\u0131l\u0131yor. Gu\u0308ller Tepesinde, insan alg\u0131lar\u0131n\u0131n sessizce a\u015f\u0131nd\u0131\u011f\u0131, karanl\u0131k bir \u00f6yku\u0308 se\u00e7kisi. \u00c7i\u00e7eklerin d\u00f6k\u00fcld\u00fc\u011f\u00fc a\u011f\u0131zdan \u015fimdi kurtlar d\u00f6k\u00fcl\u00fcyor.<\/p>\n","protected":false},"excerpt":{"rendered":"<p>\u201cGrabi\u0144ski \u00fcst d\u00fczey bir \u00f6yk\u00fc ustas\u0131yd\u0131; Avrupal\u0131 \u00e7a\u011fda\u015flar\u0131yla boy \u00f6l\u00e7\u00fc\u015fen, hatta yer yer onlarla ayn\u0131 edebi zirveyi payla\u015fan bir kalemdi.\u201d \u2013Stanislaw Lem Stefan Grabi\u0144ski, psikoloji ile<span class=\"excerpt-hellip\"> [\u2026]<\/span><\/p>\n","protected":false},"featured_media":0,"template":"","meta":{"_monsterinsights_skip_tracking":false,"_monsterinsights_sitenote_active":false,"_monsterinsights_sitenote_note":"","_monsterinsights_sitenote_category":0},"product_brand":[],"product_cat":[12291,17033],"product_tag":[],"class_list":{"0":"post-780952","1":"product","2":"type-product","3":"status-publish","5":"product_cat-edebiyat","6":"product_cat-korku-gerilim","7":"pa_cilt-ciltsiz","8":"pa_tur-kitap","9":"pa_yayinevi-ithaki-yayinlari","10":"pa_yazar-stefan-grabinski","12":"first","13":"instock","14":"sale","15":"shipping-taxable","16":"purchasable","17":"product-type-simple"},"_links":{"self":[{"href":"https:\/\/roveyayinevi.com.tr\/index.php\/wp-json\/wp\/v2\/product\/780952","targetHints":{"allow":["GET"]}}],"collection":[{"href":"https:\/\/roveyayinevi.com.tr\/index.php\/wp-json\/wp\/v2\/product"}],"about":[{"href":"https:\/\/roveyayinevi.com.tr\/index.php\/wp-json\/wp\/v2\/types\/product"}],"wp:attachment":[{"href":"https:\/\/roveyayinevi.com.tr\/index.php\/wp-json\/wp\/v2\/media?parent=780952"}],"wp:term":[{"taxonomy":"product_brand","embeddable":true,"href":"https:\/\/roveyayinevi.com.tr\/index.php\/wp-json\/wp\/v2\/product_brand?post=780952"},{"taxonomy":"product_cat","embeddable":true,"href":"https:\/\/roveyayinevi.com.tr\/index.php\/wp-json\/wp\/v2\/product_cat?post=780952"},{"taxonomy":"product_tag","embeddable":true,"href":"https:\/\/roveyayinevi.com.tr\/index.php\/wp-json\/wp\/v2\/product_tag?post=780952"}],"curies":[{"name":"wp","href":"https:\/\/api.w.org\/{rel}","templated":true}]}}