{"id":780937,"date":"2026-01-20T04:30:03","date_gmt":"2026-01-20T01:30:03","guid":{"rendered":"https:\/\/roveyayinevi.com.tr\/index.php\/urun\/elveda-avrupa\/"},"modified":"2026-04-15T03:45:26","modified_gmt":"2026-04-15T00:45:26","slug":"elveda-avrupa","status":"publish","type":"product","link":"https:\/\/roveyayinevi.com.tr\/index.php\/urun\/elveda-avrupa\/","title":{"rendered":"Elveda Avrupa"},"content":{"rendered":"<p>Avrupa, \u00e7ok kutuplulu\u011fun varl\u0131\u011f\u0131n\u0131 dayatt\u0131\u011f\u0131 ko\u015fullarda ABD\u2019nin vasal\u0131 olarak yoluna devam edebilir mi? AB\u2019nin \u00e7\u00f6z\u00fclmesi, gittik\u00e7e y\u00fckselen otoriterle\u015fme e\u011filimi, pop\u00fclizm ve sava\u015f tanr\u0131s\u0131na tap\u0131nma engellenebilir mi? Atlantik\u00e7i, Siyonist, neoliberal kavray\u0131\u015f\u0131n gelece\u011fi var m\u0131? Yoksa Avrasya\u2019n\u0131n par\u00e7as\u0131, Do\u011fu\u2019nun aynas\u0131, Cumhuriyet\u00e7i bir gelecek tahayy\u00fcl\u00fc m\u00fcmk\u00fcn m\u00fc? Elveda Avrupa, Avrupa\u2019n\u0131n tarihsel, siyasal, k\u00fclt\u00fcrel, askeri, ekonomik k\u00f6klerini an\u0131msatan; ba\u011f\u0131ms\u0131z Avrupa fikrinin ancak ABD\u2019nin \u00e7\u0131karlar\u0131ndan ayr\u0131, BRICS \u00fclkeleriyle kar\u015f\u0131l\u0131kl\u0131 anlay\u0131\u015fa dayanarak; tinsel \u00f6zg\u00fcrl\u00fc\u011f\u00fc, hukuksal e\u015fitli\u011fi ve sosyoekonomik alanda karde\u015f dayan\u0131\u015fmas\u0131n\u0131 kayna\u015ft\u0131rarak ger\u00e7ekle\u015fece\u011fini g\u00f6steren bir eser. Ulrike Gu\u00e9rot, mevcut haliyle Bat\u0131\u2019n\u0131n nihayete erdi\u011fini ve postAtlantik, ba\u011f\u0131ms\u0131z, k\u00f6klerini an\u0131msayan bir Avrupa\u2019n\u0131n \u00f6nemini; manast\u0131rlardan, dilenci tarikatlar\u0131ndan, i\u015f\u00e7i hareketlerinden ve isyanlardan ge\u00e7en ya\u015fl\u0131 k\u0131tan\u0131n kamu mallar\u0131 etraf\u0131nda \u00f6rg\u00fctlenen bir nizama ihtiyac\u0131n\u0131 vurguluyor: res publica!<\/p>\n","protected":false},"excerpt":{"rendered":"<p>Avrupa, \u00e7ok kutuplulu\u011fun varl\u0131\u011f\u0131n\u0131 dayatt\u0131\u011f\u0131 ko\u015fullarda ABD\u2019nin vasal\u0131 olarak yoluna devam edebilir mi? AB\u2019nin \u00e7\u00f6z\u00fclmesi, gittik\u00e7e y\u00fckselen otoriterle\u015fme e\u011filimi, pop\u00fclizm ve sava\u015f tanr\u0131s\u0131na tap\u0131nma engellenebilir mi?<span class=\"excerpt-hellip\"> [\u2026]<\/span><\/p>\n","protected":false},"featured_media":0,"template":"","meta":{"_monsterinsights_skip_tracking":false,"_monsterinsights_sitenote_active":false,"_monsterinsights_sitenote_note":"","_monsterinsights_sitenote_category":0},"product_brand":[],"product_cat":[12370,12304],"product_tag":[],"class_list":{"0":"post-780937","1":"product","2":"type-product","3":"status-publish","5":"product_cat-arastirma-inceleme","6":"product_cat-tarih","7":"pa_cilt-ciltsiz","8":"pa_tur-kitap","9":"pa_yayinevi-kirmizi-kedi-yayinevi","10":"pa_yazar-ulrike-guerot","12":"first","13":"instock","14":"sale","15":"shipping-taxable","16":"purchasable","17":"product-type-simple"},"_links":{"self":[{"href":"https:\/\/roveyayinevi.com.tr\/index.php\/wp-json\/wp\/v2\/product\/780937","targetHints":{"allow":["GET"]}}],"collection":[{"href":"https:\/\/roveyayinevi.com.tr\/index.php\/wp-json\/wp\/v2\/product"}],"about":[{"href":"https:\/\/roveyayinevi.com.tr\/index.php\/wp-json\/wp\/v2\/types\/product"}],"wp:attachment":[{"href":"https:\/\/roveyayinevi.com.tr\/index.php\/wp-json\/wp\/v2\/media?parent=780937"}],"wp:term":[{"taxonomy":"product_brand","embeddable":true,"href":"https:\/\/roveyayinevi.com.tr\/index.php\/wp-json\/wp\/v2\/product_brand?post=780937"},{"taxonomy":"product_cat","embeddable":true,"href":"https:\/\/roveyayinevi.com.tr\/index.php\/wp-json\/wp\/v2\/product_cat?post=780937"},{"taxonomy":"product_tag","embeddable":true,"href":"https:\/\/roveyayinevi.com.tr\/index.php\/wp-json\/wp\/v2\/product_tag?post=780937"}],"curies":[{"name":"wp","href":"https:\/\/api.w.org\/{rel}","templated":true}]}}