{"id":780936,"date":"2026-01-20T04:30:00","date_gmt":"2026-01-20T01:30:00","guid":{"rendered":"https:\/\/roveyayinevi.com.tr\/index.php\/urun\/aydin-uzerine-tezler-2\/"},"modified":"2026-04-15T03:45:26","modified_gmt":"2026-04-15T00:45:26","slug":"aydin-uzerine-tezler-2","status":"publish","type":"product","link":"https:\/\/roveyayinevi.com.tr\/index.php\/urun\/aydin-uzerine-tezler-2\/","title":{"rendered":"Ayd\u0131n \u00dczerine Tezler-2"},"content":{"rendered":"<p>Yal\u00e7\u0131n K\u00fc\u00e7\u00fck, bu kez \u201cAyd\u0131nt\u00fcrk\u201d olarak niteledi\u011fi T\u00fcrk ayd\u0131n\u0131n\u0131n do\u011fum krizini merce\u011fine al\u0131yor. K\u00fc\u00e7\u00fck, Mithat Pa\u015fa\u2019dan Ziya G\u00f6kalp\u2019e, Be\u015fir Fuad\u2019dan, Tevfik Fikret\u2019e uzanan geni\u015f bir yelpazede T\u00fcrk entelijansiyas\u0131n\u0131n kendi i\u00e7indeki \u00e7at\u0131\u015fmalar\u0131n\u0131 analiz ederken Abd\u00fclhamit\u2019i de ezber bozan bir yakla\u015f\u0131mla de\u011ferlendirmeye giri\u015fiyor. Yal\u00e7\u0131n K\u00fc\u00e7\u00fck\u2019\u00fcn kendine has d\u00fc\u015f\u00fcnce paradigmas\u0131, T\u00fcrk ayd\u0131n\u0131n\u0131n Z raporunu merkeze al\u0131rken Ayd\u0131nt\u00fcrk\u2019\u00fcn do\u011fumu; emekleme a\u015famalar\u0131, \u00f6l\u00fcm\u00fc ve \u00f6l\u00fcms\u00fczl\u00fc\u011f\u00fc olmak \u00fczere her a\u015famaya dair bir bilan\u00e7o \u00e7\u0131kar\u0131yor. T\u00fcrk ayd\u0131n\u0131, bu \u00e7al\u0131\u015fma ile sosyolojik, siyasi ve felsefi bir \u00f6zne olman\u0131n \u00f6tesine ge\u00e7erek ba\u015fl\u0131 ba\u015f\u0131na bir vaka h\u00e2lini al\u0131yor. Yal\u00e7\u0131n K\u00fc\u00e7\u00fck, Ayd\u0131n \u00dczerine Tezler\u2019in 2. cildinde vakan\u0131n \u00e7\u00f6z\u00fcm\u00fcn\u00fc tarihe, belgelere ve bu \u00e7al\u0131\u015fmaya \u015fahit olduktan sonra \u201ctan\u0131k\u201d s\u0131fat\u0131n\u0131 alacak olan okurlara b\u0131rak\u0131yor.<\/p>\n","protected":false},"excerpt":{"rendered":"<p>Yal\u00e7\u0131n K\u00fc\u00e7\u00fck, bu kez \u201cAyd\u0131nt\u00fcrk\u201d olarak niteledi\u011fi T\u00fcrk ayd\u0131n\u0131n\u0131n do\u011fum krizini merce\u011fine al\u0131yor. K\u00fc\u00e7\u00fck, Mithat Pa\u015fa\u2019dan Ziya G\u00f6kalp\u2019e, Be\u015fir Fuad\u2019dan, Tevfik Fikret\u2019e uzanan geni\u015f bir yelpazede<span class=\"excerpt-hellip\"> [\u2026]<\/span><\/p>\n","protected":false},"featured_media":0,"template":"","meta":{"_monsterinsights_skip_tracking":false,"_monsterinsights_sitenote_active":false,"_monsterinsights_sitenote_note":"","_monsterinsights_sitenote_category":0},"product_brand":[],"product_cat":[31194,12337],"product_tag":[],"class_list":{"0":"post-780936","1":"product","2":"type-product","3":"status-publish","5":"product_cat-guncel-siyaset","6":"product_cat-politika-siyaset","7":"pa_cilt-ciltsiz","8":"pa_tur-kitap","9":"pa_yayinevi-kirmizi-kedi-yayinevi","10":"pa_yazar-yalcin-kucuk","12":"first","13":"instock","14":"sale","15":"shipping-taxable","16":"purchasable","17":"product-type-simple"},"_links":{"self":[{"href":"https:\/\/roveyayinevi.com.tr\/index.php\/wp-json\/wp\/v2\/product\/780936","targetHints":{"allow":["GET"]}}],"collection":[{"href":"https:\/\/roveyayinevi.com.tr\/index.php\/wp-json\/wp\/v2\/product"}],"about":[{"href":"https:\/\/roveyayinevi.com.tr\/index.php\/wp-json\/wp\/v2\/types\/product"}],"wp:attachment":[{"href":"https:\/\/roveyayinevi.com.tr\/index.php\/wp-json\/wp\/v2\/media?parent=780936"}],"wp:term":[{"taxonomy":"product_brand","embeddable":true,"href":"https:\/\/roveyayinevi.com.tr\/index.php\/wp-json\/wp\/v2\/product_brand?post=780936"},{"taxonomy":"product_cat","embeddable":true,"href":"https:\/\/roveyayinevi.com.tr\/index.php\/wp-json\/wp\/v2\/product_cat?post=780936"},{"taxonomy":"product_tag","embeddable":true,"href":"https:\/\/roveyayinevi.com.tr\/index.php\/wp-json\/wp\/v2\/product_tag?post=780936"}],"curies":[{"name":"wp","href":"https:\/\/api.w.org\/{rel}","templated":true}]}}