{"id":780503,"date":"2026-01-20T02:49:00","date_gmt":"2026-01-19T23:49:00","guid":{"rendered":"https:\/\/roveyayinevi.com.tr\/index.php\/urun\/yoruk-ali-efe\/"},"modified":"2026-04-16T02:26:47","modified_gmt":"2026-04-15T23:26:47","slug":"yoruk-ali-efe","status":"publish","type":"product","link":"https:\/\/roveyayinevi.com.tr\/index.php\/urun\/yoruk-ali-efe\/","title":{"rendered":"Y\u00f6r\u00fck Ali Efe"},"content":{"rendered":"<p>\u201c\u015eu Dalma\u2019dan ge\u00e7tin mi?So\u011fuk sular i\u00e7tin mi?Efelerin i\u00e7inde Y\u00f6r\u00fck Ali\u2019yi se\u00e7tin mi?\u201dOnlar, her \u015feyin bitti zannedildi\u011finde ortaya \u00e7\u0131karlar. Hi\u00e7 beklenmeyen anlarda \u015fim\u015fek h\u0131z\u0131yla yeti\u015firler. Az ama \u00f6zd\u00fcrler. Yal\u0131n ama keskindirler. Milli M\u00fccadele\u2019nin m\u00fchim mevzilerinde ans\u0131z\u0131n belirmi\u015f, d\u00fc\u015fmana d\u00fcnyay\u0131 dar etmi\u015f, Yunan General Rodas gibi nicelerinin \u201cEge\u2019nin zeybekleri olmasayd\u0131 Ankara yolunu a\u00e7ar, ciddi bir m\u00fccadele ordusu kurulmas\u0131na mani olurduk\u201d dedi\u011fi T\u00fcrklerdir onlar. Y\u00f6r\u00fck Ali Efe de bu zeybekler i\u00e7inde bir efsanedir.Dr. Personel Albay olarak T\u00fcrk Silahl\u0131 Kuvvetleri\u2019nde g\u00f6revini s\u00fcrd\u00fcren Fatih \u00d6zkurt, ad\u0131na t\u00fcrk\u00fcler yak\u0131lm\u0131\u015f ve hik\u00e2yesi nesilden nesile aktar\u0131lm\u0131\u015f Y\u00f6r\u00fck Ali Efe\u2019yi anlatmaya Milli M\u00fccadele d\u00f6nemi \u00f6ncesinden ba\u015fl\u0131yor. Ailesi, gen\u00e7lik y\u0131llar\u0131, evlili\u011fi, hapse giri\u015fi, askerden ka\u00e7\u0131\u015f\u0131 ve nihayet zeybekli\u011fe giri\u015fiyle Y\u00f6r\u00fck Ali Efe efsanesi ortaya \u00e7\u0131k\u0131yor. Birinci D\u00fcnya Sava\u015f\u0131 ve Mondros M\u00fctarekesi sonras\u0131ndaki Ayd\u0131n\u2019daki geli\u015fmeler, sadece Ali Efe\u2019nin de\u011fil di\u011fer zeybeklerin de hayat\u0131n\u0131 de\u011fi\u015ftiriyor. Art\u0131k onlar\u0131n hayatlar\u0131 birer m\u00fccadeleye d\u00f6n\u00fc\u015f\u00fcyor. Yunan i\u015fgal kuvvetlerinin faaliyetleri kar\u015f\u0131l\u0131\u011f\u0131nda efeler birer birer destan yaz\u0131yor.Kitapta Mustafa Kemal Pa\u015fa ile aras\u0131nda ger\u00e7ekle\u015fen telgraf g\u00f6r\u00fc\u015fmeleri, \u00c7erkez Ethem\u2019in Y\u00f6r\u00fck Ali Efe\u2019ye g\u00f6nderdi\u011fi mektup ve d\u00fczenli orduya ge\u00e7i\u015f sonras\u0131nda Ali Efe\u2019nin ve di\u011fer efelerin ak\u0131beti olduk\u00e7a kritik bir yer tutuyor. \u0130talyan ar\u015fivlerinde de geni\u015f yer bulan \u0130stiklal Madalyas\u0131 sahibi Ali Efe\u2019nin ya\u015fam\u0131, t\u0131pk\u0131 gen\u00e7li\u011finde oldu\u011fu gibi b\u00fcy\u00fck m\u00fccadelelerle ve hazin bir hik\u00e2yeyle son buluyor.\u201cY\u00d6R\u00dcK AL\u0130 EFE: Milli M\u00fccadele\u2019nin Gizli Kahraman\u0131\u201d, hem o d\u00f6nemi soluk solu\u011fa ya\u015famak hem de efelerin gayretlerini ve unutulmaz izlerini ya\u015fatmak i\u00e7in destans\u0131 bir kitap\u2026 <\/p>\n","protected":false},"excerpt":{"rendered":"<p>\u201c\u015eu Dalma\u2019dan ge\u00e7tin mi?So\u011fuk sular i\u00e7tin mi?Efelerin i\u00e7inde Y\u00f6r\u00fck Ali\u2019yi se\u00e7tin mi?\u201dOnlar, her \u015feyin bitti zannedildi\u011finde ortaya \u00e7\u0131karlar. Hi\u00e7 beklenmeyen anlarda \u015fim\u015fek h\u0131z\u0131yla yeti\u015firler. Az ama<span class=\"excerpt-hellip\"> [\u2026]<\/span><\/p>\n","protected":false},"featured_media":0,"template":"","meta":{"_monsterinsights_skip_tracking":false,"_monsterinsights_sitenote_active":false,"_monsterinsights_sitenote_note":"","_monsterinsights_sitenote_category":0},"product_brand":[],"product_cat":[12304,13650],"product_tag":[],"class_list":{"0":"post-780503","1":"product","2":"type-product","3":"status-publish","5":"product_cat-tarih","6":"product_cat-turk-tarihi-arastirmalari","7":"pa_cilt-ciltsiz","8":"pa_tur-kitap","9":"pa_yayinevi-kronik-kitap","10":"pa_yazar-fatih-ozkurt","12":"first","13":"instock","14":"sale","15":"shipping-taxable","16":"purchasable","17":"product-type-simple"},"_links":{"self":[{"href":"https:\/\/roveyayinevi.com.tr\/index.php\/wp-json\/wp\/v2\/product\/780503","targetHints":{"allow":["GET"]}}],"collection":[{"href":"https:\/\/roveyayinevi.com.tr\/index.php\/wp-json\/wp\/v2\/product"}],"about":[{"href":"https:\/\/roveyayinevi.com.tr\/index.php\/wp-json\/wp\/v2\/types\/product"}],"wp:attachment":[{"href":"https:\/\/roveyayinevi.com.tr\/index.php\/wp-json\/wp\/v2\/media?parent=780503"}],"wp:term":[{"taxonomy":"product_brand","embeddable":true,"href":"https:\/\/roveyayinevi.com.tr\/index.php\/wp-json\/wp\/v2\/product_brand?post=780503"},{"taxonomy":"product_cat","embeddable":true,"href":"https:\/\/roveyayinevi.com.tr\/index.php\/wp-json\/wp\/v2\/product_cat?post=780503"},{"taxonomy":"product_tag","embeddable":true,"href":"https:\/\/roveyayinevi.com.tr\/index.php\/wp-json\/wp\/v2\/product_tag?post=780503"}],"curies":[{"name":"wp","href":"https:\/\/api.w.org\/{rel}","templated":true}]}}