{"id":780453,"date":"2026-01-20T02:32:37","date_gmt":"2026-01-19T23:32:37","guid":{"rendered":"https:\/\/roveyayinevi.com.tr\/index.php\/urun\/egitim-sosyolojisi-5\/"},"modified":"2026-04-16T02:18:02","modified_gmt":"2026-04-15T23:18:02","slug":"egitim-sosyolojisi-5","status":"publish","type":"product","link":"https:\/\/roveyayinevi.com.tr\/index.php\/urun\/egitim-sosyolojisi-5\/","title":{"rendered":"E\u011fitim Sosyolojisi"},"content":{"rendered":"<p>Bu kitap, \u201cE\u011fitimin Sosyal ve Tarih\u00ee Temelleri\u201dne vakfedilen uzun y\u0131llar\u0131n tecr\u00fcbe ve birikiminin bir \u00fcr\u00fcn\u00fcd\u00fcr. Prof. Dr. \u0130smail Do\u011fan, bu \u00e7al\u0131\u015fmas\u0131nda, e\u011fitim sosyolojisinin teorik ve kavramsal boyutunu T\u00fcrk toplumunun e\u011fitim ve k\u00fclt\u00fcrel ger\u00e7ekleriyle bulu\u015fturmaktad\u0131r. Bat\u0131l\u0131 sosyolog ve teorisyenlerin yan\u0131 s\u0131ra \u00fclke ve toplum sorunlar\u0131na e\u011fitim koridoru a\u00e7an T\u00fcrk ayd\u0131n ve m\u00fctefekkirleri de sosyolojik tarz ve y\u00f6nteme yak\u0131nl\u0131klar\u0131 ve yatk\u0131nl\u0131klar\u0131 oran\u0131nda kitab\u0131n m\u00fcnderecat\u0131nda \u00f6nemli yer tutmaktad\u0131r. Ali Suavi, M\u00fcnif Pa\u015fa, Prens Sabahattin, Ziya G\u00f6kalp, \u0130smail Hakk\u0131 Baltac\u0131o\u011flu, M\u00fcmtaz Turhan, Nurettin Top\u00e7u, Nusret K\u00f6ymen ve bir\u00e7ok T\u00fcrk ayd\u0131n\u0131n\u0131n e\u011fitim sosyolojisine katk\u0131lar\u0131 bu ba\u011flamda d\u00fc\u015f\u00fcn\u00fclm\u00fc\u015ft\u00fcr.\u0130bn-i Haldun&#8217;dan Emile Durkheim&#8217;a; Maks Weber&#8217;den Paulo Freire&#8217;a uzanan \u00f6yk\u00fc, e\u011fitim sosyolojisinin akademik sorunlar\u0131na evrensel bir bak\u0131\u015f ve deneyim kazand\u0131r\u0131r. Bu \u00e7er\u00e7evede \u00f6ne \u00e7\u0131kan i\u00e7erik ise, e\u011fitim sosyolojisinin geleneksel ve g\u00fcncel sorunlar\u0131na nesnel bir yolculuk imk\u00e2n\u0131 vermektedir.<\/p>\n","protected":false},"excerpt":{"rendered":"<p>Bu kitap, \u201cE\u011fitimin Sosyal ve Tarih\u00ee Temelleri\u201dne vakfedilen uzun y\u0131llar\u0131n tecr\u00fcbe ve birikiminin bir \u00fcr\u00fcn\u00fcd\u00fcr. Prof. Dr. \u0130smail Do\u011fan, bu \u00e7al\u0131\u015fmas\u0131nda, e\u011fitim sosyolojisinin teorik ve kavramsal<span class=\"excerpt-hellip\"> [\u2026]<\/span><\/p>\n","protected":false},"featured_media":0,"template":"","meta":{"_monsterinsights_skip_tracking":false,"_monsterinsights_sitenote_active":false,"_monsterinsights_sitenote_note":"","_monsterinsights_sitenote_category":0},"product_brand":[],"product_cat":[12573,12566],"product_tag":[],"class_list":{"0":"post-780453","1":"product","2":"type-product","3":"status-publish","5":"product_cat-akademik-kitaplar","6":"product_cat-egitim","7":"pa_cilt-ciltsiz","8":"pa_tur-kitap","9":"pa_yayinevi-nobel-akademik-yayincilik","10":"pa_yazar-ismail-dogan","12":"first","13":"instock","14":"sale","15":"shipping-taxable","16":"purchasable","17":"product-type-simple"},"_links":{"self":[{"href":"https:\/\/roveyayinevi.com.tr\/index.php\/wp-json\/wp\/v2\/product\/780453","targetHints":{"allow":["GET"]}}],"collection":[{"href":"https:\/\/roveyayinevi.com.tr\/index.php\/wp-json\/wp\/v2\/product"}],"about":[{"href":"https:\/\/roveyayinevi.com.tr\/index.php\/wp-json\/wp\/v2\/types\/product"}],"wp:attachment":[{"href":"https:\/\/roveyayinevi.com.tr\/index.php\/wp-json\/wp\/v2\/media?parent=780453"}],"wp:term":[{"taxonomy":"product_brand","embeddable":true,"href":"https:\/\/roveyayinevi.com.tr\/index.php\/wp-json\/wp\/v2\/product_brand?post=780453"},{"taxonomy":"product_cat","embeddable":true,"href":"https:\/\/roveyayinevi.com.tr\/index.php\/wp-json\/wp\/v2\/product_cat?post=780453"},{"taxonomy":"product_tag","embeddable":true,"href":"https:\/\/roveyayinevi.com.tr\/index.php\/wp-json\/wp\/v2\/product_tag?post=780453"}],"curies":[{"name":"wp","href":"https:\/\/api.w.org\/{rel}","templated":true}]}}