{"id":780318,"date":"2025-12-30T12:37:14","date_gmt":"2025-12-30T09:37:14","guid":{"rendered":"https:\/\/roveyayinevi.com.tr\/index.php\/urun\/de-facto-guvenlik-politikalari-baglaminda-uluslararasi-guvenlik-risk-ve-tehditleri\/"},"modified":"2026-04-15T03:44:52","modified_gmt":"2026-04-15T00:44:52","slug":"de-facto-guvenlik-politikalari-baglaminda-uluslararasi-guvenlik-risk-ve-tehditleri","status":"publish","type":"product","link":"https:\/\/roveyayinevi.com.tr\/index.php\/urun\/de-facto-guvenlik-politikalari-baglaminda-uluslararasi-guvenlik-risk-ve-tehditleri\/","title":{"rendered":"De Facto G\u00fcvenlik Politikalar\u0131 Ba\u011flam\u0131nda Uluslararas\u0131 G\u00fcvenlik, Risk ve Tehditleri"},"content":{"rendered":"<p>Uluslararas\u0131 g\u00fcvenlik tehditleri nicelik ve nitelik olarak \u00e7e\u015fidi g\u00fcn ve g\u00fcn artmaktad\u0131r.  Bu tehditler, sava\u015f teknolojilerinin ivme kazanmas\u0131, salg\u0131n hastal\u0131klar, dijitalle\u015fme ve sosyal medya zorbal\u0131\u011f\u0131, siber sald\u0131r\u0131, geneti\u011fi de\u011fi\u015ftirilmi\u015f g\u0131da \u00fcr\u00fcnleri, medeniyet kavram\u0131yla e\u015fle\u015fmesi gereken geli\u015fmi\u015f bir devletin, inanc\u0131 gere\u011fi bebek, kad\u0131n, okul hastane demeden katliamlar ger\u00e7ekle\u015ftirmesi ve d\u00fcnya devletlerinin fiilen m\u00fcdahale etmemesi ya da yetersiz kalmas\u0131 gibi s\u0131ralanabilir. S\u00f6z konusu katliamlar yap\u0131l\u0131rken, uluslararas\u0131 d\u00fczeni sa\u011flamay\u0131 ama\u00e7layan NATO, BM gibi kurulu\u015flar\u0131n adil olmayan yetersiz tav\u0131r ve faaliyetleri, hegomon devletlerinin de facto fiili uygulamalar kuram ve bilimin tamamen d\u0131\u015f\u0131nda tarif edilemeyen bir ger\u00e7e\u011fi g\u00f6stermektedir ve g\u00fcvenlik tehditlerine ayr\u0131 bir boyut kazand\u0131rmaktad\u0131r. Tarihsel s\u00fcre\u00e7te hegomon devletlerin zay\u0131f devletler \u00fczerindeki s\u00f6m\u00fcrgeci, adaletsiz ve kendi \u00e7\u0131karlar\u0131 do\u011frultusunda de facto uygulamalar\u0131 g\u00fcvenlik tehdidi kavram\u0131 a\u00e7\u0131s\u0131ndan uluslararas\u0131 teoriler kapsam\u0131nda yeniden incelenmesi gereklili\u011fini a\u00e7\u0131k\u00e7a g\u00f6stermektedir. \u015e\u00f6yleki; Devletlerin ve ulus-\u00fcst\u00fc kurumlar\u0131n ilke ve hedefleriyle politika ve faaliyetleri incelendi\u011finde bar\u0131\u015f\u0131n ve demokrasinin temeli olan \u201cadalet\u201d t\u00fcm canl\u0131lar i\u00e7in s\u00f6z konusu mudur? D\u00fcnya bar\u0131\u015f\u0131- g\u00fcvenli\u011fi vs. temelinde hareket eden NATO, BM gibi uluslararas\u0131 kurulu\u015flar\u0131n uygulamada ve ya\u015fanan olaylardaki davran\u0131\u015f bi\u00e7imi her toplum i\u00e7in e\u015fit midir? Bu sorular\u0131n sadece biri i\u00e7in de olsa \u201columsuz\u201d bir cevap var ise uluslararas\u0131 g\u00fcvenlik faaliyetlerini y\u00fcr\u00fcten kurulu\u015flar\u0131n politikalar\u0131 tart\u0131\u015f\u0131lmal\u0131 m\u0131d\u0131r? gibi art\u0131k sorgulayabilen ve \u00e7\u00f6z\u00fcm \u00fcretilen \u00e7al\u0131\u015fmalara ihtiya\u00e7 artm\u0131\u015ft\u0131r. S\u00f6z konusu bu politikalar\u0131n tart\u0131\u015f\u0131lmas\u0131 ve \u00e7\u00f6z\u00fcm noktas\u0131nda uzla\u015f\u0131lmas\u0131 t\u00fcm insanl\u0131\u011f\u0131n g\u00fcvenli\u011fi i\u00e7in elzemdir. <\/p>\n","protected":false},"excerpt":{"rendered":"<p>Uluslararas\u0131 g\u00fcvenlik tehditleri nicelik ve nitelik olarak \u00e7e\u015fidi g\u00fcn ve g\u00fcn artmaktad\u0131r. Bu tehditler, sava\u015f teknolojilerinin ivme kazanmas\u0131, salg\u0131n hastal\u0131klar, dijitalle\u015fme ve sosyal medya zorbal\u0131\u011f\u0131, siber<span class=\"excerpt-hellip\"> [\u2026]<\/span><\/p>\n","protected":false},"featured_media":0,"template":"","meta":{"_monsterinsights_skip_tracking":false,"_monsterinsights_sitenote_active":false,"_monsterinsights_sitenote_note":"","_monsterinsights_sitenote_category":0},"product_brand":[],"product_cat":[12337,17225],"product_tag":[],"class_list":{"0":"post-780318","1":"product","2":"type-product","3":"status-publish","5":"product_cat-politika-siyaset","6":"product_cat-uluslararasi-iliskiler","7":"pa_cilt-ciltsiz","8":"pa_tur-kitap","9":"pa_yayinevi-astana-yayinlari","10":"pa_yazar-sonay-sahin","12":"first","13":"instock","14":"sale","15":"shipping-taxable","16":"purchasable","17":"product-type-simple"},"_links":{"self":[{"href":"https:\/\/roveyayinevi.com.tr\/index.php\/wp-json\/wp\/v2\/product\/780318","targetHints":{"allow":["GET"]}}],"collection":[{"href":"https:\/\/roveyayinevi.com.tr\/index.php\/wp-json\/wp\/v2\/product"}],"about":[{"href":"https:\/\/roveyayinevi.com.tr\/index.php\/wp-json\/wp\/v2\/types\/product"}],"wp:attachment":[{"href":"https:\/\/roveyayinevi.com.tr\/index.php\/wp-json\/wp\/v2\/media?parent=780318"}],"wp:term":[{"taxonomy":"product_brand","embeddable":true,"href":"https:\/\/roveyayinevi.com.tr\/index.php\/wp-json\/wp\/v2\/product_brand?post=780318"},{"taxonomy":"product_cat","embeddable":true,"href":"https:\/\/roveyayinevi.com.tr\/index.php\/wp-json\/wp\/v2\/product_cat?post=780318"},{"taxonomy":"product_tag","embeddable":true,"href":"https:\/\/roveyayinevi.com.tr\/index.php\/wp-json\/wp\/v2\/product_tag?post=780318"}],"curies":[{"name":"wp","href":"https:\/\/api.w.org\/{rel}","templated":true}]}}