{"id":780140,"date":"2025-12-30T12:28:02","date_gmt":"2025-12-30T09:28:02","guid":{"rendered":"https:\/\/roveyayinevi.com.tr\/index.php\/urun\/kendini-yazan-habitus\/"},"modified":"2026-04-15T03:44:46","modified_gmt":"2026-04-15T00:44:46","slug":"kendini-yazan-habitus","status":"publish","type":"product","link":"https:\/\/roveyayinevi.com.tr\/index.php\/urun\/kendini-yazan-habitus\/","title":{"rendered":"Kendini Yazan Habitus"},"content":{"rendered":"<p>\u015eiir sosyolojik bir g\u00f6zle a\u00e7\u0131klanabilir mi? Yeni bir \u015fiirin do\u011fu\u015fu sadece poetik tart\u0131\u015fma ve ayr\u0131\u015fmalar\u0131n sonucu mudur? \u015eiirin en kapal\u0131 ve \u00f6znel taraflar\u0131nda toplumun etkisini nas\u0131l g\u00f6rebiliriz? Bu \u00e7al\u0131\u015fma, T\u00fcrkiye&#8217;de en \u00e7ok okunan \u015fairlerden biri olan Cemal S\u00fcreya \u00f6zelinde, \u0130kinci Yeni \u015fiirinin olu\u015fumunu sosyolojik a\u00e7\u0131dan inceliyor. S\u00fcreya\u2019n\u0131n 1950\u2019ler boyunca yazd\u0131\u011f\u0131 \u015fiirlerle toplumsal deneyimi aras\u0131nda mekik dokurken; \u015fairi d\u00f6nemin politik ve k\u00fclt\u00fcrel iklimine, di\u011fer \u015fairlerle girdi\u011fi ili\u015fkilere yerle\u015ftiriyor. Bunu yaparken alan, habitus ve eser aras\u0131ndaki kar\u015f\u0131l\u0131kl\u0131 \u015fekillenme s\u00fcre\u00e7lerini birlikte okumay\u0131 teklif eden yeni bir teorik zemin sunuyor. M\u00fclkiye \u00f6\u011frencilerinin sosyal profilinden \u015fiirdeki s\u00f6z sanatlar\u0131na kadar farkl\u0131 ger\u00e7eklik boyutlar\u0131n\u0131 bir araya getiren kitap, bir toplumsal eylem olarak \u015fiirin sosyopolitik belirlenimlere kar\u015f\u0131 kendini yazma yolu olabilece\u011fini g\u00f6steriyor. B\u00f6ylece, g\u00fcn\u00fcm\u00fcz sosyolojisinde yayg\u0131n olan habitus kavram\u0131n\u0131 da yeniden ele alarak ufuk a\u00e7\u0131c\u0131 bir inceleme ortaya koyuyor. Sadece sosyal bilimcilerin ve edebiyat uzmanlar\u0131n\u0131n de\u011fil, \u015fiire ve Cemal S\u00fcreya\u2019ya ilgi duyan herkesin istifade edece\u011fi bir \u00e7al\u0131\u015fma. <\/p>\n","protected":false},"excerpt":{"rendered":"<p>\u015eiir sosyolojik bir g\u00f6zle a\u00e7\u0131klanabilir mi? Yeni bir \u015fiirin do\u011fu\u015fu sadece poetik tart\u0131\u015fma ve ayr\u0131\u015fmalar\u0131n sonucu mudur? \u015eiirin en kapal\u0131 ve \u00f6znel taraflar\u0131nda toplumun etkisini nas\u0131l<span class=\"excerpt-hellip\"> [\u2026]<\/span><\/p>\n","protected":false},"featured_media":0,"template":"","meta":{"_monsterinsights_skip_tracking":false,"_monsterinsights_sitenote_active":false,"_monsterinsights_sitenote_note":"","_monsterinsights_sitenote_category":0},"product_brand":[],"product_cat":[13488],"product_tag":[],"class_list":{"0":"post-780140","1":"product","2":"type-product","3":"status-publish","5":"product_cat-toplum-ve-insan","6":"pa_cilt-ciltsiz","7":"pa_tur-kitap","8":"pa_yayinevi-vakifbank-kultur-yayinlari","9":"pa_yazar-elyesa-koytak","11":"first","12":"instock","13":"sale","14":"shipping-taxable","15":"purchasable","16":"product-type-simple"},"_links":{"self":[{"href":"https:\/\/roveyayinevi.com.tr\/index.php\/wp-json\/wp\/v2\/product\/780140","targetHints":{"allow":["GET"]}}],"collection":[{"href":"https:\/\/roveyayinevi.com.tr\/index.php\/wp-json\/wp\/v2\/product"}],"about":[{"href":"https:\/\/roveyayinevi.com.tr\/index.php\/wp-json\/wp\/v2\/types\/product"}],"wp:attachment":[{"href":"https:\/\/roveyayinevi.com.tr\/index.php\/wp-json\/wp\/v2\/media?parent=780140"}],"wp:term":[{"taxonomy":"product_brand","embeddable":true,"href":"https:\/\/roveyayinevi.com.tr\/index.php\/wp-json\/wp\/v2\/product_brand?post=780140"},{"taxonomy":"product_cat","embeddable":true,"href":"https:\/\/roveyayinevi.com.tr\/index.php\/wp-json\/wp\/v2\/product_cat?post=780140"},{"taxonomy":"product_tag","embeddable":true,"href":"https:\/\/roveyayinevi.com.tr\/index.php\/wp-json\/wp\/v2\/product_tag?post=780140"}],"curies":[{"name":"wp","href":"https:\/\/api.w.org\/{rel}","templated":true}]}}