{"id":780119,"date":"2025-12-30T12:27:00","date_gmt":"2025-12-30T09:27:00","guid":{"rendered":"https:\/\/roveyayinevi.com.tr\/index.php\/urun\/haziranda-bes-gun\/"},"modified":"2026-04-15T03:44:45","modified_gmt":"2026-04-15T00:44:45","slug":"haziranda-bes-gun","status":"publish","type":"product","link":"https:\/\/roveyayinevi.com.tr\/index.php\/urun\/haziranda-bes-gun\/","title":{"rendered":"Haziranda Be\u015f G\u00fcn"},"content":{"rendered":"<p>Haziran 1953, Do\u011fu Berlin. \u0130\u015f\u00e7iler, g\u00fcnl\u00fck i\u015f y\u00fcklerinin art\u0131r\u0131lmas\u0131 karar\u0131na kar\u015f\u0131 grev \u00e7a\u011fr\u0131s\u0131 yaparak sokaklara \u00e7\u0131kar. Sokaklarda yay\u0131lan \u00f6fke, yaln\u0131zca iki g\u00fcn i\u00e7inde kitlesel bir direni\u015fe d\u00f6n\u00fc\u015f\u00fcr ve sonunda i\u015f\u00e7i devleti ile i\u015f\u00e7iler aras\u0131nda a\u015f\u0131lmas\u0131 g\u00fc\u00e7 bir u\u00e7urum meydana gelir.  Stefan Heym, \u201cDo\u011fu Alman Ayaklanmas\u0131\u201d olarak an\u0131lan bu tarih\u00ee g\u00fcnleri anlatmaya olaylar\u0131n fitilinin ate\u015flendi\u011fi 13 Haziran\u2019dan ba\u015fl\u0131yor, 17 Haziran\u2019a kadar ya\u015fananlar\u0131 dakikas\u0131 dakikas\u0131na mercek alt\u0131na al\u0131yor. Ve bunu, tek tarafl\u0131 bir y\u00fcceltme ya da mahk\u00fbmiyete kap\u0131lmadan, farkl\u0131 perspektiflerden bakarak yap\u0131yor: Her b\u00f6l\u00fcmde, emek\u00e7ilerin \u00e7al\u0131\u015fma normlar\u0131n\u0131 art\u0131rma karar\u0131 alan Almanya Sosyalist Birlik Partisi (SED) y\u00f6neticilerinin, partinin talimatlar\u0131n\u0131 kimisi teredd\u00fctle kimisi ko\u015fulsuz uygulayan parti \u00f6nde gelenlerinin, grev \u00e7a\u011fr\u0131s\u0131na kat\u0131lan ve kar\u015f\u0131 \u00e7\u0131kan i\u015f\u00e7ilerin, s\u0131radan yurtta\u015flar\u0131n ve elbette Bat\u0131 Berlinlilerin g\u00f6z\u00fcnden olaylar\u0131n nas\u0131l g\u00f6r\u00fcnd\u00fc\u011f\u00fcn\u00fc aktar\u0131yor. Neticede her bir karakter, b\u00fcy\u00fck bir tarihsel k\u0131r\u0131lman\u0131n \u00f6znesi haline geliyor.  Kurguyla ger\u00e7ek aras\u0131ndaki s\u0131n\u0131r\u0131n solukla\u015ft\u0131\u011f\u0131 Haziranda Be\u015f G\u00fcn, resm\u00ee belgelerden al\u0131nt\u0131lar, d\u00f6nemin radyo haberlerinden kesitlerle okuru tarihe tan\u0131kl\u0131k etmeye \u00e7a\u011f\u0131r\u0131rken, bilin\u00e7 ak\u0131\u015f\u0131 tekni\u011fiyle verilmi\u015f i\u00e7 monologlar\u0131, dramatik yo\u011funlu\u011fu art\u0131rmak amac\u0131yla tiyatro metni bi\u00e7iminde kurgulanm\u0131\u015f diyaloglar\u0131 ve farkl\u0131 karakterlerin bak\u0131\u015f a\u00e7\u0131lar\u0131ndan olu\u015fan \u00e7ok seslili\u011fiyle edeb\u00ee doyum da vaat ediyor<\/p>\n","protected":false},"excerpt":{"rendered":"<p>Haziran 1953, Do\u011fu Berlin. \u0130\u015f\u00e7iler, g\u00fcnl\u00fck i\u015f y\u00fcklerinin art\u0131r\u0131lmas\u0131 karar\u0131na kar\u015f\u0131 grev \u00e7a\u011fr\u0131s\u0131 yaparak sokaklara \u00e7\u0131kar. Sokaklarda yay\u0131lan \u00f6fke, yaln\u0131zca iki g\u00fcn i\u00e7inde kitlesel bir direni\u015fe<span class=\"excerpt-hellip\"> [\u2026]<\/span><\/p>\n","protected":false},"featured_media":0,"template":"","meta":{"_monsterinsights_skip_tracking":false,"_monsterinsights_sitenote_active":false,"_monsterinsights_sitenote_note":"","_monsterinsights_sitenote_category":0},"product_brand":[],"product_cat":[12782,12291],"product_tag":[],"class_list":{"0":"post-780119","1":"product","2":"type-product","3":"status-publish","5":"product_cat-alman-edebiyati","6":"product_cat-edebiyat","7":"pa_cilt-ciltsiz","8":"pa_tur-kitap","9":"pa_yayinevi-yordam-kitap","10":"pa_yazar-stefan-heym","12":"first","13":"instock","14":"sale","15":"shipping-taxable","16":"purchasable","17":"product-type-simple"},"_links":{"self":[{"href":"https:\/\/roveyayinevi.com.tr\/index.php\/wp-json\/wp\/v2\/product\/780119","targetHints":{"allow":["GET"]}}],"collection":[{"href":"https:\/\/roveyayinevi.com.tr\/index.php\/wp-json\/wp\/v2\/product"}],"about":[{"href":"https:\/\/roveyayinevi.com.tr\/index.php\/wp-json\/wp\/v2\/types\/product"}],"wp:attachment":[{"href":"https:\/\/roveyayinevi.com.tr\/index.php\/wp-json\/wp\/v2\/media?parent=780119"}],"wp:term":[{"taxonomy":"product_brand","embeddable":true,"href":"https:\/\/roveyayinevi.com.tr\/index.php\/wp-json\/wp\/v2\/product_brand?post=780119"},{"taxonomy":"product_cat","embeddable":true,"href":"https:\/\/roveyayinevi.com.tr\/index.php\/wp-json\/wp\/v2\/product_cat?post=780119"},{"taxonomy":"product_tag","embeddable":true,"href":"https:\/\/roveyayinevi.com.tr\/index.php\/wp-json\/wp\/v2\/product_tag?post=780119"}],"curies":[{"name":"wp","href":"https:\/\/api.w.org\/{rel}","templated":true}]}}