{"id":780027,"date":"2025-12-30T12:22:32","date_gmt":"2025-12-30T09:22:32","guid":{"rendered":"https:\/\/roveyayinevi.com.tr\/index.php\/urun\/sira-iktisadi-zaferde-izmirde-ilk-turkiye-iktisat-kongresi-ve-sergisi-albumu-1923\/"},"modified":"2026-04-15T03:44:42","modified_gmt":"2026-04-15T00:44:42","slug":"sira-iktisadi-zaferde-izmirde-ilk-turkiye-iktisat-kongresi-ve-sergisi-albumu-1923","status":"publish","type":"product","link":"https:\/\/roveyayinevi.com.tr\/index.php\/urun\/sira-iktisadi-zaferde-izmirde-ilk-turkiye-iktisat-kongresi-ve-sergisi-albumu-1923\/","title":{"rendered":"S\u0131ra \u0130ktisadi Zaferde &#8211; \u0130zmir\u2019de \u0130lk T\u00fcrkiye \u0130ktisat Kongresi ve Sergisi Alb\u00fcm\u00fc &#8211; 1923"},"content":{"rendered":"<p>\u201cSiyasi ve askeri muzafferiyetler ne kadar b\u00fcy\u00fck olursa olsun, iktisadi zaferle ta\u00e7land\u0131r\u0131lmazsa semereleri payidar olamaz. \u201dGazi Mustafa Kemal Pa\u015fa, 17 \u015eubat 1923 g\u00fcn\u00fc \u0130zmir\u2019de ba\u015flayan T\u00fcrkiye \u0130ktisat Kongresi\u2019nin a\u00e7\u0131l\u0131\u015f konu\u015fmas\u0131nda temsilcilere bu s\u00f6zlerle seslendi. Milli M\u00fccadele\u2019nin askeri cephesinin zaferle sonu\u00e7land\u0131r\u0131ld\u0131\u011f\u0131, siyasi olarak ise Lozan m\u00fczakerelerine kapit\u00fclasyonlar\u0131n kald\u0131r\u0131lmas\u0131 tart\u0131\u015fmas\u0131yla ara verilmek zorunda kal\u0131nan bir d\u00f6nemde yap\u0131lan kongrenin ana hedefi Bat\u0131 d\u00fcnyas\u0131na iktisadi ba\u011f\u0131ms\u0131zl\u0131ktan hi\u00e7bir \u015fekilde vazge\u00e7ilmeyece\u011fi mesaj\u0131n\u0131 g\u00f6ndermek ve iktisadi kurtulu\u015fu ve iktisadi egemenli\u011fi ifade eden Milli \u0130ktisat siyasetini hayata ge\u00e7irmekti. Y. Do\u011fan \u00c7etinkaya taraf\u0131ndan haz\u0131rlanan bu \u00e7al\u0131\u015fma,17 \u015eubat-4 Mart 1923 tarihleri aras\u0131nda yap\u0131lan kongrede Gazi Mustafa Kemal Pa\u015fa\u2019n\u0131n nutkunun tam metniyle birlikte Zafer Toprak, Y. Do\u011fan \u00c7etinkaya ve T\u00fcnay Aras\u2019\u0131n kongrenin esaslar\u0131 ve Meclis\u2019te ve d\u00f6nem bas\u0131n\u0131nda yap\u0131lan tart\u0131\u015fmalar \u00fczerine makaleleri ile ilk kez yay\u0131mlanacak T\u00fcrkiye \u0130ktisat Kongresi Sergisi\u2019ne ait foto\u011fraf alb\u00fcm\u00fcn\u00fc kaps\u0131yor. Kitap, kongre \u00e7al\u0131\u015fmalar\u0131 ve sergiye kat\u0131lan yerli giri\u015fimcilerin iktisadi faaliyetlerine dair \u00f6nemli bir katk\u0131 sunuyor.<\/p>\n","protected":false},"excerpt":{"rendered":"<p>\u201cSiyasi ve askeri muzafferiyetler ne kadar b\u00fcy\u00fck olursa olsun, iktisadi zaferle ta\u00e7land\u0131r\u0131lmazsa semereleri payidar olamaz. \u201dGazi Mustafa Kemal Pa\u015fa, 17 \u015eubat 1923 g\u00fcn\u00fc \u0130zmir\u2019de ba\u015flayan T\u00fcrkiye<span class=\"excerpt-hellip\"> [\u2026]<\/span><\/p>\n","protected":false},"featured_media":0,"template":"","meta":{"_monsterinsights_skip_tracking":false,"_monsterinsights_sitenote_active":false,"_monsterinsights_sitenote_note":"","_monsterinsights_sitenote_category":0},"product_brand":[],"product_cat":[12304,13493],"product_tag":[],"class_list":{"0":"post-780027","1":"product","2":"type-product","3":"status-publish","5":"product_cat-tarih","6":"product_cat-turkiye-ve-cumhuriyet-tarihi","7":"pa_cilt-ciltsiz","8":"pa_tur-kitap","9":"pa_yayinevi-is-bankasi-kultur-yayinlari","10":"pa_yazar-kolektif","12":"first","13":"instock","14":"sale","15":"shipping-taxable","16":"purchasable","17":"product-type-simple"},"_links":{"self":[{"href":"https:\/\/roveyayinevi.com.tr\/index.php\/wp-json\/wp\/v2\/product\/780027","targetHints":{"allow":["GET"]}}],"collection":[{"href":"https:\/\/roveyayinevi.com.tr\/index.php\/wp-json\/wp\/v2\/product"}],"about":[{"href":"https:\/\/roveyayinevi.com.tr\/index.php\/wp-json\/wp\/v2\/types\/product"}],"wp:attachment":[{"href":"https:\/\/roveyayinevi.com.tr\/index.php\/wp-json\/wp\/v2\/media?parent=780027"}],"wp:term":[{"taxonomy":"product_brand","embeddable":true,"href":"https:\/\/roveyayinevi.com.tr\/index.php\/wp-json\/wp\/v2\/product_brand?post=780027"},{"taxonomy":"product_cat","embeddable":true,"href":"https:\/\/roveyayinevi.com.tr\/index.php\/wp-json\/wp\/v2\/product_cat?post=780027"},{"taxonomy":"product_tag","embeddable":true,"href":"https:\/\/roveyayinevi.com.tr\/index.php\/wp-json\/wp\/v2\/product_tag?post=780027"}],"curies":[{"name":"wp","href":"https:\/\/api.w.org\/{rel}","templated":true}]}}