{"id":779924,"date":"2025-12-30T12:16:49","date_gmt":"2025-12-30T09:16:49","guid":{"rendered":"https:\/\/roveyayinevi.com.tr\/index.php\/urun\/1960-1980-genclik-ve-mucadelesi-dev-genc\/"},"modified":"2026-04-15T03:44:40","modified_gmt":"2026-04-15T00:44:40","slug":"1960-1980-genclik-ve-mucadelesi-dev-genc","status":"publish","type":"product","link":"https:\/\/roveyayinevi.com.tr\/index.php\/urun\/1960-1980-genclik-ve-mucadelesi-dev-genc\/","title":{"rendered":"1960-1980 Gen\u00e7lik ve M\u00fccadelesi DEV-GEN\u00c7"},"content":{"rendered":"<p>DEV-GEN\u00c7 savunmas\u0131ndan derlenerek haz\u0131rlanan bu kitap, DEV-GEN\u00c7 deneyini bug\u00fcn\u00fcn devrimci gen\u00e7lerine aktarmak ve onlar\u0131n m\u00fccadelesine m\u00fctevaz\u0131 de olsa bir katk\u0131 yapmak amac\u0131yla haz\u0131rlanm\u0131\u015ft\u0131r.   Elbette bizi bu kitab\u0131 yeniden basmaya sevk eden, bunun i\u00e7in heyecan veren ise 19 Mart\u2019ta barikatlar\u0131 a\u015farak sokaklar\u0131 dolduran gen\u00e7li\u011fin geli\u015fen devrimci muhalefetinin yaratt\u0131\u011f\u0131 umut dalgas\u0131 olmu\u015ftur.   Tarihin a\u011f\u0131r sorumlulu\u011funu gencecik omuzlar\u0131na al\u0131p \u00fclkenin d\u00f6rt bir yan\u0131ndaki sokaklarda DEV-GEN\u00c7\u2019li olman\u0131n onuruyla y\u00fcr\u00fcyen, o \u00fclkenin en g\u00fczel \u00e7ocuklar\u0131na t\u00fcm isyan ko\u015fucular\u0131na kallavi bir selam&#8230; <\/p>\n","protected":false},"excerpt":{"rendered":"<p>DEV-GEN\u00c7 savunmas\u0131ndan derlenerek haz\u0131rlanan bu kitap, DEV-GEN\u00c7 deneyini bug\u00fcn\u00fcn devrimci gen\u00e7lerine aktarmak ve onlar\u0131n m\u00fccadelesine m\u00fctevaz\u0131 de olsa bir katk\u0131 yapmak amac\u0131yla haz\u0131rlanm\u0131\u015ft\u0131r. Elbette bizi bu<span class=\"excerpt-hellip\"> [\u2026]<\/span><\/p>\n","protected":false},"featured_media":0,"template":"","meta":{"_monsterinsights_skip_tracking":false,"_monsterinsights_sitenote_active":false,"_monsterinsights_sitenote_note":"","_monsterinsights_sitenote_category":0},"product_brand":[],"product_cat":[12337],"product_tag":[],"class_list":{"0":"post-779924","1":"product","2":"type-product","3":"status-publish","5":"product_cat-politika-siyaset","6":"pa_cilt-ciltsiz","7":"pa_tur-kitap","8":"pa_yayinevi-sol-kultur","9":"pa_yazar-kolektif","11":"first","12":"instock","13":"sale","14":"shipping-taxable","15":"purchasable","16":"product-type-simple"},"_links":{"self":[{"href":"https:\/\/roveyayinevi.com.tr\/index.php\/wp-json\/wp\/v2\/product\/779924","targetHints":{"allow":["GET"]}}],"collection":[{"href":"https:\/\/roveyayinevi.com.tr\/index.php\/wp-json\/wp\/v2\/product"}],"about":[{"href":"https:\/\/roveyayinevi.com.tr\/index.php\/wp-json\/wp\/v2\/types\/product"}],"wp:attachment":[{"href":"https:\/\/roveyayinevi.com.tr\/index.php\/wp-json\/wp\/v2\/media?parent=779924"}],"wp:term":[{"taxonomy":"product_brand","embeddable":true,"href":"https:\/\/roveyayinevi.com.tr\/index.php\/wp-json\/wp\/v2\/product_brand?post=779924"},{"taxonomy":"product_cat","embeddable":true,"href":"https:\/\/roveyayinevi.com.tr\/index.php\/wp-json\/wp\/v2\/product_cat?post=779924"},{"taxonomy":"product_tag","embeddable":true,"href":"https:\/\/roveyayinevi.com.tr\/index.php\/wp-json\/wp\/v2\/product_tag?post=779924"}],"curies":[{"name":"wp","href":"https:\/\/api.w.org\/{rel}","templated":true}]}}