{"id":779921,"date":"2025-12-30T12:16:41","date_gmt":"2025-12-30T09:16:41","guid":{"rendered":"https:\/\/roveyayinevi.com.tr\/index.php\/urun\/nahid-sirri-orik-harem-i-humayun-yazilari\/"},"modified":"2026-04-15T03:44:40","modified_gmt":"2026-04-15T00:44:40","slug":"nahid-sirri-orik-harem-i-humayun-yazilari","status":"publish","type":"product","link":"https:\/\/roveyayinevi.com.tr\/index.php\/urun\/nahid-sirri-orik-harem-i-humayun-yazilari\/","title":{"rendered":"Nahid S\u0131rr\u0131 \u00d6rik &#8211; Harem-i H\u00fcmayun Yaz\u0131lar\u0131"},"content":{"rendered":"<p>Osmanl\u0131 tarihinin en \u00e7ok efsanele\u015ftirilen kurumu olan harem, y\u00fczy\u0131llar boyunca hem Bat\u0131\u2019n\u0131n oryantalist merak\u0131 hem de yerli tarih anlat\u0131s\u0131n\u0131n sessizlikleriyle ku\u015fat\u0131lm\u0131\u015f bir alan olarak kald\u0131. Modern ara\u015ft\u0131rmalar ise, haremin yaln\u0131zca padi\u015fah\u0131n \u00f6zel ya\u015fam\u0131na ait bir mek\u00e2n de\u011fil, devletin i\u00e7 i\u015fleyi\u015fine n\u00fcfuz eden bir politik alan, kad\u0131nlar\u0131n e\u011fitim, sanat ve iktidar pratikleriyle yer ald\u0131\u011f\u0131 kurumsal bir yap\u0131 oldu\u011funa i\u015faret ediyor. \u00d6rik\u2019in 1939\u20131959 y\u0131llar\u0131 aras\u0131nda kaleme ald\u0131\u011f\u0131; d\u00f6nemin ar\u015fiv belgeleri, kendi hat\u0131ralar\u0131 ve ki\u015fisel g\u00f6zlemleriyle desteklenmi\u015f olan yaz\u0131lar\u0131 da bu anlay\u0131\u015fa katk\u0131 sa\u011flayabilecek t\u00fcrdendir.Bahriye \u00c7eri\u2019nin Harem-i H\u00fcm\u00e2yun Yaz\u0131lar\u0131 ba\u015fl\u0131\u011f\u0131yla derledi\u011fi bu kitaptaki yaz\u0131lar\u0131nda Nahid S\u0131rr\u0131 \u00d6rik, haremin kap\u0131lar\u0131n\u0131 hem bir tarih\u00e7i hem de romanc\u0131n\u0131n sezgisiyle aralar. Onun kaleminde harem, efsanelerin de\u011fil, kad\u0131n \u00f6znesinin sahnesidir: Valide sultanlar, \u015fehzade anneleri, kalfalar ve cariyeler, yaln\u0131zca \u201cmahrem alan\u0131n\u201d fig\u00fcrleri de\u011fil, ayn\u0131 zamanda saray siyasetinin ve toplumsal hiyerar\u015finin aktif akt\u00f6rleridir.Kad\u0131nlar, g\u00f6r\u00fcnmez k\u0131l\u0131nd\u0131klar\u0131 bir tarihte dan\u0131\u015fmanl\u0131k, arabuluculuk gibi rollerle; himaye ve n\u00fcfuzlar\u0131yla devletin y\u00f6netim a\u011f\u0131n\u0131n bir par\u00e7as\u0131d\u0131r.Bu y\u00f6n\u00fcyle haremi, ataerkil bir yap\u0131n\u0131n i\u00e7inde kad\u0131nlar\u0131n iktidar \u00fcretme bi\u00e7imlerini g\u00f6steren \u00f6zg\u00fcn bir laboratuvar olarak g\u00f6rmek yanl\u0131\u015f olmaz. Yazar, cariyelerin k\u00f6lelikten y\u00fckselip g\u00fc\u00e7 kazand\u0131\u011f\u0131, kad\u0131nlar\u0131n sanat ve siyaset alanlar\u0131nda yer buldu\u011fu Osmanl\u0131 saray\u0131n\u0131n i\u00e7 dinamiklerini ele al\u0131rken, tarih yaz\u0131m\u0131n\u0131n d\u0131\u015f\u0131na itilmi\u015f kad\u0131n seslerini yeniden kayda ge\u00e7irir.Harem-i H\u00fcm\u00e2yun Yaz\u0131lar\u0131, tarihi ve saray\u0131n gizli kap\u0131lar\u0131 ard\u0131ndaki ya\u015fam\u0131 g\u00f6zler \u00f6n\u00fcne sermekle kalm\u0131yor; as\u0131l \u00f6nemini, kad\u0131n tarihini erkek merkezli belle\u011fin ve anlat\u0131n\u0131n d\u0131\u015f\u0131na \u00e7\u0131karmas\u0131ndan al\u0131yor.<\/p>\n","protected":false},"excerpt":{"rendered":"<p>Osmanl\u0131 tarihinin en \u00e7ok efsanele\u015ftirilen kurumu olan harem, y\u00fczy\u0131llar boyunca hem Bat\u0131\u2019n\u0131n oryantalist merak\u0131 hem de yerli tarih anlat\u0131s\u0131n\u0131n sessizlikleriyle ku\u015fat\u0131lm\u0131\u015f bir alan olarak kald\u0131. Modern<span class=\"excerpt-hellip\"> [\u2026]<\/span><\/p>\n","protected":false},"featured_media":0,"template":"","meta":{"_monsterinsights_skip_tracking":false,"_monsterinsights_sitenote_active":false,"_monsterinsights_sitenote_note":"","_monsterinsights_sitenote_category":0},"product_brand":[],"product_cat":[13517,12304],"product_tag":[],"class_list":{"0":"post-779921","1":"product","2":"type-product","3":"status-publish","5":"product_cat-osmanli-tarihi","6":"product_cat-tarih","7":"pa_cilt-ciltsiz","8":"pa_tur-kitap","9":"pa_yayinevi-everest-yayinlari","10":"pa_yazar-kolektif","12":"first","13":"instock","14":"sale","15":"shipping-taxable","16":"purchasable","17":"product-type-simple"},"_links":{"self":[{"href":"https:\/\/roveyayinevi.com.tr\/index.php\/wp-json\/wp\/v2\/product\/779921","targetHints":{"allow":["GET"]}}],"collection":[{"href":"https:\/\/roveyayinevi.com.tr\/index.php\/wp-json\/wp\/v2\/product"}],"about":[{"href":"https:\/\/roveyayinevi.com.tr\/index.php\/wp-json\/wp\/v2\/types\/product"}],"wp:attachment":[{"href":"https:\/\/roveyayinevi.com.tr\/index.php\/wp-json\/wp\/v2\/media?parent=779921"}],"wp:term":[{"taxonomy":"product_brand","embeddable":true,"href":"https:\/\/roveyayinevi.com.tr\/index.php\/wp-json\/wp\/v2\/product_brand?post=779921"},{"taxonomy":"product_cat","embeddable":true,"href":"https:\/\/roveyayinevi.com.tr\/index.php\/wp-json\/wp\/v2\/product_cat?post=779921"},{"taxonomy":"product_tag","embeddable":true,"href":"https:\/\/roveyayinevi.com.tr\/index.php\/wp-json\/wp\/v2\/product_tag?post=779921"}],"curies":[{"name":"wp","href":"https:\/\/api.w.org\/{rel}","templated":true}]}}