{"id":779893,"date":"2025-12-30T12:15:38","date_gmt":"2025-12-30T09:15:38","guid":{"rendered":"https:\/\/roveyayinevi.com.tr\/index.php\/urun\/benim-babam-darbeci\/"},"modified":"2026-04-15T03:44:38","modified_gmt":"2026-04-15T00:44:38","slug":"benim-babam-darbeci","status":"publish","type":"product","link":"https:\/\/roveyayinevi.com.tr\/index.php\/urun\/benim-babam-darbeci\/","title":{"rendered":"Benim Babam Darbeci"},"content":{"rendered":"<p>27 May\u0131s 1960 darbesini haz\u0131rlayan kadrolar, harek\u00e2t ba\u015far\u0131ya ula\u015ft\u0131ktan sonra Milli Birlik Komitesi ad\u0131 alt\u0131nda 38 ki\u015filik bir komite kurdular. Hu\u0308ku\u0308met, MBK\u2019n\u0131n se\u00e7ti\u011fi sivil-askerlerden olu\u015fuyordu. Genellikle albay ve daha du\u0308\u015fu\u0308k ru\u0308tbeli subaylardan mu\u0308rekkep komite, ordu i\u00e7erisindeki hiyerar\u015fiyi g\u00f6zeterek devlet ve hu\u0308ku\u0308met ba\u015fkan\u0131 olarak General Cemal Gu\u0308rsel\u2019i se\u00e7ti. Devrik iktidar\u0131n mensuplar\u0131 ve onlara hizmet eden yu\u0308ksek bu\u0308rokratlar tutukland\u0131lar. Yass\u0131ada\u2019da kurulan \u00f6zel yetkili mahkemede yarg\u0131lanmaya ba\u015flad\u0131lar. Ankara Radyosu\u2019nda ak\u015fam haberlerinden sonra yay\u0131nlanan bir programd\u0131. \u201c&#8230;san\u0131klar ba\u011fl\u0131 olmayarak getirildiler&#8230;\u201d cu\u0308mlesi haf\u0131zamdan silinmedi henu\u0308z. Muhalefet partileri i\u00e7in ise yaln\u0131z siyaset ve propaganda yasa\u011f\u0131 getirildi. Partisi kapat\u0131lan, malvarl\u0131\u011f\u0131na el konulan, mensuplar\u0131 kurulan \u00f6zel mahkemede anayasay\u0131 ihlal su\u00e7lamas\u0131yla, \u00f6lu\u0308m cezas\u0131yla yarg\u0131lanan iktidar partisine oy ve g\u00f6nu\u0308l vermi\u015f milyonlarca vatanda\u015f bu pek de adil olmayan durumdan rahats\u0131z olmaya ba\u015flad\u0131. Uygulama, darbecilerin biz ihtilali hi\u00e7bir zu\u0308mreye kar\u015f\u0131 yapmad\u0131k teziyle \u00e7eli\u015fiyordu. Bu \u00e7eli\u015fki darbeyi yapan askerler aras\u0131nda da su yu\u0308zu\u0308ne \u00e7\u0131kmakta gecikmedi. \u0130ki temel g\u00f6ru\u0308\u015f etraf\u0131nda ku\u0308melenmeler ba\u015flad\u0131. Birinci g\u00f6ru\u0308\u015fe sahip olanlar, i\u015fba\u015f\u0131na gelen asker kadrolar\u0131n u\u0308lke y\u00f6netiminde tecru\u0308be sahibi olmad\u0131klar\u0131ndan i\u00e7inde bulunulan y\u00f6netim krizini a\u015fmada tecru\u0308beli ki\u015fi ve \u00e7evrelerin deste\u011fine ihtiya\u00e7 oldu\u011funu s\u00f6yleyenlerdi&#8230; Kurtulu\u015f Sava\u015f\u0131 kahraman\u0131, eski asker, sonras\u0131n\u0131n kurt politikac\u0131s\u0131 Ba\u015fbakan \u0130smet \u0130n\u00f6nu\u0308 ile Ankara\u2019n\u0131n kudretli albay\u0131 Talat Aydemir aras\u0131ndaki bilek gu\u0308re\u015finin ilk raundu 22 \u015eubat 1962\u2019de ya\u015fand\u0131. Hu\u0308ku\u0308met ba\u015fkald\u0131rma e\u011filiminde olan cuntac\u0131lar\u0131 22 \u015eubat ak\u015fam u\u0308zeri emekliye sevk etti. Askerler buna direndi. Hava Kuvvetleri ve Genelkurmay kararg\u00e2h\u0131 hu\u0308ku\u0308metin yan\u0131ndayd\u0131. Soka\u011fa \u00e7\u0131kan askerler, taraflar\u0131n \u201ckan d\u00f6ku\u0308lmesin\u201d \u00e7a\u011fr\u0131lar\u0131na uydular. \u0130n\u00f6nu\u0308\u2019nu\u0308n asiler hakk\u0131nda kanuni i\u015flem yap\u0131lmayaca\u011f\u0131na dair el yaz\u0131s\u0131yla yaz\u0131p imzalad\u0131\u011f\u0131 belge uyar\u0131nca herkes k\u0131\u015flas\u0131na d\u00f6ndu\u0308 ve emekli edildiler. \u201c22 \u015eubat\u00e7\u0131lar\u201d diye an\u0131lan bu subaylar\u0131n aras\u0131nda Kara Harp Okulu Alay Komutan\u0131 olarak g\u00f6rev yapan babam Kurmay Albay Turgut Alpagut da vard\u0131.<\/p>\n","protected":false},"excerpt":{"rendered":"<p>27 May\u0131s 1960 darbesini haz\u0131rlayan kadrolar, harek\u00e2t ba\u015far\u0131ya ula\u015ft\u0131ktan sonra Milli Birlik Komitesi ad\u0131 alt\u0131nda 38 ki\u015filik bir komite kurdular. Hu\u0308ku\u0308met, MBK\u2019n\u0131n se\u00e7ti\u011fi sivil-askerlerden olu\u015fuyordu. Genellikle<span class=\"excerpt-hellip\"> [\u2026]<\/span><\/p>\n","protected":false},"featured_media":0,"template":"","meta":{"_monsterinsights_skip_tracking":false,"_monsterinsights_sitenote_active":false,"_monsterinsights_sitenote_note":"","_monsterinsights_sitenote_category":0},"product_brand":[],"product_cat":[12337],"product_tag":[],"class_list":{"0":"post-779893","1":"product","2":"type-product","3":"status-publish","5":"product_cat-politika-siyaset","6":"pa_cilt-ciltsiz","7":"pa_tur-kitap","8":"pa_yayinevi-ayrinti-yayinlari","9":"pa_yazar-tarik-alpagut","11":"first","12":"instock","13":"sale","14":"shipping-taxable","15":"purchasable","16":"product-type-simple"},"_links":{"self":[{"href":"https:\/\/roveyayinevi.com.tr\/index.php\/wp-json\/wp\/v2\/product\/779893","targetHints":{"allow":["GET"]}}],"collection":[{"href":"https:\/\/roveyayinevi.com.tr\/index.php\/wp-json\/wp\/v2\/product"}],"about":[{"href":"https:\/\/roveyayinevi.com.tr\/index.php\/wp-json\/wp\/v2\/types\/product"}],"wp:attachment":[{"href":"https:\/\/roveyayinevi.com.tr\/index.php\/wp-json\/wp\/v2\/media?parent=779893"}],"wp:term":[{"taxonomy":"product_brand","embeddable":true,"href":"https:\/\/roveyayinevi.com.tr\/index.php\/wp-json\/wp\/v2\/product_brand?post=779893"},{"taxonomy":"product_cat","embeddable":true,"href":"https:\/\/roveyayinevi.com.tr\/index.php\/wp-json\/wp\/v2\/product_cat?post=779893"},{"taxonomy":"product_tag","embeddable":true,"href":"https:\/\/roveyayinevi.com.tr\/index.php\/wp-json\/wp\/v2\/product_tag?post=779893"}],"curies":[{"name":"wp","href":"https:\/\/api.w.org\/{rel}","templated":true}]}}