{"id":779743,"date":"2025-12-30T12:09:11","date_gmt":"2025-12-30T09:09:11","guid":{"rendered":"https:\/\/roveyayinevi.com.tr\/index.php\/urun\/kurtulus-devrinde-bizans-ve-osmanlilar\/"},"modified":"2026-04-15T03:44:19","modified_gmt":"2026-04-15T00:44:19","slug":"kurtulus-devrinde-bizans-ve-osmanlilar","status":"publish","type":"product","link":"https:\/\/roveyayinevi.com.tr\/index.php\/urun\/kurtulus-devrinde-bizans-ve-osmanlilar\/","title":{"rendered":"Kurtulu\u015f Devrinde Bizans ve Osmanl\u0131lar"},"content":{"rendered":"<p>Tu\u0308rk ve Bizans tarihine odaklanan akademisyenler, uzun y\u0131llar boyunca \u00f6zellikle dil bariyeri nedeniyle birbirlerinin ara\u015ft\u0131rmalar\u0131ndan ve birincil kaynaklardan yeterince yararlanamad\u0131lar. Ancak bu kaynaklar nihayet kar\u015f\u0131la\u015ft\u0131r\u0131ld\u0131\u011f\u0131nda, dinler aras\u0131 evlilikler, Tu\u0308rk\u00e7e konu\u015fan Hristiyanlar ve Yunanca konu\u015fan Mu\u0308slu\u0308manlar gibi olgular, kimliklerin ne kadar ak\u0131\u015fkan ve \u00e7ok katmanl\u0131 oldu\u011funu g\u00f6zler \u00f6nu\u0308ne serdi. Frans\u0131z tarih\u00e7i Michel Balivet, yirmi y\u0131l\u0131 a\u015fk\u0131n ara\u015ft\u0131rmalar\u0131n\u0131n birikimiyle, Bizans\u2019tan Sel\u00e7uklu\u2019ya ve Osmanl\u0131\u2019ya uzanan geni\u015f bir tarih\u00ee su\u0308reklilik i\u00e7inde Tu\u0308rk-Bizans ili\u015fkilerini derinlemesine inceliyor. Bizans \u0130mparatorlu\u011fu\u2019nun ard\u0131ndan Osmanl\u0131, b\u00f6lgenin yeni mu\u0308essir kudreti olarak yu\u0308kselmi\u015f olsa da Balivet, Bizans ku\u0308ltu\u0308ru\u0308nu\u0308n tesirinin bir anda silinmedi\u011fini, bilakis Osmanl\u0131 medeniyetinin dokusuna nu\u0308fuz etti\u011fini ortaya koyuyor. Dilsel etkile\u015fimlerden felsef\u00ee kar\u015f\u0131la\u015fmalara, mistik temastan ku\u0308ltu\u0308rel senteze uzanan bu zengin temas a\u011f\u0131, Balivet\u2019nin \u00e7al\u0131\u015fmas\u0131nda medeniyetlerin birbirini d\u00f6nu\u0308\u015ftu\u0308rme bi\u00e7imlerine dair etkileyici bir perspektifle ele al\u0131nmaktad\u0131r. <\/p>\n","protected":false},"excerpt":{"rendered":"<p>Tu\u0308rk ve Bizans tarihine odaklanan akademisyenler, uzun y\u0131llar boyunca \u00f6zellikle dil bariyeri nedeniyle birbirlerinin ara\u015ft\u0131rmalar\u0131ndan ve birincil kaynaklardan yeterince yararlanamad\u0131lar. Ancak bu kaynaklar nihayet kar\u015f\u0131la\u015ft\u0131r\u0131ld\u0131\u011f\u0131nda, dinler<span class=\"excerpt-hellip\"> [\u2026]<\/span><\/p>\n","protected":false},"featured_media":0,"template":"","meta":{"_monsterinsights_skip_tracking":false,"_monsterinsights_sitenote_active":false,"_monsterinsights_sitenote_note":"","_monsterinsights_sitenote_category":0},"product_brand":[],"product_cat":[13517,12304],"product_tag":[],"class_list":{"0":"post-779743","1":"product","2":"type-product","3":"status-publish","5":"product_cat-osmanli-tarihi","6":"product_cat-tarih","7":"pa_cilt-ciltsiz","8":"pa_tur-kitap","9":"pa_yayinevi-turkuvaz-kitap","10":"pa_yazar-michel-balivet","12":"first","13":"instock","14":"sale","15":"shipping-taxable","16":"purchasable","17":"product-type-simple"},"_links":{"self":[{"href":"https:\/\/roveyayinevi.com.tr\/index.php\/wp-json\/wp\/v2\/product\/779743","targetHints":{"allow":["GET"]}}],"collection":[{"href":"https:\/\/roveyayinevi.com.tr\/index.php\/wp-json\/wp\/v2\/product"}],"about":[{"href":"https:\/\/roveyayinevi.com.tr\/index.php\/wp-json\/wp\/v2\/types\/product"}],"wp:attachment":[{"href":"https:\/\/roveyayinevi.com.tr\/index.php\/wp-json\/wp\/v2\/media?parent=779743"}],"wp:term":[{"taxonomy":"product_brand","embeddable":true,"href":"https:\/\/roveyayinevi.com.tr\/index.php\/wp-json\/wp\/v2\/product_brand?post=779743"},{"taxonomy":"product_cat","embeddable":true,"href":"https:\/\/roveyayinevi.com.tr\/index.php\/wp-json\/wp\/v2\/product_cat?post=779743"},{"taxonomy":"product_tag","embeddable":true,"href":"https:\/\/roveyayinevi.com.tr\/index.php\/wp-json\/wp\/v2\/product_tag?post=779743"}],"curies":[{"name":"wp","href":"https:\/\/api.w.org\/{rel}","templated":true}]}}