{"id":779676,"date":"2025-12-30T12:05:59","date_gmt":"2025-12-30T09:05:59","guid":{"rendered":"https:\/\/roveyayinevi.com.tr\/index.php\/urun\/biz-tegmeniz\/"},"modified":"2026-04-15T03:44:17","modified_gmt":"2026-04-15T00:44:17","slug":"biz-tegmeniz","status":"publish","type":"product","link":"https:\/\/roveyayinevi.com.tr\/index.php\/urun\/biz-tegmeniz\/","title":{"rendered":"Biz Te\u011fmeniz"},"content":{"rendered":"<p>TSK\u2019dan at\u0131lan te\u011fmenler ilk kez bu kitap i\u00e7in konu\u015ftu, neler ya\u015fad\u0131klar\u0131n\u0131 anlatt\u0131.   Tuzla Piyade Okulu\u2019nda iki te\u011fmen birbirlerinin bo\u011faz\u0131na ni\u00e7in sar\u0131ld\u0131, olay polise neden yans\u0131t\u0131ld\u0131? \u201cHubb-i fillah\u201d WhatsApp grubunu kim, hangi ama\u00e7la kurdu? Askeri okullarda tarikat yap\u0131lanmas\u0131 var m\u0131? Mahkeme kararlar\u0131 kimler i\u00e7in nas\u0131l sonu\u00e7land\u0131? At\u0131lma kararlar\u0131n\u0131 etkileyen gizli tart\u0131\u015fmalar, bask\u0131lar ve \u00e7eli\u015fkiler nelerdi? Kara Harp Okulu\u2019nda at\u0131lmalara Subay And\u0131 okunmas\u0131 m\u0131, k\u0131l\u0131\u00e7 \u00e7at\u0131lmas\u0131 m\u0131 gerek\u00e7e g\u00f6sterildi? Te\u011fmenler sorguda neler ya\u015fad\u0131, ni\u00e7in a\u011flayanlar oldu? Kara Kuvvetleri Y\u00fcksek Disiplin Kurulu hangi gerek\u00e7eleri \u201cay\u0131rma\u201d i\u00e7in yeterli buldu? \u00c7\u0131kar\u0131lan te\u011fmenler ve onlar hakk\u0131nda karar veren komutanlar ilk kez bu kitap i\u00e7in neler anlatt\u0131? Te\u011fmenler ordudan at\u0131ld\u0131ktan sonra neler ya\u015fad\u0131; kim \u015fimdi ne yap\u0131yor?   Emin \u00c7\u00f6la\u015fan\u2019\u0131n \u201cara\u015ft\u0131rmac\u0131 gazetecili\u011fin g\u00fcn\u00fcm\u00fczdeki \u00f6nderlerinden\u201d dedi\u011fi Sayg\u0131 \u00d6zt\u00fcrk, yine bilinen olaylardaki \u201cbilinmeyenlere\u201d ve y\u00fczeyde g\u00f6r\u00fcnenlerin \u201cderin ili\u015fkileri\u201dne \u0131\u015f\u0131k tutuyor. <\/p>\n","protected":false},"excerpt":{"rendered":"<p>TSK\u2019dan at\u0131lan te\u011fmenler ilk kez bu kitap i\u00e7in konu\u015ftu, neler ya\u015fad\u0131klar\u0131n\u0131 anlatt\u0131. Tuzla Piyade Okulu\u2019nda iki te\u011fmen birbirlerinin bo\u011faz\u0131na ni\u00e7in sar\u0131ld\u0131, olay polise neden yans\u0131t\u0131ld\u0131? \u201cHubb-i<span class=\"excerpt-hellip\"> [\u2026]<\/span><\/p>\n","protected":false},"featured_media":0,"template":"","meta":{"_monsterinsights_skip_tracking":false,"_monsterinsights_sitenote_active":false,"_monsterinsights_sitenote_note":"","_monsterinsights_sitenote_category":0},"product_brand":[],"product_cat":[12337],"product_tag":[],"class_list":{"0":"post-779676","1":"product","2":"type-product","3":"status-publish","5":"product_cat-politika-siyaset","6":"pa_cilt-ciltsiz","7":"pa_tur-kitap","8":"pa_yayinevi-dogan-kitap","9":"pa_yazar-saygi-ozturk","11":"first","12":"instock","13":"sale","14":"shipping-taxable","15":"purchasable","16":"product-type-simple"},"_links":{"self":[{"href":"https:\/\/roveyayinevi.com.tr\/index.php\/wp-json\/wp\/v2\/product\/779676","targetHints":{"allow":["GET"]}}],"collection":[{"href":"https:\/\/roveyayinevi.com.tr\/index.php\/wp-json\/wp\/v2\/product"}],"about":[{"href":"https:\/\/roveyayinevi.com.tr\/index.php\/wp-json\/wp\/v2\/types\/product"}],"wp:attachment":[{"href":"https:\/\/roveyayinevi.com.tr\/index.php\/wp-json\/wp\/v2\/media?parent=779676"}],"wp:term":[{"taxonomy":"product_brand","embeddable":true,"href":"https:\/\/roveyayinevi.com.tr\/index.php\/wp-json\/wp\/v2\/product_brand?post=779676"},{"taxonomy":"product_cat","embeddable":true,"href":"https:\/\/roveyayinevi.com.tr\/index.php\/wp-json\/wp\/v2\/product_cat?post=779676"},{"taxonomy":"product_tag","embeddable":true,"href":"https:\/\/roveyayinevi.com.tr\/index.php\/wp-json\/wp\/v2\/product_tag?post=779676"}],"curies":[{"name":"wp","href":"https:\/\/api.w.org\/{rel}","templated":true}]}}