{"id":779665,"date":"2025-12-30T12:05:24","date_gmt":"2025-12-30T09:05:24","guid":{"rendered":"https:\/\/roveyayinevi.com.tr\/index.php\/urun\/suriye-devrimi-the-syrian-revolution-kulakcikli\/"},"modified":"2026-04-15T03:44:16","modified_gmt":"2026-04-15T00:44:16","slug":"suriye-devrimi-the-syrian-revolution-kulakcikli","status":"publish","type":"product","link":"https:\/\/roveyayinevi.com.tr\/index.php\/urun\/suriye-devrimi-the-syrian-revolution-kulakcikli\/","title":{"rendered":"Suriye Devrimi &#8211; The Syr\u0131an Revolut\u0131on (Kulak\u00e7\u0131kl\u0131)"},"content":{"rendered":"<p>Esed rejiminin muhalefeti g\u00fc\u00e7 kullanarak bast\u0131rma yolunu se\u00e7mesi, Suriye\u2019yi 13 y\u0131l devam edecek bir s\u0327iddet sarmal\u0131na s\u00fcr\u00fckledi. B\u00f6lgesel ve k\u00fcresel g\u00fc\u00e7 odaklar\u0131n\u0131n da denkleme d\u00e2hil olmas\u0131yla Suriye, gerek toplumsal yap\u0131 gerekse devlet is\u0327leyis\u0327i bak\u0131m\u0131n- dan \u00e7\u00f6k\u00fcs\u0327\u00fcn es\u0327ig\u0306ine geldi. Rejimin kendi halk\u0131n\u0131 hedef almas\u0131yla bas\u0327layan i\u00e7 savas\u0327ta y\u00fcz binlerce kis\u0327i hayat\u0131n\u0131 kaybetti, 2 milyona yak\u0131n kis\u0327i de yaraland\u0131. Savas\u0327\u0131n Suriye\u2019nin geleceg\u0306ini de etkileyecek en vahim sonu\u00e7lar\u0131ndan biri olarak, 13 milyondan fazla Suriyeli ya bas\u0327ka \u00fclkelere s\u0131g\u0306\u0131nmak zorunda kald\u0131 ya da \u00fclke i\u00e7inde yerinden edildi. Suriye Devrimi: Baas Esaretinden \u00d6zg\u00fcrl\u00fcg\u0306e, siyasi \u00e7\u00f6z\u00fcm \u00e7ag\u0306r\u0131lar\u0131na \u0131srarla kars\u0327\u0131 \u00e7\u0131kan, elindeki b\u00fct\u00fcn asker\u00ee imk\u00e2nlarla kendi halk\u0131n\u0131 hedef almaya devam eden Esed rejimini \u00e7\u00f6k\u00fcs\u0327e g\u00f6t\u00fcren s\u00fcrecin kritik as\u0327amalar\u0131n\u0131 ve g\u00fcn g\u00fcn hangi gelis\u0327melerin yas\u0327an- d\u0131g\u0306\u0131n\u0131 unutulmaz fotog\u0306raflarla sergiliyor. Takip eden b\u00f6l\u00fcmler ise toplu mezarlar, is\u0327kence merkezleri, tehcirler ve ilk elden tan\u0131kl\u0131klarla bu zaferin arkas\u0131ndaki 61 y\u0131ll\u0131k bask\u0131 rejimini, Baas diktat\u00f6rl\u00fcg\u0306\u00fcn\u00fcn \u00fczerine ins\u0327a edildig\u0306i temelleri tarihe not d\u00fcs\u0327mek ve adalet aray\u0131s\u0327lar\u0131na k\u0131lavuzluk etmek amac\u0131yla kayda ge\u00e7iriyor. The Assad regime\u2019s decision to suppress dissent through brute force dragged Syria into a spiral of violence that would last 13 years. As regional and global powers became entangled in the conflict, Syria was brought to the brink of collapse \u2014both in terms of its societal fabric and state institutions. The regime\u2019s war against its own people sparked a civil war that claimed the lives of hundreds of thousands and left nearly 2 million wounded. Perhaps the most devastating consequence of the war, with long-term implications for Syria\u2019s future, was the displacement of over 13 million people \u2014either as refugees abroad or as internally displaced within the country. The Syrian Revolution: From Ba\u2019ath Oppression to Freedom chronicles, through powerful and unforgettable photographs, the key turning points of the process that led to the collapse of the Assad regime \u2014a regime that consistently rejected calls for a political solution and continued to target its own people with all the military force at its disposal. The following chapters document the dark legacy of the 61-year Ba&#8217;athist dictatorship: mass graves, torture centers, forced displacements, and firsthand testimonies. These accounts aim not only to record history but to serve as a guide for those pursuing justice and truth in the wake of tyranny. <\/p>\n","protected":false},"excerpt":{"rendered":"<p>Esed rejiminin muhalefeti g\u00fc\u00e7 kullanarak bast\u0131rma yolunu se\u00e7mesi, Suriye\u2019yi 13 y\u0131l devam edecek bir s\u0327iddet sarmal\u0131na s\u00fcr\u00fckledi. B\u00f6lgesel ve k\u00fcresel g\u00fc\u00e7 odaklar\u0131n\u0131n da denkleme d\u00e2hil olmas\u0131yla<span class=\"excerpt-hellip\"> [\u2026]<\/span><\/p>\n","protected":false},"featured_media":0,"template":"","meta":{"_monsterinsights_skip_tracking":false,"_monsterinsights_sitenote_active":false,"_monsterinsights_sitenote_note":"","_monsterinsights_sitenote_category":0},"product_brand":[],"product_cat":[12305,12304],"product_tag":[],"class_list":{"0":"post-779665","1":"product","2":"type-product","3":"status-publish","5":"product_cat-dunya-tarihi","6":"product_cat-tarih","7":"pa_cilt-ciltsiz","8":"pa_tur-kitap","9":"pa_yayinevi-anadolu-ajansi-yayinevi","10":"pa_yazar-kolektif","12":"first","13":"instock","14":"sale","15":"shipping-taxable","16":"purchasable","17":"product-type-simple"},"_links":{"self":[{"href":"https:\/\/roveyayinevi.com.tr\/index.php\/wp-json\/wp\/v2\/product\/779665","targetHints":{"allow":["GET"]}}],"collection":[{"href":"https:\/\/roveyayinevi.com.tr\/index.php\/wp-json\/wp\/v2\/product"}],"about":[{"href":"https:\/\/roveyayinevi.com.tr\/index.php\/wp-json\/wp\/v2\/types\/product"}],"wp:attachment":[{"href":"https:\/\/roveyayinevi.com.tr\/index.php\/wp-json\/wp\/v2\/media?parent=779665"}],"wp:term":[{"taxonomy":"product_brand","embeddable":true,"href":"https:\/\/roveyayinevi.com.tr\/index.php\/wp-json\/wp\/v2\/product_brand?post=779665"},{"taxonomy":"product_cat","embeddable":true,"href":"https:\/\/roveyayinevi.com.tr\/index.php\/wp-json\/wp\/v2\/product_cat?post=779665"},{"taxonomy":"product_tag","embeddable":true,"href":"https:\/\/roveyayinevi.com.tr\/index.php\/wp-json\/wp\/v2\/product_tag?post=779665"}],"curies":[{"name":"wp","href":"https:\/\/api.w.org\/{rel}","templated":true}]}}