{"id":779477,"date":"2025-12-30T11:56:10","date_gmt":"2025-12-30T08:56:10","guid":{"rendered":"https:\/\/roveyayinevi.com.tr\/index.php\/urun\/filistin-cephesinde-bir-turk-askeri\/"},"modified":"2026-04-15T03:44:11","modified_gmt":"2026-04-15T00:44:11","slug":"filistin-cephesinde-bir-turk-askeri","status":"publish","type":"product","link":"https:\/\/roveyayinevi.com.tr\/index.php\/urun\/filistin-cephesinde-bir-turk-askeri\/","title":{"rendered":"Filistin Cephesinde Bir T\u00fcrk Askeri"},"content":{"rendered":"<p>B\u0130R\u0130NC\u0130 D\u00dcNYA SAVA\u015eI\u2019NIN UNUTULMU\u015e CEPHELER\u0130NDEN B\u0130R\u0130 Filistin Cephesi   Sadece s\u0131cak kumlar, \u00e7\u00f6l f\u0131rt\u0131nalar\u0131 ve susuzlukla de\u011fil, \u00e7\u00f6z\u00fclmekte olan bir imparatorlu\u011fun son nefesiyle yo\u011frulmu\u015f bir sava\u015f alan\u0131&#8230;   Top\u00e7u \u0130htiyat Z\u00e2biti \u015eemsettin Efendi, hen\u00fcz yirmili ya\u015flar\u0131n\u0131n ba\u015f\u0131nda, Dar\u00fclf\u00fcnun Hukuk Mektebi \u00f6\u011frencisiyken g\u00f6n\u00fcll\u00fc olarak orduya yaz\u0131ld\u0131. Varl\u0131kl\u0131 bir aileden gelen bu gen\u00e7 subay, teredd\u00fct etmeden cepheye gitti ve ard\u0131ndan alt\u0131 y\u0131l s\u00fcrecek sava\u015f ve esaret hayat\u0131na ad\u0131m att\u0131.   \u201cFilistin Cephesinde Bir T\u00fcrk Askeri\u201d, \u015eemsettin Efendi\u2019nin 1914-1920 y\u0131llar\u0131 aras\u0131nda tuttu\u011fu hat\u0131rat\u0131n bug\u00fcne ula\u015fan sars\u0131c\u0131 bir tan\u0131kl\u0131\u011f\u0131d\u0131r.   Beyrut\u2019tan \u015eam\u2019a, Kud\u00fcs\u2019ten Eriha\u2019dan Rabo Bo\u011faz\u0131\u2019na uzanan bu hat\u0131ratta; Osmanl\u0131 ordusunun \u00e7\u00f6l ko\u015fullar\u0131nda verdi\u011fi insan\u00fcst\u00fc m\u00fccadele, Arap isyanlar\u0131n\u0131n yaratt\u0131\u011f\u0131 k\u0131r\u0131lmalar, \u0130ngiliz hava sald\u0131r\u0131lar\u0131 ve esir kamplar\u0131ndaki hayat, bir subay\u0131n kaleminden b\u00fct\u00fcn \u00e7\u0131plakl\u0131\u011f\u0131yla anlat\u0131l\u0131yor.       \u015eemsettin Efendi, sadece bir asker de\u011fil, vatan\u0131na derin ba\u011fl\u0131l\u0131kla hizmet eden bir ayd\u0131n ve iyi bir g\u00f6zlemcidir; sava\u015f\u0131n \u015fiddeti kadar, insan onurunun direncini de kayda ge\u00e7irmi\u015ftir. G\u00fcnl\u00fck tarz\u0131nda kaleme al\u0131nan sat\u0131rlarda, Cemal ve Enver Pa\u015falar\u0131n cephe tefti\u015flerinden Arap isyan\u0131n\u0131n yank\u0131lar\u0131na, \u0130ngiliz esir kamplar\u0131ndaki zorlu hayattan M\u0131s\u0131r\u2019daki M\u00fcsl\u00fcman halk\u0131n Osmanl\u0131 askerlerine bak\u0131\u015f\u0131na kadar geni\u015f bir panorama \u00e7iziliyor.   Eseri yay\u0131na haz\u0131rlayan Prof. Dr. Ali Fuat \u00d6ren\u00e7, bu de\u011ferli metni tarihsel ba\u011flam\u0131na yerle\u015ftirerek hem Suriye ve Filistin cephelerinin asker\u00ee ve siyasi arka plan\u0131n\u0131 ayd\u0131nlat\u0131yor hem de unutulmu\u015f bir T\u00fcrk subay\u0131n\u0131n sesini g\u00fcn\u00fcm\u00fcze kazand\u0131r\u0131yor.   \u201cFilistin Cephesinde Bir T\u00fcrk Askeri\u201d, sadece bir hat\u0131rat de\u011fil; \u00e7\u00f6l\u00fcn ortas\u0131nda bile t\u00fckenmeyen bir inanc\u0131n, g\u00f6rev bilincinin ve insanl\u0131k onurunun hik\u00e2yesidir.<\/p>\n","protected":false},"excerpt":{"rendered":"<p>B\u0130R\u0130NC\u0130 D\u00dcNYA SAVA\u015eI\u2019NIN UNUTULMU\u015e CEPHELER\u0130NDEN B\u0130R\u0130 Filistin Cephesi Sadece s\u0131cak kumlar, \u00e7\u00f6l f\u0131rt\u0131nalar\u0131 ve susuzlukla de\u011fil, \u00e7\u00f6z\u00fclmekte olan bir imparatorlu\u011fun son nefesiyle yo\u011frulmu\u015f bir sava\u015f alan\u0131&#8230;<span class=\"excerpt-hellip\"> [\u2026]<\/span><\/p>\n","protected":false},"featured_media":0,"template":"","meta":{"_monsterinsights_skip_tracking":false,"_monsterinsights_sitenote_active":false,"_monsterinsights_sitenote_note":"","_monsterinsights_sitenote_category":0},"product_brand":[],"product_cat":[12312,12304],"product_tag":[],"class_list":{"0":"post-779477","1":"product","2":"type-product","3":"status-publish","5":"product_cat-diger","6":"product_cat-tarih","7":"pa_cilt-ciltsiz","8":"pa_tur-kitap","9":"pa_yayinevi-kronik-kitap","10":"pa_yazar-semsettin-ergun","12":"first","13":"instock","14":"sale","15":"shipping-taxable","16":"purchasable","17":"product-type-simple"},"_links":{"self":[{"href":"https:\/\/roveyayinevi.com.tr\/index.php\/wp-json\/wp\/v2\/product\/779477","targetHints":{"allow":["GET"]}}],"collection":[{"href":"https:\/\/roveyayinevi.com.tr\/index.php\/wp-json\/wp\/v2\/product"}],"about":[{"href":"https:\/\/roveyayinevi.com.tr\/index.php\/wp-json\/wp\/v2\/types\/product"}],"wp:attachment":[{"href":"https:\/\/roveyayinevi.com.tr\/index.php\/wp-json\/wp\/v2\/media?parent=779477"}],"wp:term":[{"taxonomy":"product_brand","embeddable":true,"href":"https:\/\/roveyayinevi.com.tr\/index.php\/wp-json\/wp\/v2\/product_brand?post=779477"},{"taxonomy":"product_cat","embeddable":true,"href":"https:\/\/roveyayinevi.com.tr\/index.php\/wp-json\/wp\/v2\/product_cat?post=779477"},{"taxonomy":"product_tag","embeddable":true,"href":"https:\/\/roveyayinevi.com.tr\/index.php\/wp-json\/wp\/v2\/product_tag?post=779477"}],"curies":[{"name":"wp","href":"https:\/\/api.w.org\/{rel}","templated":true}]}}