{"id":779395,"date":"2025-12-30T11:51:44","date_gmt":"2025-12-30T08:51:44","guid":{"rendered":"https:\/\/roveyayinevi.com.tr\/index.php\/urun\/cokusten-once-umutlar-ve-kaygilar\/"},"modified":"2026-04-15T03:43:48","modified_gmt":"2026-04-15T00:43:48","slug":"cokusten-once-umutlar-ve-kaygilar","status":"publish","type":"product","link":"https:\/\/roveyayinevi.com.tr\/index.php\/urun\/cokusten-once-umutlar-ve-kaygilar\/","title":{"rendered":"\u00c7\u00f6k\u00fc\u015ften \u00d6nce Umutlar Ve Kayg\u0131lar"},"content":{"rendered":"<p>\u00c7eyrek y\u00fczy\u0131l\u0131 bulan iktidar\u0131n ard\u0131ndan gelinen yer laiklik ve demokrasinin t\u00fcm\u00fcyle ortadan kald\u0131r\u0131ld\u0131\u011f\u0131, halk\u0131n b\u00fcy\u00fck \u00e7o\u011funlu\u011funun a\u00e7l\u0131k ve sefalete s\u00fcr\u00fcklendi\u011fi, ancak toplumun en gerici unsurlar\u0131n\u0131n, tarikatlar\u0131n, cemaatlerin, \u00e7etelerin ve emperyalist g\u00fc\u00e7lerin deste\u011fiyle ayakta durabilen, y\u0131k\u0131lmaya mahkum bir d\u00fczenden ba\u015fka bir \u015fey de\u011fil.    T\u00fcrkiye \u015fimdi siyasal \u0130slamc\u0131 rejimin \u00e7\u00f6k\u00fc\u015f\u00fcnden \u00f6nce, umutlar ve kayg\u0131larla birlikte daha \u00f6zg\u00fcr, daha ayd\u0131nl\u0131k, ger\u00e7ekten yeni bir d\u00fczen aray\u0131\u015f\u0131n\u0131n sanc\u0131lar\u0131 i\u00e7inde. <\/p>\n","protected":false},"excerpt":{"rendered":"<p>\u00c7eyrek y\u00fczy\u0131l\u0131 bulan iktidar\u0131n ard\u0131ndan gelinen yer laiklik ve demokrasinin t\u00fcm\u00fcyle ortadan kald\u0131r\u0131ld\u0131\u011f\u0131, halk\u0131n b\u00fcy\u00fck \u00e7o\u011funlu\u011funun a\u00e7l\u0131k ve sefalete s\u00fcr\u00fcklendi\u011fi, ancak toplumun en gerici unsurlar\u0131n\u0131n, tarikatlar\u0131n,<span class=\"excerpt-hellip\"> [\u2026]<\/span><\/p>\n","protected":false},"featured_media":0,"template":"","meta":{"_monsterinsights_skip_tracking":false,"_monsterinsights_sitenote_active":false,"_monsterinsights_sitenote_note":"","_monsterinsights_sitenote_category":0},"product_brand":[],"product_cat":[12337],"product_tag":[],"class_list":{"0":"post-779395","1":"product","2":"type-product","3":"status-publish","5":"product_cat-politika-siyaset","6":"pa_cilt-ciltsiz","7":"pa_tur-kitap","8":"pa_yayinevi-sol-kultur","9":"pa_yazar-kolektif","11":"first","12":"instock","13":"sale","14":"shipping-taxable","15":"purchasable","16":"product-type-simple"},"_links":{"self":[{"href":"https:\/\/roveyayinevi.com.tr\/index.php\/wp-json\/wp\/v2\/product\/779395","targetHints":{"allow":["GET"]}}],"collection":[{"href":"https:\/\/roveyayinevi.com.tr\/index.php\/wp-json\/wp\/v2\/product"}],"about":[{"href":"https:\/\/roveyayinevi.com.tr\/index.php\/wp-json\/wp\/v2\/types\/product"}],"wp:attachment":[{"href":"https:\/\/roveyayinevi.com.tr\/index.php\/wp-json\/wp\/v2\/media?parent=779395"}],"wp:term":[{"taxonomy":"product_brand","embeddable":true,"href":"https:\/\/roveyayinevi.com.tr\/index.php\/wp-json\/wp\/v2\/product_brand?post=779395"},{"taxonomy":"product_cat","embeddable":true,"href":"https:\/\/roveyayinevi.com.tr\/index.php\/wp-json\/wp\/v2\/product_cat?post=779395"},{"taxonomy":"product_tag","embeddable":true,"href":"https:\/\/roveyayinevi.com.tr\/index.php\/wp-json\/wp\/v2\/product_tag?post=779395"}],"curies":[{"name":"wp","href":"https:\/\/api.w.org\/{rel}","templated":true}]}}