{"id":779350,"date":"2025-12-30T11:48:59","date_gmt":"2025-12-30T08:48:59","guid":{"rendered":"https:\/\/roveyayinevi.com.tr\/index.php\/urun\/saglik-sigortaciligi\/"},"modified":"2026-04-15T03:43:06","modified_gmt":"2026-04-15T00:43:06","slug":"saglik-sigortaciligi","status":"publish","type":"product","link":"https:\/\/roveyayinevi.com.tr\/index.php\/urun\/saglik-sigortaciligi\/","title":{"rendered":"Sa\u011fl\u0131k Sigortac\u0131l\u0131\u011f\u0131"},"content":{"rendered":"<p>Bu kitapta \u00f6ncelikle sigortac\u0131l\u0131k ve sa\u011fl\u0131k sigortac\u0131l\u0131\u011f\u0131n\u0131n \u00fcst kavram\u0131 olmas\u0131 nedeniyle sosyal g\u00fcvenlik kavram\u0131 ayr\u0131nt\u0131l\u0131 olarak incelenmi\u015ftir. Ard\u0131ndan sigortac\u0131l\u0131k ve sa\u011fl\u0131k sigortac\u0131l\u0131\u011f\u0131 ve sa\u011fl\u0131k sigortac\u0131l\u0131\u011f\u0131n\u0131n tarihsel geli\u015fimi ele al\u0131nm\u0131\u015ft\u0131r. \u00d6zellikle sa\u011fl\u0131k sigortac\u0131l\u0131\u011f\u0131n\u0131n geli\u015fmesinde en \u00f6nemli fakt\u00f6r konumunda olmas\u0131 nedeniyle piyasa ba\u015far\u0131s\u0131zl\u0131klar\u0131 kavramsal a\u00e7\u0131dan a\u00e7\u0131klanm\u0131\u015f ve sa\u011fl\u0131k sekt\u00f6r\u00fcnde piyasa ba\u015far\u0131s\u0131zl\u0131klar\u0131n\u0131n t\u00fcrleri, nedenleri ve sa\u011fl\u0131k sigortac\u0131l\u0131\u011f\u0131 ile ili\u015fkisi anlat\u0131lm\u0131\u015ft\u0131r. Sigortac\u0131l\u0131k ve sa\u011fl\u0131k sigortac\u0131l\u0131\u011f\u0131nda d\u00fczenleme, \u00f6deme ve denetleme rol\u00fcn\u00fcn bulunmas\u0131 nedeniyle \u201cSosyal G\u00fcvenlik Kurumu\u201dnun g\u00fcncel yap\u0131lanmas\u0131 ve sa\u011fl\u0131k sigortac\u0131l\u0131\u011f\u0131 \u00f6zelindeki rol\u00fc ayr\u0131 bir ba\u015fl\u0131k alt\u0131nda incelenmi\u015ftir. Kitapta, uzun s\u00fcre tart\u0131\u015f\u0131lan ve uygulanmas\u0131 ertelemeler sonucunda Kanun&#8217;un \u00e7\u0131k\u0131\u015f tarihinden itibaren belirli bir s\u00fcreyi bulan genel sa\u011fl\u0131k sigortas\u0131 son mevzuat h\u00fck\u00fcmleri do\u011frultusunda ele al\u0131nm\u0131\u015ft\u0131r. Ayr\u0131ca gittik\u00e7e kapsam\u0131 ve \u00fcye say\u0131s\u0131 artan \u00f6zel sa\u011fl\u0131k sigortac\u0131l\u0131\u011f\u0131 ve tamamlay\u0131c\u0131 sa\u011fl\u0131k sigortac\u0131l\u0131\u011f\u0131 ayr\u0131 ba\u015fl\u0131klarda incelenmi\u015ftir. Sa\u011fl\u0131k sigortac\u0131l\u0131\u011f\u0131 ve sa\u011fl\u0131kla ilgili olmalar\u0131 nedeniyle bu kitapta k\u0131sa vadeli sigorta kollar\u0131 olan i\u015f kazas\u0131 ve meslek hastal\u0131\u011f\u0131 sigortas\u0131, anal\u0131k ve hastal\u0131k sigortas\u0131; uzun vadeli sigorta kollar\u0131 olan malull\u00fck, ya\u015fl\u0131l\u0131k ve \u00f6l\u00fcm sigortalar\u0131 ayr\u0131 ba\u015fl\u0131k ve g\u00fcncel mevzuat d\u00e2hilinde ele al\u0131nm\u0131\u015ft\u0131r. Kitab\u0131n son iki b\u00f6l\u00fcm\u00fcnde \u00f6zel olarak desteklenmesi gereken grup niteli\u011findeki \u00e7ocuk, kad\u0131n, engelli, ya\u015fl\u0131 ve ailelere y\u00f6nelik sosyal yard\u0131m ve sosyal hizmetler, T\u00fcrkiye&#8217;deki son durumu da kapsayacak \u015fekilde a\u00e7\u0131klanm\u0131\u015ft\u0131r.<\/p>\n","protected":false},"excerpt":{"rendered":"<p>Bu kitapta \u00f6ncelikle sigortac\u0131l\u0131k ve sa\u011fl\u0131k sigortac\u0131l\u0131\u011f\u0131n\u0131n \u00fcst kavram\u0131 olmas\u0131 nedeniyle sosyal g\u00fcvenlik kavram\u0131 ayr\u0131nt\u0131l\u0131 olarak incelenmi\u015ftir. Ard\u0131ndan sigortac\u0131l\u0131k ve sa\u011fl\u0131k sigortac\u0131l\u0131\u011f\u0131 ve sa\u011fl\u0131k sigortac\u0131l\u0131\u011f\u0131n\u0131n tarihsel<span class=\"excerpt-hellip\"> [\u2026]<\/span><\/p>\n","protected":false},"featured_media":0,"template":"","meta":{"_monsterinsights_skip_tracking":false,"_monsterinsights_sitenote_active":false,"_monsterinsights_sitenote_note":"","_monsterinsights_sitenote_category":0},"product_brand":[],"product_cat":[13365],"product_tag":[],"class_list":{"0":"post-779350","1":"product","2":"type-product","3":"status-publish","5":"product_cat-saglik","6":"pa_cilt-ciltsiz","7":"pa_tur-kitap","8":"pa_yayinevi-nobel-akademik-yayincilik","9":"pa_yazar-kolektif","11":"first","12":"instock","13":"sale","14":"shipping-taxable","15":"purchasable","16":"product-type-simple"},"_links":{"self":[{"href":"https:\/\/roveyayinevi.com.tr\/index.php\/wp-json\/wp\/v2\/product\/779350","targetHints":{"allow":["GET"]}}],"collection":[{"href":"https:\/\/roveyayinevi.com.tr\/index.php\/wp-json\/wp\/v2\/product"}],"about":[{"href":"https:\/\/roveyayinevi.com.tr\/index.php\/wp-json\/wp\/v2\/types\/product"}],"wp:attachment":[{"href":"https:\/\/roveyayinevi.com.tr\/index.php\/wp-json\/wp\/v2\/media?parent=779350"}],"wp:term":[{"taxonomy":"product_brand","embeddable":true,"href":"https:\/\/roveyayinevi.com.tr\/index.php\/wp-json\/wp\/v2\/product_brand?post=779350"},{"taxonomy":"product_cat","embeddable":true,"href":"https:\/\/roveyayinevi.com.tr\/index.php\/wp-json\/wp\/v2\/product_cat?post=779350"},{"taxonomy":"product_tag","embeddable":true,"href":"https:\/\/roveyayinevi.com.tr\/index.php\/wp-json\/wp\/v2\/product_tag?post=779350"}],"curies":[{"name":"wp","href":"https:\/\/api.w.org\/{rel}","templated":true}]}}